{"id":7276,"date":"2019-10-28T22:16:13","date_gmt":"2019-10-28T22:16:13","guid":{"rendered":"https:\/\/www.defensoria.gob.ec\/?post_type=project&#038;p=7276"},"modified":"2019-10-29T12:41:32","modified_gmt":"2019-10-29T12:41:32","slug":"primera-asociacion-de-defensores-publicos-se-constituyo-en-ecuador","status":"publish","type":"project","link":"https:\/\/www.defensoria.gob.ec\/?project=primera-asociacion-de-defensores-publicos-se-constituyo-en-ecuador","title":{"rendered":"Primera Asociaci\u00f3n de Defensores P\u00fablicos se constituy\u00f3 en Ecuador"},"content":{"rendered":"<p>[et_pb_section fb_built=\u00bb1&#8243; _builder_version=\u00bb3.28&#8243; fb_built=\u00bb1&#8243; _i=\u00bb0&#8243; _address=\u00bb0&#8243;][et_pb_row _builder_version=\u00bb3.28&#8243; _i=\u00bb0&#8243; _address=\u00bb0.0&#8243;][et_pb_column type=\u00bb4_4&#8243; _builder_version=\u00bb3.28&#8243; _i=\u00bb0&#8243; _address=\u00bb0.0.0&#8243;][et_pb_post_title meta=\u00bboff\u00bb featured_image=\u00bboff\u00bb _builder_version=\u00bb3.28&#8243; _i=\u00bb0&#8243; _address=\u00bb0.0.0.0&#8243;][\/et_pb_post_title][et_pb_text _builder_version=\u00bb3.28&#8243; _i=\u00bb1&#8243; _address=\u00bb0.0.0.1&#8243;]<\/p>\n<p class=\"s3\" style=\"text-align: justify;\"><span>El\u00a0<span class=\"Object\" role=\"link\" id=\"OBJ_PREFIX_DWT1032_com_zimbra_date\">s\u00e1<\/span>bado\u00a0<span class=\"Object\" role=\"link\" id=\"OBJ_PREFIX_DWT1026_com_zimbra_date\"><span class=\"Object\" role=\"link\" id=\"OBJ_PREFIX_DWT1033_com_zimbra_date\">26 de octubre<\/span><\/span>\u00a0de 2019 se conform\u00f3\u00a0la primera Asociaci\u00f3n\u00a0de Defensores P\u00fablicos del Ecuador.<\/span><\/p>\n<p class=\"s3\" style=\"text-align: justify;\"><span>La Asamblea General, que se reuni\u00f3 en Riobamba, eligi\u00f3 la directiva que integran los defensores p\u00fablicos: Sergio Sinche, presidente;\u00a0Marco \u00a0Sisa,\u00a0vicepresidente; y\u00a0Eddy Benavides,\u00a0s\u00edndico.<\/span><\/p>\n<p class=\"s3\" style=\"text-align: justify;\"><span>El directorio\u00a0provisional\u00a0estar\u00e1 en funciones por seis meses, mientras\u00a0se aprueban los estatutos correspondientes,\u00a0luego de lo\u00a0cual se designar\u00e1n\u00a0a los directivos\u00a0definitivos,\u00a0por un per\u00edodo de\u00a0dos\u00a0a\u00f1os.<\/span><\/p>\n<p class=\"s3\" style=\"text-align: justify;\"><span>El\u00a0objetivo\u00a0principal\u00a0de la flamante organizaci\u00f3<a name=\"_GoBack\"><\/a>n\u00a0es\u00a0fortalecer a la Instituci\u00f3n,lograr la homologaci\u00f3n, generar espacios de capacitaci\u00f3n y mantener representatividad en la regi\u00f3n.\u00a0<\/span><\/p>\n<p>[\/et_pb_text][et_pb_gallery _builder_version=\u00bb3.28&#8243; gallery_ids=\u00bb7289&#8243; hover_enabled=\u00bb0&#8243;][\/et_pb_gallery][et_pb_gallery gallery_ids=\u00bb7277&#8243; _builder_version=\u00bb3.28&#8243; _i=\u00bb2&#8243; _address=\u00bb0.0.0.2&#8243;][\/et_pb_gallery][\/et_pb_column][\/et_pb_row][\/et_pb_section]<\/p>\n","protected":false},"excerpt":{"rendered":"<p>El\u00a0s\u00e1bado\u00a026 de octubre\u00a0de 2019 se conform\u00f3\u00a0la primera Asociaci\u00f3n\u00a0de Defensores P\u00fablicos del Ecuador. La Asamblea General, que se reuni\u00f3 en Riobamba, eligi\u00f3 la directiva que integran los defensores p\u00fablicos: Sergio Sinche, [&hellip;]<\/p>\n","protected":false},"author":1,"featured_media":7289,"comment_status":"open","ping_status":"closed","template":"","meta":{"_et_pb_use_builder":"on","_et_pb_old_content":"","_et_gb_content_width":"","footnotes":""},"project_category":[5],"project_tag":[],"class_list":["post-7276","project","type-project","status-publish","has-post-thumbnail","hentry","project_category-noticias"],"_links":{"self":[{"href":"https:\/\/www.defensoria.gob.ec\/index.php?rest_route=\/wp\/v2\/project\/7276","targetHints":{"allow":["GET"]}}],"collection":[{"href":"https:\/\/www.defensoria.gob.ec\/index.php?rest_route=\/wp\/v2\/project"}],"about":[{"href":"https:\/\/www.defensoria.gob.ec\/index.php?rest_route=\/wp\/v2\/types\/project"}],"author":[{"embeddable":true,"href":"https:\/\/www.defensoria.gob.ec\/index.php?rest_route=\/wp\/v2\/users\/1"}],"replies":[{"embeddable":true,"href":"https:\/\/www.defensoria.gob.ec\/index.php?rest_route=%2Fwp%2Fv2%2Fcomments&post=7276"}],"version-history":[{"count":0,"href":"https:\/\/www.defensoria.gob.ec\/index.php?rest_route=\/wp\/v2\/project\/7276\/revisions"}],"wp:featuredmedia":[{"embeddable":true,"href":"https:\/\/www.defensoria.gob.ec\/index.php?rest_route=\/wp\/v2\/media\/7289"}],"wp:attachment":[{"href":"https:\/\/www.defensoria.gob.ec\/index.php?rest_route=%2Fwp%2Fv2%2Fmedia&parent=7276"}],"wp:term":[{"taxonomy":"project_category","embeddable":true,"href":"https:\/\/www.defensoria.gob.ec\/index.php?rest_route=%2Fwp%2Fv2%2Fproject_category&post=7276"},{"taxonomy":"project_tag","embeddable":true,"href":"https:\/\/www.defensoria.gob.ec\/index.php?rest_route=%2Fwp%2Fv2%2Fproject_tag&post=7276"}],"curies":[{"name":"wp","href":"https:\/\/api.w.org\/{rel}","templated":true}]}}