{"id":7245,"date":"2019-10-25T20:27:46","date_gmt":"2019-10-25T20:27:46","guid":{"rendered":"https:\/\/www.defensoria.gob.ec\/?post_type=project&#038;p=7245"},"modified":"2019-10-25T20:27:46","modified_gmt":"2019-10-25T20:27:46","slug":"el-defensor-publico-general-e-resalta-labor-del-servidor-judicial","status":"publish","type":"project","link":"https:\/\/www.defensoria.gob.ec\/?project=el-defensor-publico-general-e-resalta-labor-del-servidor-judicial","title":{"rendered":"El Defensor P\u00fablico General (e) resalta labor del servidor judicial"},"content":{"rendered":"<p>[et_pb_section fb_built=\u00bb1&#8243; _builder_version=\u00bb3.28&#8243;][et_pb_row _builder_version=\u00bb3.28&#8243;][et_pb_column _builder_version=\u00bb3.28&#8243; type=\u00bb4_4&#8243;][et_pb_post_title _builder_version=\u00bb3.28&#8243; meta=\u00bboff\u00bb featured_image=\u00bboff\u00bb hover_enabled=\u00bb0&#8243;][\/et_pb_post_title][et_pb_text _builder_version=\u00bb3.28&#8243; hover_enabled=\u00bb0&#8243;]<\/p>\n<p style=\"text-align: justify;\">El Defensor P\u00fablico General (e), Dr. \u00c1ngel Torres Machuca, felicit\u00f3 a los funcionarios del sector justicia, en la sesi\u00f3n solemne por el D\u00eda del Servidor Judicial, el 24 de octubre de 2019.<\/p>\n<p style=\"text-align: justify;\">Durante su intervenci\u00f3n, calific\u00f3 a esta fecha trascendental para resaltar la labor del servidor judicial, quien orienta sus servicios hacia lograr la convivencia pac\u00edfica de los ciudadanos, \u201cen una sociedad m\u00e1s justa, equitativa y solidaria\u201d.<\/p>\n<p style=\"text-align: justify;\">Ante los asistentes, se\u00f1al\u00f3 que el servidor judicial debe ser un profesional con elevados est\u00e1ndares de calidad, con principios de transparencia y probidad, \u201cque mantenga el reto de actuar a favor del m\u00e1s necesitado\u201d.<\/p>\n<p style=\"text-align: justify;\">En el evento, el Consejo de la Judicatura reconoci\u00f3 a los funcionarios que se acogieron a la jubilaci\u00f3n y entreg\u00f3 certificados a los servidores judiciales que cumplieron 15, 20 y 25 a\u00f1os de carrera.<\/p>\n<p style=\"text-align: justify;\">El D\u00eda del Servidor Judicial se celebra cada 24 de octubre, como un homenaje a la fecha en la que entr\u00f3 en vigencia la Carta de las Naciones Unidas, que determin\u00f3 la creaci\u00f3n y funcionamiento del Estatuto de la Corte Internacional de Justicia.<\/p>\n<p>[\/et_pb_text][et_pb_gallery _builder_version=\u00bb3.28&#8243; gallery_ids=\u00bb7247,7246&#8243; hover_enabled=\u00bb0&#8243;][\/et_pb_gallery][\/et_pb_column][\/et_pb_row][\/et_pb_section]<\/p>\n","protected":false},"excerpt":{"rendered":"<p>El Defensor P\u00fablico General (e), Dr. \u00c1ngel Torres Machuca, felicit\u00f3 a los funcionarios del sector justicia, en la sesi\u00f3n solemne por el D\u00eda del Servidor Judicial, el 24 de octubre [&hellip;]<\/p>\n","protected":false},"author":1,"featured_media":7247,"comment_status":"open","ping_status":"closed","template":"","meta":{"_et_pb_use_builder":"on","_et_pb_old_content":"","_et_gb_content_width":"","footnotes":""},"project_category":[5],"project_tag":[],"class_list":["post-7245","project","type-project","status-publish","has-post-thumbnail","hentry","project_category-noticias"],"_links":{"self":[{"href":"https:\/\/www.defensoria.gob.ec\/index.php?rest_route=\/wp\/v2\/project\/7245","targetHints":{"allow":["GET"]}}],"collection":[{"href":"https:\/\/www.defensoria.gob.ec\/index.php?rest_route=\/wp\/v2\/project"}],"about":[{"href":"https:\/\/www.defensoria.gob.ec\/index.php?rest_route=\/wp\/v2\/types\/project"}],"author":[{"embeddable":true,"href":"https:\/\/www.defensoria.gob.ec\/index.php?rest_route=\/wp\/v2\/users\/1"}],"replies":[{"embeddable":true,"href":"https:\/\/www.defensoria.gob.ec\/index.php?rest_route=%2Fwp%2Fv2%2Fcomments&post=7245"}],"version-history":[{"count":0,"href":"https:\/\/www.defensoria.gob.ec\/index.php?rest_route=\/wp\/v2\/project\/7245\/revisions"}],"wp:featuredmedia":[{"embeddable":true,"href":"https:\/\/www.defensoria.gob.ec\/index.php?rest_route=\/wp\/v2\/media\/7247"}],"wp:attachment":[{"href":"https:\/\/www.defensoria.gob.ec\/index.php?rest_route=%2Fwp%2Fv2%2Fmedia&parent=7245"}],"wp:term":[{"taxonomy":"project_category","embeddable":true,"href":"https:\/\/www.defensoria.gob.ec\/index.php?rest_route=%2Fwp%2Fv2%2Fproject_category&post=7245"},{"taxonomy":"project_tag","embeddable":true,"href":"https:\/\/www.defensoria.gob.ec\/index.php?rest_route=%2Fwp%2Fv2%2Fproject_tag&post=7245"}],"curies":[{"name":"wp","href":"https:\/\/api.w.org\/{rel}","templated":true}]}}