{"id":7167,"date":"2019-10-21T23:40:53","date_gmt":"2019-10-21T23:40:53","guid":{"rendered":"https:\/\/www.defensoria.gob.ec\/?post_type=project&#038;p=7167"},"modified":"2019-10-21T23:40:53","modified_gmt":"2019-10-21T23:40:53","slug":"defensores-publicos-conmemoran-su-dia-con-sesion-solemne","status":"publish","type":"project","link":"https:\/\/www.defensoria.gob.ec\/?project=defensores-publicos-conmemoran-su-dia-con-sesion-solemne","title":{"rendered":"Defensores P\u00fablicos conmemoran su d\u00eda con sesi\u00f3n solemne"},"content":{"rendered":"<p>[et_pb_section fb_built=\u00bb1&#8243; _builder_version=\u00bb3.28&#8243;][et_pb_row _builder_version=\u00bb3.28&#8243;][et_pb_column _builder_version=\u00bb3.28&#8243; type=\u00bb4_4&#8243;][et_pb_post_title _builder_version=\u00bb3.28&#8243; meta=\u00bboff\u00bb featured_image=\u00bboff\u00bb hover_enabled=\u00bb0&#8243;][\/et_pb_post_title][et_pb_text _builder_version=\u00bb3.28&#8243; hover_enabled=\u00bb0&#8243;]<\/p>\n<p style=\"text-align: justify;\">Con la presencia de las principales autoridades del sector justicia y otras funciones del Estado, la Defensor\u00eda P\u00fablica del Ecuador resalt\u00f3 la labor del Defensor P\u00fablico y su contribuci\u00f3n al pa\u00eds para lograr una justicia integral y solidaria. En el pa\u00eds, cada 20 de octubre se conmemora el D\u00eda Defensor P\u00fablico.<\/p>\n<p style=\"text-align: justify;\">En el marco de la sesi\u00f3n solemne, el Defensor P\u00fablico General (e), Dr. \u00c1ngel Torres Machuca, destac\u00f3 la relevancia de la defensa p\u00fablica al servicio de los m\u00e1s vulnerables de la sociedad, como un mecanismo de acceso a la justicia y al respeto de los derechos humanos. Adem\u00e1s, se\u00f1al\u00f3 la necesidad de homologar las condiciones de prestaci\u00f3n del servicio de los defensores p\u00fablicos, en relaci\u00f3n con los operadores de justicia.<\/p>\n<p style=\"text-align: justify;\">En su intervenci\u00f3n, dijo que \u201ca\u00fan falta camino para cumplir con el mandato constitucional que garantice el pleno e igual acceso a la justicia de las personas que, por su estado de indefensi\u00f3n, condici\u00f3n econ\u00f3mica, social o cultural, no puedan contratar los servicios de defensa legal para la protecci\u00f3n de sus derechos\u201d e inst\u00f3 a aunar \u201cesfuerzos y voluntades, para orientar nuestros objetivos por una defensa p\u00fablica, respetada, oficial, aut\u00f3noma, homologada, categorizada y con proyecci\u00f3n\u201d.<\/p>\n<p style=\"text-align: justify;\">La presidenta del Consejo de la Judicatura, Dra. Mar\u00eda del Carmen Maldonado, salud\u00f3 a los defensores p\u00fablicos y record\u00f3 que la instituci\u00f3n acompa\u00f1a a la Defensor\u00eda P\u00fablica desde su primer d\u00eda de gesti\u00f3n y \u201cuna de nuestras primeras resoluciones fue entregar a la entidad, la posibilidad de extender los nombramientos provisionales para los servidores de la carrera administrativa defensorial que no se lo hab\u00eda hecho y estaba detenido\u201d.<\/p>\n<p style=\"text-align: justify;\">En la sesi\u00f3n solemne, la m\u00e1xima autoridad de la Defensor\u00eda P\u00fablica entreg\u00f3 un reconocimiento a los defensores p\u00fablicos que se destacan \u201cpor su vocaci\u00f3n de servicio, compromiso y calidad humana, cualidades que aportan a la construcci\u00f3n de una justicia integral y solidaria\u201d.<\/p>\n<p style=\"text-align: justify;\">Al acto conmemorativo asistieron tambi\u00e9n la Dra. Paulina Aguirre, presidenta de la Corte Nacional de Justicia; Ing. Christian Cruz, presidente del Consejo de Participaci\u00f3n Ciudadana y Control Social; Dr. Freddy Carri\u00f3n, Defensor del Pueblo, Dr. Arturo Cabrera, presidente del Tribunal Contencioso Electoral, Dr. Juan Jos\u00e9 Morillo, vocal del Consejo de la Judicatura, entre otras autoridades, y acompa\u00f1\u00f3 el Grupo de C\u00e1mara del cant\u00f3n Rumi\u00f1ahui.<\/p>\n<p>[\/et_pb_text][et_pb_gallery _builder_version=\u00bb3.28&#8243; gallery_ids=\u00bb7168&#8243; hover_enabled=\u00bb0&#8243;][\/et_pb_gallery][\/et_pb_column][\/et_pb_row][\/et_pb_section]<\/p>\n","protected":false},"excerpt":{"rendered":"<p>Con la presencia de las principales autoridades del sector justicia y otras funciones del Estado, la Defensor\u00eda P\u00fablica del Ecuador resalt\u00f3 la labor del Defensor P\u00fablico y su contribuci\u00f3n al [&hellip;]<\/p>\n","protected":false},"author":1,"featured_media":7168,"comment_status":"open","ping_status":"closed","template":"","meta":{"_et_pb_use_builder":"on","_et_pb_old_content":"","_et_gb_content_width":"","footnotes":""},"project_category":[5],"project_tag":[],"class_list":["post-7167","project","type-project","status-publish","has-post-thumbnail","hentry","project_category-noticias"],"_links":{"self":[{"href":"https:\/\/www.defensoria.gob.ec\/index.php?rest_route=\/wp\/v2\/project\/7167","targetHints":{"allow":["GET"]}}],"collection":[{"href":"https:\/\/www.defensoria.gob.ec\/index.php?rest_route=\/wp\/v2\/project"}],"about":[{"href":"https:\/\/www.defensoria.gob.ec\/index.php?rest_route=\/wp\/v2\/types\/project"}],"author":[{"embeddable":true,"href":"https:\/\/www.defensoria.gob.ec\/index.php?rest_route=\/wp\/v2\/users\/1"}],"replies":[{"embeddable":true,"href":"https:\/\/www.defensoria.gob.ec\/index.php?rest_route=%2Fwp%2Fv2%2Fcomments&post=7167"}],"version-history":[{"count":0,"href":"https:\/\/www.defensoria.gob.ec\/index.php?rest_route=\/wp\/v2\/project\/7167\/revisions"}],"wp:featuredmedia":[{"embeddable":true,"href":"https:\/\/www.defensoria.gob.ec\/index.php?rest_route=\/wp\/v2\/media\/7168"}],"wp:attachment":[{"href":"https:\/\/www.defensoria.gob.ec\/index.php?rest_route=%2Fwp%2Fv2%2Fmedia&parent=7167"}],"wp:term":[{"taxonomy":"project_category","embeddable":true,"href":"https:\/\/www.defensoria.gob.ec\/index.php?rest_route=%2Fwp%2Fv2%2Fproject_category&post=7167"},{"taxonomy":"project_tag","embeddable":true,"href":"https:\/\/www.defensoria.gob.ec\/index.php?rest_route=%2Fwp%2Fv2%2Fproject_tag&post=7167"}],"curies":[{"name":"wp","href":"https:\/\/api.w.org\/{rel}","templated":true}]}}