{"id":6830,"date":"2019-10-07T19:28:32","date_gmt":"2019-10-07T19:28:32","guid":{"rendered":"https:\/\/www.defensoria.gob.ec\/?post_type=project&#038;p=6830"},"modified":"2019-10-07T19:47:08","modified_gmt":"2019-10-07T19:47:08","slug":"boletin-de-prensa-no-11","status":"publish","type":"project","link":"https:\/\/www.defensoria.gob.ec\/?project=boletin-de-prensa-no-11","title":{"rendered":"La Defensor\u00eda P\u00fablica atiende a personas detenidas por las protestas"},"content":{"rendered":"<p>[et_pb_section fb_built=\u00bb1&#8243; _builder_version=\u00bb3.28&#8243; fb_built=\u00bb1&#8243; _i=\u00bb0&#8243; _address=\u00bb0&#8243;][et_pb_row _builder_version=\u00bb3.28&#8243; _i=\u00bb0&#8243; _address=\u00bb0.0&#8243;][et_pb_column type=\u00bb4_4&#8243; _builder_version=\u00bb3.28&#8243; _i=\u00bb0&#8243; _address=\u00bb0.0.0&#8243;][et_pb_post_title meta=\u00bboff\u00bb featured_image=\u00bboff\u00bb _builder_version=\u00bb3.28&#8243; _i=\u00bb0&#8243; _address=\u00bb0.0.0.0&#8243;][\/et_pb_post_title][et_pb_text _builder_version=\u00bb3.28&#8243; _i=\u00bb1&#8243; _address=\u00bb0.0.0.1&#8243;]<\/p>\n<p style=\"text-align: justify;\">La Defensor\u00eda P\u00fablica intensific\u00f3 la atenci\u00f3n en las unidades de flagrancia, con el fin de atender a las personas aprehendidas en las protestas que se registran en el pa\u00eds.<\/p>\n<p style=\"text-align: justify;\">En Pichincha se detuvieron a 171 personas, de las cuales los defensores p\u00fablicos han actuado en 91 casos, tres de ellos de adolescentes infractores.<\/p>\n<p style=\"text-align: justify;\">En Ca\u00f1ar fueron detenidas seis personas, en Azuay, dos y en Loja, una. En todos los casos, los defensores p\u00fablicos atendieron a la ciudadan\u00eda, conforme determina la norma constitucional y la misi\u00f3n de la Instituci\u00f3n.<\/p>\n<p style=\"text-align: justify;\">En Sucumb\u00edos, en el transcurso del lunes 7 de octubre de 2019, no existen detenidos, luego del viernes que hubo 32 aprehensiones, entre ellas dos menores de edad.<\/p>\n<p style=\"text-align: justify;\">En Carchi no se registran detenciones y en otras provincias, como Tungurahua, las unidades hoy atienden en un ambiente de tensi\u00f3n.<\/p>\n<p style=\"text-align: justify;\"><span>La Defensor\u00eda P\u00fablica presta un servicio legal, t\u00e9cnico, oportuno, eficiente, eficaz y gratuito en el patrocinio y asesor\u00eda jur\u00eddica de los derechos de las personas en todas las materias e instancias.<\/span><\/p>\n<p>[\/et_pb_text][et_pb_gallery _builder_version=\u00bb3.28&#8243; gallery_ids=\u00bb6832&#8243; hover_enabled=\u00bb0&#8243;][\/et_pb_gallery][\/et_pb_column][\/et_pb_row][\/et_pb_section]<\/p>\n","protected":false},"excerpt":{"rendered":"<p>La Defensor\u00eda P\u00fablica intensific\u00f3 la atenci\u00f3n en las unidades de flagrancia, con el fin de atender a las personas aprehendidas en las protestas que se registran en el pa\u00eds. En [&hellip;]<\/p>\n","protected":false},"author":1,"featured_media":6832,"comment_status":"open","ping_status":"closed","template":"","meta":{"_et_pb_use_builder":"on","_et_pb_old_content":"","_et_gb_content_width":"","footnotes":""},"project_category":[5],"project_tag":[],"class_list":["post-6830","project","type-project","status-publish","has-post-thumbnail","hentry","project_category-noticias"],"_links":{"self":[{"href":"https:\/\/www.defensoria.gob.ec\/index.php?rest_route=\/wp\/v2\/project\/6830","targetHints":{"allow":["GET"]}}],"collection":[{"href":"https:\/\/www.defensoria.gob.ec\/index.php?rest_route=\/wp\/v2\/project"}],"about":[{"href":"https:\/\/www.defensoria.gob.ec\/index.php?rest_route=\/wp\/v2\/types\/project"}],"author":[{"embeddable":true,"href":"https:\/\/www.defensoria.gob.ec\/index.php?rest_route=\/wp\/v2\/users\/1"}],"replies":[{"embeddable":true,"href":"https:\/\/www.defensoria.gob.ec\/index.php?rest_route=%2Fwp%2Fv2%2Fcomments&post=6830"}],"version-history":[{"count":0,"href":"https:\/\/www.defensoria.gob.ec\/index.php?rest_route=\/wp\/v2\/project\/6830\/revisions"}],"wp:featuredmedia":[{"embeddable":true,"href":"https:\/\/www.defensoria.gob.ec\/index.php?rest_route=\/wp\/v2\/media\/6832"}],"wp:attachment":[{"href":"https:\/\/www.defensoria.gob.ec\/index.php?rest_route=%2Fwp%2Fv2%2Fmedia&parent=6830"}],"wp:term":[{"taxonomy":"project_category","embeddable":true,"href":"https:\/\/www.defensoria.gob.ec\/index.php?rest_route=%2Fwp%2Fv2%2Fproject_category&post=6830"},{"taxonomy":"project_tag","embeddable":true,"href":"https:\/\/www.defensoria.gob.ec\/index.php?rest_route=%2Fwp%2Fv2%2Fproject_tag&post=6830"}],"curies":[{"name":"wp","href":"https:\/\/api.w.org\/{rel}","templated":true}]}}