{"id":6658,"date":"2019-09-27T21:22:24","date_gmt":"2019-09-27T21:22:24","guid":{"rendered":"https:\/\/www.defensoria.gob.ec\/?post_type=project&#038;p=6658"},"modified":"2019-09-27T21:22:24","modified_gmt":"2019-09-27T21:22:24","slug":"chimborazo-jornada-de-sensibilizacion-para-un-buen-trato-al-adulto-mayor","status":"publish","type":"project","link":"https:\/\/www.defensoria.gob.ec\/?project=chimborazo-jornada-de-sensibilizacion-para-un-buen-trato-al-adulto-mayor","title":{"rendered":"Chimborazo: Jornada de sensibilizaci\u00f3n para un buen trato al Adulto Mayor"},"content":{"rendered":"<p>[et_pb_section fb_built=\u00bb1&#8243; _builder_version=\u00bb3.28&#8243;][et_pb_row _builder_version=\u00bb3.28&#8243; column_structure=\u00bb3_4,1_4&#8243;][et_pb_column _builder_version=\u00bb3.28&#8243; type=\u00bb3_4&#8243;][et_pb_post_title _builder_version=\u00bb3.28&#8243; meta=\u00bboff\u00bb featured_image=\u00bboff\u00bb hover_enabled=\u00bb0&#8243;][\/et_pb_post_title][et_pb_text _builder_version=\u00bb3.28&#8243; hover_enabled=\u00bb0&#8243;]<\/p>\n<p style=\"text-align: justify;\">Como parte del D\u00eda Internacional del Adulto Mayor, el defensor p\u00fablico provincial de Chimborazo, Freddy Garz\u00f3n, particip\u00f3 en la inauguraci\u00f3n de una feria ciudadana, organizada por el Consejo Cantonal para la Protecci\u00f3n de Derechos y el Consejo Consultivo de Personas Adultas Mayores. El evento se desarroll\u00f3 en el parque Guayaquil, en Riobamba.<\/p>\n<p style=\"text-align: justify;\">La finalidad de esta jornada fue concienciar a la ciudadan\u00eda sobre la necesidad del buen trato al Adulto Mayor ya que esto influye en su calidad de vida. Asimismo, se dio a conocer sobre sus derechos.<\/p>\n<p style=\"text-align: justify;\">La Defensor\u00eda P\u00fablica forma parte del Sistema Nacional Especializado de Protecci\u00f3n Integral de los Derechos de las Personas Adultas Mayores y, en el marco de sus competencias, garantiza la toma de decisiones libres y aut\u00f3nomas sobre su vida,\u00a0 su seguridad f\u00edsica, emocional y econ\u00f3mica.<\/p>\n<p>[\/et_pb_text][et_pb_gallery _builder_version=\u00bb3.28&#8243; gallery_ids=\u00bb6653&#8243; hover_enabled=\u00bb0&#8243;][\/et_pb_gallery][\/et_pb_column][et_pb_column _builder_version=\u00bb3.28&#8243; type=\u00bb1_4&#8243;][et_pb_sidebar _builder_version=\u00bb3.28&#8243; hover_enabled=\u00bb0&#8243;][\/et_pb_sidebar][\/et_pb_column][\/et_pb_row][\/et_pb_section]<\/p>\n","protected":false},"excerpt":{"rendered":"<p>Como parte del D\u00eda Internacional del Adulto Mayor, el defensor p\u00fablico provincial de Chimborazo, Freddy Garz\u00f3n, particip\u00f3 en la inauguraci\u00f3n de una feria ciudadana, organizada por el Consejo Cantonal para [&hellip;]<\/p>\n","protected":false},"author":1,"featured_media":6653,"comment_status":"open","ping_status":"closed","template":"","meta":{"_et_pb_use_builder":"on","_et_pb_old_content":"","_et_gb_content_width":"","footnotes":""},"project_category":[8,5],"project_tag":[],"class_list":["post-6658","project","type-project","status-publish","has-post-thumbnail","hentry","project_category-cerca-a-ti","project_category-noticias"],"_links":{"self":[{"href":"https:\/\/www.defensoria.gob.ec\/index.php?rest_route=\/wp\/v2\/project\/6658","targetHints":{"allow":["GET"]}}],"collection":[{"href":"https:\/\/www.defensoria.gob.ec\/index.php?rest_route=\/wp\/v2\/project"}],"about":[{"href":"https:\/\/www.defensoria.gob.ec\/index.php?rest_route=\/wp\/v2\/types\/project"}],"author":[{"embeddable":true,"href":"https:\/\/www.defensoria.gob.ec\/index.php?rest_route=\/wp\/v2\/users\/1"}],"replies":[{"embeddable":true,"href":"https:\/\/www.defensoria.gob.ec\/index.php?rest_route=%2Fwp%2Fv2%2Fcomments&post=6658"}],"version-history":[{"count":0,"href":"https:\/\/www.defensoria.gob.ec\/index.php?rest_route=\/wp\/v2\/project\/6658\/revisions"}],"wp:featuredmedia":[{"embeddable":true,"href":"https:\/\/www.defensoria.gob.ec\/index.php?rest_route=\/wp\/v2\/media\/6653"}],"wp:attachment":[{"href":"https:\/\/www.defensoria.gob.ec\/index.php?rest_route=%2Fwp%2Fv2%2Fmedia&parent=6658"}],"wp:term":[{"taxonomy":"project_category","embeddable":true,"href":"https:\/\/www.defensoria.gob.ec\/index.php?rest_route=%2Fwp%2Fv2%2Fproject_category&post=6658"},{"taxonomy":"project_tag","embeddable":true,"href":"https:\/\/www.defensoria.gob.ec\/index.php?rest_route=%2Fwp%2Fv2%2Fproject_tag&post=6658"}],"curies":[{"name":"wp","href":"https:\/\/api.w.org\/{rel}","templated":true}]}}