{"id":6608,"date":"2019-09-26T22:40:52","date_gmt":"2019-09-26T22:40:52","guid":{"rendered":"https:\/\/www.defensoria.gob.ec\/?post_type=project&#038;p=6608"},"modified":"2019-09-26T22:51:34","modified_gmt":"2019-09-26T22:51:34","slug":"sucumbios-acciones-para-prevenir-la-violencia-de-genero","status":"publish","type":"project","link":"https:\/\/www.defensoria.gob.ec\/?project=sucumbios-acciones-para-prevenir-la-violencia-de-genero","title":{"rendered":"Sucumb\u00edos: Acciones para prevenir la violencia de g\u00e9nero"},"content":{"rendered":"<p>[et_pb_section fb_built=\u00bb1&#8243; _builder_version=\u00bb3.28&#8243; fb_built=\u00bb1&#8243; _i=\u00bb0&#8243; _address=\u00bb0&#8243;][et_pb_row _builder_version=\u00bb3.28&#8243; _i=\u00bb0&#8243; _address=\u00bb0.0&#8243; column_structure=\u00bb3_4,1_4&#8243;][et_pb_column type=\u00bb3_4&#8243; _builder_version=\u00bb3.28&#8243; _i=\u00bb0&#8243; _address=\u00bb0.0.0&#8243;][et_pb_post_title meta=\u00bboff\u00bb featured_image=\u00bboff\u00bb _builder_version=\u00bb3.28&#8243; _i=\u00bb0&#8243; _address=\u00bb0.0.0.0&#8243;][\/et_pb_post_title][et_pb_text _builder_version=\u00bb3.28&#8243; _i=\u00bb1&#8243; _address=\u00bb0.0.0.1&#8243;]<\/p>\n<p style=\"text-align: justify;\">La defensora p\u00fablica provincial de Sucumb\u00edos, Edilma Borja, asisti\u00f3 el 19 de septiembre de 2019, a la reuni\u00f3n interinstitucional sobre prevenci\u00f3n de violencia de g\u00e9nero, que se desarroll\u00f3 en el Centro de Atenci\u00f3n Ciudadana del cant\u00f3n Lago Agrio.<\/p>\n<p style=\"text-align: justify;\">En la sesi\u00f3n se abord\u00f3 el fortalecimiento interinstitucional de atenci\u00f3n, protecci\u00f3n y reparaci\u00f3n a las v\u00edctimas de violencia, as\u00ed como la elaboraci\u00f3n de una agenda de trabajo para su an\u00e1lisis en la Mesa Tem\u00e1tica de Erradicaci\u00f3n de la Violencia de G\u00e9nero, en la provincia de Sucumb\u00edos.<\/p>\n<p style=\"text-align: justify;\">En esta cita estuvieron representantes de las Juntas Cantonales de Protecci\u00f3n de Derechos de la Ni\u00f1ez y Adolescencia de Cuyabeno, Lago Agrio, Gonzalo Pizarro y Cascales, del Consejo Cantonal de Shushufindi, de los Gobiernos Aut\u00f3nomos Descentralizados, del Sistema Integrado de Seguridad ECU 911 y de la Polic\u00eda Especializada para Ni\u00f1os, Ni\u00f1as y Adolescentes (DINAPEN).<\/p>\n<p>[\/et_pb_text][et_pb_gallery gallery_ids=\u00bb6610&#8243; _builder_version=\u00bb3.28&#8243; _i=\u00bb2&#8243; _address=\u00bb0.0.0.2&#8243;][\/et_pb_gallery][\/et_pb_column][et_pb_column type=\u00bb1_4&#8243; _builder_version=\u00bb3.28&#8243; _i=\u00bb0&#8243; _address=\u00bb0.0.0&#8243;][et_pb_sidebar _builder_version=\u00bb3.28&#8243; hover_enabled=\u00bb0&#8243;][\/et_pb_sidebar][\/et_pb_column][\/et_pb_row][\/et_pb_section]<\/p>\n","protected":false},"excerpt":{"rendered":"<p>La defensora p\u00fablica provincial de Sucumb\u00edos, Edilma Borja, asisti\u00f3 el 19 de septiembre de 2019, a la reuni\u00f3n interinstitucional sobre prevenci\u00f3n de violencia de g\u00e9nero, que se desarroll\u00f3 en el [&hellip;]<\/p>\n","protected":false},"author":1,"featured_media":6610,"comment_status":"open","ping_status":"closed","template":"","meta":{"_et_pb_use_builder":"on","_et_pb_old_content":"","_et_gb_content_width":"","footnotes":""},"project_category":[8,5],"project_tag":[],"class_list":["post-6608","project","type-project","status-publish","has-post-thumbnail","hentry","project_category-cerca-a-ti","project_category-noticias"],"_links":{"self":[{"href":"https:\/\/www.defensoria.gob.ec\/index.php?rest_route=\/wp\/v2\/project\/6608","targetHints":{"allow":["GET"]}}],"collection":[{"href":"https:\/\/www.defensoria.gob.ec\/index.php?rest_route=\/wp\/v2\/project"}],"about":[{"href":"https:\/\/www.defensoria.gob.ec\/index.php?rest_route=\/wp\/v2\/types\/project"}],"author":[{"embeddable":true,"href":"https:\/\/www.defensoria.gob.ec\/index.php?rest_route=\/wp\/v2\/users\/1"}],"replies":[{"embeddable":true,"href":"https:\/\/www.defensoria.gob.ec\/index.php?rest_route=%2Fwp%2Fv2%2Fcomments&post=6608"}],"version-history":[{"count":0,"href":"https:\/\/www.defensoria.gob.ec\/index.php?rest_route=\/wp\/v2\/project\/6608\/revisions"}],"wp:featuredmedia":[{"embeddable":true,"href":"https:\/\/www.defensoria.gob.ec\/index.php?rest_route=\/wp\/v2\/media\/6610"}],"wp:attachment":[{"href":"https:\/\/www.defensoria.gob.ec\/index.php?rest_route=%2Fwp%2Fv2%2Fmedia&parent=6608"}],"wp:term":[{"taxonomy":"project_category","embeddable":true,"href":"https:\/\/www.defensoria.gob.ec\/index.php?rest_route=%2Fwp%2Fv2%2Fproject_category&post=6608"},{"taxonomy":"project_tag","embeddable":true,"href":"https:\/\/www.defensoria.gob.ec\/index.php?rest_route=%2Fwp%2Fv2%2Fproject_tag&post=6608"}],"curies":[{"name":"wp","href":"https:\/\/api.w.org\/{rel}","templated":true}]}}