{"id":6416,"date":"2019-09-12T19:14:18","date_gmt":"2019-09-12T19:14:18","guid":{"rendered":"https:\/\/www.defensoria.gob.ec\/?post_type=project&#038;p=6416"},"modified":"2019-09-12T19:14:18","modified_gmt":"2019-09-12T19:14:18","slug":"tungurahua-autoridades-definieron-acciones-a-favor-de-migrantes-venezolanos","status":"publish","type":"project","link":"https:\/\/www.defensoria.gob.ec\/?project=tungurahua-autoridades-definieron-acciones-a-favor-de-migrantes-venezolanos","title":{"rendered":"Tungurahua: Autoridades definieron acciones a favor de migrantes venezolanos"},"content":{"rendered":"<p>[et_pb_section fb_built=\u00bb1&#8243; _builder_version=\u00bb3.28&#8243;][et_pb_row _builder_version=\u00bb3.28&#8243; column_structure=\u00bb3_4,1_4&#8243;][et_pb_column _builder_version=\u00bb3.28&#8243; type=\u00bb3_4&#8243;][et_pb_post_title _builder_version=\u00bb3.28&#8243; meta=\u00bboff\u00bb featured_image=\u00bboff\u00bb hover_enabled=\u00bb0&#8243;][\/et_pb_post_title][et_pb_text _builder_version=\u00bb3.28&#8243; hover_enabled=\u00bb0&#8243;]<\/p>\n<p style=\"text-align: justify;\">El defensor p\u00fablico provincial de Tungurahua, Santiago Burbano, junto a autoridades locales, asisti\u00f3, el 10 de septiembre, a la sesi\u00f3n convocada por el Gobierno Provincial de Tungurahua y la Di\u00f3cesis de Ambato, con el fin de analizar acciones a favor de la poblaci\u00f3n migrante de Venezuela que se asienta en la provincia.<\/p>\n<p style=\"text-align: justify;\">Las instituciones del sector p\u00fablico se comprometieron a realizar una jornada de capacitaci\u00f3n a los migrantes, el 13 de septiembre; la Di\u00f3cesis de Ambato a entregar kits escolares a los hijos de los migrantes; el Ministerio de Trabajo a impulsar operativos de control y verificaci\u00f3n de documentos de migrantes que laboren en instituciones privadas o p\u00fablicas.<\/p>\n<p style=\"text-align: justify;\">Adem\u00e1s, prev\u00e9n desarrollar una campa\u00f1a, en medios de comunicaci\u00f3n, para difundir los deberes y\u00a0 obligaciones que tienen los migrantes, en el territorio nacional.<\/p>\n<p>[\/et_pb_text][et_pb_gallery _builder_version=\u00bb3.28&#8243; gallery_ids=\u00bb6399&#8243; hover_enabled=\u00bb0&#8243;][\/et_pb_gallery][\/et_pb_column][et_pb_column _builder_version=\u00bb3.28&#8243; type=\u00bb1_4&#8243;][et_pb_sidebar _builder_version=\u00bb3.28&#8243; hover_enabled=\u00bb0&#8243;][\/et_pb_sidebar][\/et_pb_column][\/et_pb_row][\/et_pb_section]<\/p>\n","protected":false},"excerpt":{"rendered":"<p>El defensor p\u00fablico provincial de Tungurahua, Santiago Burbano, junto a autoridades locales, asisti\u00f3, el 10 de septiembre, a la sesi\u00f3n convocada por el Gobierno Provincial de Tungurahua y la Di\u00f3cesis [&hellip;]<\/p>\n","protected":false},"author":1,"featured_media":6399,"comment_status":"open","ping_status":"closed","template":"","meta":{"_et_pb_use_builder":"on","_et_pb_old_content":"","_et_gb_content_width":"","footnotes":""},"project_category":[8,5],"project_tag":[],"class_list":["post-6416","project","type-project","status-publish","has-post-thumbnail","hentry","project_category-cerca-a-ti","project_category-noticias"],"_links":{"self":[{"href":"https:\/\/www.defensoria.gob.ec\/index.php?rest_route=\/wp\/v2\/project\/6416","targetHints":{"allow":["GET"]}}],"collection":[{"href":"https:\/\/www.defensoria.gob.ec\/index.php?rest_route=\/wp\/v2\/project"}],"about":[{"href":"https:\/\/www.defensoria.gob.ec\/index.php?rest_route=\/wp\/v2\/types\/project"}],"author":[{"embeddable":true,"href":"https:\/\/www.defensoria.gob.ec\/index.php?rest_route=\/wp\/v2\/users\/1"}],"replies":[{"embeddable":true,"href":"https:\/\/www.defensoria.gob.ec\/index.php?rest_route=%2Fwp%2Fv2%2Fcomments&post=6416"}],"version-history":[{"count":0,"href":"https:\/\/www.defensoria.gob.ec\/index.php?rest_route=\/wp\/v2\/project\/6416\/revisions"}],"wp:featuredmedia":[{"embeddable":true,"href":"https:\/\/www.defensoria.gob.ec\/index.php?rest_route=\/wp\/v2\/media\/6399"}],"wp:attachment":[{"href":"https:\/\/www.defensoria.gob.ec\/index.php?rest_route=%2Fwp%2Fv2%2Fmedia&parent=6416"}],"wp:term":[{"taxonomy":"project_category","embeddable":true,"href":"https:\/\/www.defensoria.gob.ec\/index.php?rest_route=%2Fwp%2Fv2%2Fproject_category&post=6416"},{"taxonomy":"project_tag","embeddable":true,"href":"https:\/\/www.defensoria.gob.ec\/index.php?rest_route=%2Fwp%2Fv2%2Fproject_tag&post=6416"}],"curies":[{"name":"wp","href":"https:\/\/api.w.org\/{rel}","templated":true}]}}