{"id":6398,"date":"2019-09-12T18:00:38","date_gmt":"2019-09-12T18:00:38","guid":{"rendered":"https:\/\/www.defensoria.gob.ec\/?post_type=project&#038;p=6398"},"modified":"2019-09-12T18:01:28","modified_gmt":"2019-09-12T18:01:28","slug":"guayas-el-defensor-publico-general-visito-el-nuevo-centro-de-mediacion","status":"publish","type":"project","link":"https:\/\/www.defensoria.gob.ec\/?project=guayas-el-defensor-publico-general-visito-el-nuevo-centro-de-mediacion","title":{"rendered":"Guayas: El Defensor P\u00fablico General visit\u00f3 el nuevo Centro de Mediaci\u00f3n"},"content":{"rendered":"\n[et_pb_section fb_built=\u00bb1&#8243; _builder_version=\u00bb3.28&#8243;][et_pb_row _builder_version=\u00bb3.28&#8243; column_structure=\u00bb3_4,1_4&#8243;][et_pb_column _builder_version=\u00bb3.28&#8243; type=\u00bb3_4&#8243;][et_pb_post_title _builder_version=\u00bb3.28&#8243; meta=\u00bboff\u00bb featured_image=\u00bboff\u00bb hover_enabled=\u00bb0&#8243;][\/et_pb_post_title][et_pb_text _builder_version=\u00bb3.28&#8243; hover_enabled=\u00bb0&#8243;]<p style=\"text-align: justify;\">El Defensor P\u00fablico General (e), Dr. \u00c1ngel Torres Machuca, visit\u00f3, el 10 de septiembre, las nuevas instalaciones del Centro de Mediaci\u00f3n de la Defensor\u00eda P\u00fablica del Guayas, ubicado en la planta baja del Edificio La Previsora.<\/p>\n<p style=\"text-align: justify;\">En su recorrido, el Dr. Torres Machuca, destac\u00f3 la importancia de fortalecer los servicios de la Defensor\u00eda P\u00fablica a favor de las personas que, por su condici\u00f3n econ\u00f3mica o social o en estado de indefensi\u00f3n, no pueden contratar un abogado privado. Adem\u00e1s, resalt\u00f3 la importancia de aplicar la mediaci\u00f3n como una alternativa a la soluci\u00f3n de conflictos y promover una cultura de paz.<\/p>\n<p style=\"text-align: justify;\">El Centro de Mediaci\u00f3n de la Defensor\u00eda P\u00fablica del Guayas estar\u00e1 bajo la coordinaci\u00f3n de Jeannina Barahona y tramitar\u00e1 casos de alimentos, inquilinato, laboral.<\/p>\n[\/et_pb_text][et_pb_gallery _builder_version=\u00bb3.28&#8243; gallery_ids=\u00bb6401,6400&#8243; hover_enabled=\u00bb0&#8243;][\/et_pb_gallery][\/et_pb_column][et_pb_column _builder_version=\u00bb3.28&#8243; type=\u00bb1_4&#8243;][et_pb_sidebar _builder_version=\u00bb3.28&#8243; hover_enabled=\u00bb0&#8243;][\/et_pb_sidebar][\/et_pb_column][\/et_pb_row][\/et_pb_section]\n","protected":false},"excerpt":{"rendered":"<p>El Defensor P\u00fablico General (e), Dr. \u00c1ngel Torres Machuca, visit\u00f3, el 10 de septiembre, las nuevas instalaciones del Centro de Mediaci\u00f3n de la Defensor\u00eda P\u00fablica del Guayas, ubicado en la [&hellip;]<\/p>\n","protected":false},"author":1,"featured_media":6400,"comment_status":"open","ping_status":"closed","template":"","meta":{"_et_pb_use_builder":"on","_et_pb_old_content":"","_et_gb_content_width":"","footnotes":""},"project_category":[8,5],"project_tag":[],"class_list":["post-6398","project","type-project","status-publish","has-post-thumbnail","hentry","project_category-cerca-a-ti","project_category-noticias"],"_links":{"self":[{"href":"https:\/\/www.defensoria.gob.ec\/index.php?rest_route=\/wp\/v2\/project\/6398","targetHints":{"allow":["GET"]}}],"collection":[{"href":"https:\/\/www.defensoria.gob.ec\/index.php?rest_route=\/wp\/v2\/project"}],"about":[{"href":"https:\/\/www.defensoria.gob.ec\/index.php?rest_route=\/wp\/v2\/types\/project"}],"author":[{"embeddable":true,"href":"https:\/\/www.defensoria.gob.ec\/index.php?rest_route=\/wp\/v2\/users\/1"}],"replies":[{"embeddable":true,"href":"https:\/\/www.defensoria.gob.ec\/index.php?rest_route=%2Fwp%2Fv2%2Fcomments&post=6398"}],"version-history":[{"count":0,"href":"https:\/\/www.defensoria.gob.ec\/index.php?rest_route=\/wp\/v2\/project\/6398\/revisions"}],"wp:featuredmedia":[{"embeddable":true,"href":"https:\/\/www.defensoria.gob.ec\/index.php?rest_route=\/wp\/v2\/media\/6400"}],"wp:attachment":[{"href":"https:\/\/www.defensoria.gob.ec\/index.php?rest_route=%2Fwp%2Fv2%2Fmedia&parent=6398"}],"wp:term":[{"taxonomy":"project_category","embeddable":true,"href":"https:\/\/www.defensoria.gob.ec\/index.php?rest_route=%2Fwp%2Fv2%2Fproject_category&post=6398"},{"taxonomy":"project_tag","embeddable":true,"href":"https:\/\/www.defensoria.gob.ec\/index.php?rest_route=%2Fwp%2Fv2%2Fproject_tag&post=6398"}],"curies":[{"name":"wp","href":"https:\/\/api.w.org\/{rel}","templated":true}]}}