{"id":6365,"date":"2019-09-10T22:59:43","date_gmt":"2019-09-10T22:59:43","guid":{"rendered":"https:\/\/www.defensoria.gob.ec\/?post_type=project&#038;p=6365"},"modified":"2019-09-11T14:29:32","modified_gmt":"2019-09-11T14:29:32","slug":"pichincha-se-realizo-capacitacion-en-movilidad-humana","status":"publish","type":"project","link":"https:\/\/www.defensoria.gob.ec\/?project=pichincha-se-realizo-capacitacion-en-movilidad-humana","title":{"rendered":"Pichincha: Se realiz\u00f3 capacitaci\u00f3n en Movilidad Humana"},"content":{"rendered":"<p>[et_pb_section fb_built=\u00bb1&#8243; _builder_version=\u00bb3.26.4&#8243;][et_pb_row column_structure=\u00bb3_4,1_4&#8243; _builder_version=\u00bb3.26.4&#8243;][et_pb_column type=\u00bb3_4&#8243; _builder_version=\u00bb3.26.4&#8243;][et_pb_post_title meta=\u00bboff\u00bb featured_image=\u00bboff\u00bb _builder_version=\u00bb3.26.4&#8243;][\/et_pb_post_title][et_pb_text _builder_version=\u00bb3.26.4&#8243;]<\/p>\n<p style=\"text-align: justify;\">Como parte del fortalecimiento institucional y tras la creaci\u00f3n de la Unidad de Movilidad Humana en el cant\u00f3n Quito, la Defensor\u00eda P\u00fablica de Pichincha realiz\u00f3, el 10 de septiembre, una jornada de capacitaci\u00f3n sobre Movilidad Humana dirigida a asistentes legales, en el edificio matriz.<\/p>\n<p style=\"text-align: justify;\">La finalidad del curso fue direccionar de manera adecuada los servicios que entrega gratuitamente la Instituci\u00f3n, en esta materia, se\u00f1al\u00f3 la defensora p\u00fablica provincial, Andrea Guerrero.<\/p>\n<p style=\"text-align: justify;\">Los facilitadores Juan Rivadeneira, de ACNUR; Andr\u00e9s Aguirre de la Unidad de V\u00edctima de la Defensor\u00eda P\u00fablica y Nina Guerrero, defensora p\u00fablica, experta en Movilidad Humana, explicaron las l\u00edneas de atenci\u00f3n que se entrega a la poblaci\u00f3n en estado de vulnerabilidad por su condici\u00f3n de Movilidad Humana y que est\u00e1n relacionadas con: regularizaci\u00f3n, visas, refugio, inadmisi\u00f3n de procesos y deportaciones.<\/p>\n<p>[\/et_pb_text][et_pb_gallery gallery_ids=\u00bb6367,6366,6385&#8243; _builder_version=\u00bb3.26.4&#8243;][\/et_pb_gallery][\/et_pb_column][et_pb_column type=\u00bb1_4&#8243; _builder_version=\u00bb3.26.4&#8243;][et_pb_sidebar _builder_version=\u00bb3.26.4&#8243;][\/et_pb_sidebar][\/et_pb_column][\/et_pb_row][\/et_pb_section]<\/p>\n","protected":false},"excerpt":{"rendered":"<p>Como parte del fortalecimiento institucional y tras la creaci\u00f3n de la Unidad de Movilidad Humana en el cant\u00f3n Quito, la Defensor\u00eda P\u00fablica de Pichincha realiz\u00f3, el 10 de septiembre, una [&hellip;]<\/p>\n","protected":false},"author":1,"featured_media":6367,"comment_status":"open","ping_status":"closed","template":"","meta":{"_et_pb_use_builder":"on","_et_pb_old_content":"","_et_gb_content_width":"","footnotes":""},"project_category":[8,5],"project_tag":[],"class_list":["post-6365","project","type-project","status-publish","has-post-thumbnail","hentry","project_category-cerca-a-ti","project_category-noticias"],"_links":{"self":[{"href":"https:\/\/www.defensoria.gob.ec\/index.php?rest_route=\/wp\/v2\/project\/6365","targetHints":{"allow":["GET"]}}],"collection":[{"href":"https:\/\/www.defensoria.gob.ec\/index.php?rest_route=\/wp\/v2\/project"}],"about":[{"href":"https:\/\/www.defensoria.gob.ec\/index.php?rest_route=\/wp\/v2\/types\/project"}],"author":[{"embeddable":true,"href":"https:\/\/www.defensoria.gob.ec\/index.php?rest_route=\/wp\/v2\/users\/1"}],"replies":[{"embeddable":true,"href":"https:\/\/www.defensoria.gob.ec\/index.php?rest_route=%2Fwp%2Fv2%2Fcomments&post=6365"}],"version-history":[{"count":0,"href":"https:\/\/www.defensoria.gob.ec\/index.php?rest_route=\/wp\/v2\/project\/6365\/revisions"}],"wp:featuredmedia":[{"embeddable":true,"href":"https:\/\/www.defensoria.gob.ec\/index.php?rest_route=\/wp\/v2\/media\/6367"}],"wp:attachment":[{"href":"https:\/\/www.defensoria.gob.ec\/index.php?rest_route=%2Fwp%2Fv2%2Fmedia&parent=6365"}],"wp:term":[{"taxonomy":"project_category","embeddable":true,"href":"https:\/\/www.defensoria.gob.ec\/index.php?rest_route=%2Fwp%2Fv2%2Fproject_category&post=6365"},{"taxonomy":"project_tag","embeddable":true,"href":"https:\/\/www.defensoria.gob.ec\/index.php?rest_route=%2Fwp%2Fv2%2Fproject_tag&post=6365"}],"curies":[{"name":"wp","href":"https:\/\/api.w.org\/{rel}","templated":true}]}}