{"id":5995,"date":"2019-08-22T20:54:54","date_gmt":"2019-08-22T20:54:54","guid":{"rendered":"https:\/\/www.defensoria.gob.ec\/?post_type=project&#038;p=5995"},"modified":"2019-08-22T20:54:54","modified_gmt":"2019-08-22T20:54:54","slug":"cotopaxi-feria-ciudadana-de-difusion-de-servicios-en-el-canton-salcedo","status":"publish","type":"project","link":"https:\/\/www.defensoria.gob.ec\/?project=cotopaxi-feria-ciudadana-de-difusion-de-servicios-en-el-canton-salcedo","title":{"rendered":"Cotopaxi: Feria ciudadana de difusi\u00f3n de servicios en el cant\u00f3n Salcedo"},"content":{"rendered":"<p>[et_pb_section fb_built=\u00bb1&#8243; _builder_version=\u00bb3.26.4&#8243;][et_pb_row _builder_version=\u00bb3.26.4&#8243; column_structure=\u00bb3_4,1_4&#8243;][et_pb_column _builder_version=\u00bb3.26.4&#8243; type=\u00bb3_4&#8243;][et_pb_post_title _builder_version=\u00bb3.26.4&#8243; meta=\u00bboff\u00bb featured_image=\u00bboff\u00bb][\/et_pb_post_title][et_pb_text _builder_version=\u00bb3.26.4&#8243;]<\/p>\n<p style=\"text-align: justify;\">La Defensor\u00eda P\u00fablica de Cotopaxi realiz\u00f3, el\u00a0 14 de agosto, \u00a0una feria informativa en la Plaza Augusto D\u00e1valos, del barrio Econ\u00f3mico,\u00a0 del cant\u00f3n Salcedo. Alrededor de 60 usuarios recibieron asesor\u00eda legal por parte del defensor p\u00fablico provincial, Santiago Chipantasig y del defensor p\u00fablico, Wilson Proa\u00f1o.<\/p>\n<p style=\"text-align: justify;\">Los funcionarios explicaron a la ciudadan\u00eda sobre los servicios gratuitos que ofrece la Defensor\u00eda P\u00fablica, como asesor\u00edas y patrocinios legales a todas las personas que por su condici\u00f3n econ\u00f3mica y social, se encuentran es estado de vulnerabilidad o no pueden contratar un abogado particular.<\/p>\n<p>[\/et_pb_text][et_pb_gallery _builder_version=\u00bb3.26.4&#8243; gallery_ids=\u00bb5985&#8243;][\/et_pb_gallery][\/et_pb_column][et_pb_column _builder_version=\u00bb3.26.4&#8243; type=\u00bb1_4&#8243;][et_pb_sidebar _builder_version=\u00bb3.26.4&#8243;][\/et_pb_sidebar][\/et_pb_column][\/et_pb_row][\/et_pb_section]<\/p>\n","protected":false},"excerpt":{"rendered":"<p>La Defensor\u00eda P\u00fablica de Cotopaxi realiz\u00f3, el\u00a0 14 de agosto, \u00a0una feria informativa en la Plaza Augusto D\u00e1valos, del barrio Econ\u00f3mico,\u00a0 del cant\u00f3n Salcedo. Alrededor de 60 usuarios recibieron asesor\u00eda [&hellip;]<\/p>\n","protected":false},"author":1,"featured_media":5985,"comment_status":"open","ping_status":"closed","template":"","meta":{"_et_pb_use_builder":"on","_et_pb_old_content":"","_et_gb_content_width":"","footnotes":""},"project_category":[8,5],"project_tag":[],"class_list":["post-5995","project","type-project","status-publish","has-post-thumbnail","hentry","project_category-cerca-a-ti","project_category-noticias"],"_links":{"self":[{"href":"https:\/\/www.defensoria.gob.ec\/index.php?rest_route=\/wp\/v2\/project\/5995","targetHints":{"allow":["GET"]}}],"collection":[{"href":"https:\/\/www.defensoria.gob.ec\/index.php?rest_route=\/wp\/v2\/project"}],"about":[{"href":"https:\/\/www.defensoria.gob.ec\/index.php?rest_route=\/wp\/v2\/types\/project"}],"author":[{"embeddable":true,"href":"https:\/\/www.defensoria.gob.ec\/index.php?rest_route=\/wp\/v2\/users\/1"}],"replies":[{"embeddable":true,"href":"https:\/\/www.defensoria.gob.ec\/index.php?rest_route=%2Fwp%2Fv2%2Fcomments&post=5995"}],"version-history":[{"count":0,"href":"https:\/\/www.defensoria.gob.ec\/index.php?rest_route=\/wp\/v2\/project\/5995\/revisions"}],"wp:featuredmedia":[{"embeddable":true,"href":"https:\/\/www.defensoria.gob.ec\/index.php?rest_route=\/wp\/v2\/media\/5985"}],"wp:attachment":[{"href":"https:\/\/www.defensoria.gob.ec\/index.php?rest_route=%2Fwp%2Fv2%2Fmedia&parent=5995"}],"wp:term":[{"taxonomy":"project_category","embeddable":true,"href":"https:\/\/www.defensoria.gob.ec\/index.php?rest_route=%2Fwp%2Fv2%2Fproject_category&post=5995"},{"taxonomy":"project_tag","embeddable":true,"href":"https:\/\/www.defensoria.gob.ec\/index.php?rest_route=%2Fwp%2Fv2%2Fproject_tag&post=5995"}],"curies":[{"name":"wp","href":"https:\/\/api.w.org\/{rel}","templated":true}]}}