{"id":5692,"date":"2019-08-01T22:11:12","date_gmt":"2019-08-01T22:11:12","guid":{"rendered":"https:\/\/www.defensoria.gob.ec\/?post_type=project&#038;p=5692"},"modified":"2019-08-01T22:11:12","modified_gmt":"2019-08-01T22:11:12","slug":"carchi-mesa-de-justicia-evalua-servicios-publicos-en-zona-fronteriza","status":"publish","type":"project","link":"https:\/\/www.defensoria.gob.ec\/?project=carchi-mesa-de-justicia-evalua-servicios-publicos-en-zona-fronteriza","title":{"rendered":"Carchi: Mesa de Justicia eval\u00faa servicios p\u00fablicos en zona fronteriza"},"content":{"rendered":"<p>[et_pb_section fb_built=\u00bb1&#8243; _builder_version=\u00bb3.26.4&#8243;][et_pb_row _builder_version=\u00bb3.26.4&#8243; column_structure=\u00bb3_4,1_4&#8243;][et_pb_column _builder_version=\u00bb3.26.4&#8243; type=\u00bb3_4&#8243;][et_pb_post_title _builder_version=\u00bb3.26.4&#8243; meta=\u00bboff\u00bb featured_image=\u00bboff\u00bb][\/et_pb_post_title][et_pb_text _builder_version=\u00bb3.26.4&#8243;]<\/p>\n<p style=\"text-align: justify;\">En las oficinas del\u00a0 ECU 911 &#8211; Tulc\u00e1n, se cumpli\u00f3 la reuni\u00f3n peri\u00f3dica de la Mesa de Justicia. Participaron representantes del CRS de Tulc\u00e1n; Consejo de la Judicatura del Carchi, Gobernaci\u00f3n Carchi, Polic\u00eda Nacional, Aduana, Fuerzas Armadas, Agrocalidad, Agencia Nacional de Hidrocarburos, ECU 911, Defensor\u00eda del Pueblo, Fiscal\u00eda, Defensor\u00eda P\u00fablica.<\/p>\n<p style=\"text-align: justify;\">En esta reuni\u00f3n se evaluaron los resultados de los compromisos asumidos en reuniones pasadas en cuanto a las tareas de cada una de las instituciones participantes. El prop\u00f3sito dar seguimiento a los servicios p\u00fablicos, para garantizar la prestaci\u00f3n de servicios p\u00fablicos de calidad a la comunidad de la zona fronteriza.\u00a0<\/p>\n<p style=\"text-align: justify;\">En otro tema, en las Oficinas de la Defensor\u00eda P\u00fablica en la ciudad de Tulc\u00e1n, provincia del Carchi, se desarroll\u00f3 el taller: Violencia Basada en G\u00e9nero\u201d;<strong>\u00a0<\/strong> Conocimientos y herramientas para el abordaje de casos.<\/p>\n<p style=\"text-align: justify;\">Este taller, cont\u00f3 con instructores de ACNUR y de la fundaci\u00f3n Alas del Colibr\u00ed.\u00a0 Estuvo dirigidos a Defensores P\u00fablicos y abogados del Consultorio Jur\u00eddico Gratuito de la UNIANDES<\/p>\n<p style=\"text-align: justify;\">Ab. Edison Ald\u00e1z Mart\u00ednez, Defensor P\u00fablico Provincial del Carchi, al intervenir en la clausura del evento, rescat\u00f3 la importancia de este tipo de jornadas de capacitaci\u00f3n, ya que permiten que los profesionales que administran justicia tengan nuevas herramientas para ofrecer servicios de defensa t\u00e9cnica especialmente a las v\u00edctimas de Violencia.<\/p>\n<p>[\/et_pb_text][et_pb_gallery _builder_version=\u00bb3.26.4&#8243; gallery_ids=\u00bb5694,5693&#8243;][\/et_pb_gallery][\/et_pb_column][et_pb_column _builder_version=\u00bb3.26.4&#8243; type=\u00bb1_4&#8243;][et_pb_sidebar _builder_version=\u00bb3.26.4&#8243;][\/et_pb_sidebar][\/et_pb_column][\/et_pb_row][\/et_pb_section]<\/p>\n","protected":false},"excerpt":{"rendered":"<p>En las oficinas del\u00a0 ECU 911 &#8211; Tulc\u00e1n, se cumpli\u00f3 la reuni\u00f3n peri\u00f3dica de la Mesa de Justicia. Participaron representantes del CRS de Tulc\u00e1n; Consejo de la Judicatura del Carchi, [&hellip;]<\/p>\n","protected":false},"author":1,"featured_media":5694,"comment_status":"open","ping_status":"closed","template":"","meta":{"_et_pb_use_builder":"on","_et_pb_old_content":"","_et_gb_content_width":"","footnotes":""},"project_category":[8,5],"project_tag":[],"class_list":["post-5692","project","type-project","status-publish","has-post-thumbnail","hentry","project_category-cerca-a-ti","project_category-noticias"],"_links":{"self":[{"href":"https:\/\/www.defensoria.gob.ec\/index.php?rest_route=\/wp\/v2\/project\/5692","targetHints":{"allow":["GET"]}}],"collection":[{"href":"https:\/\/www.defensoria.gob.ec\/index.php?rest_route=\/wp\/v2\/project"}],"about":[{"href":"https:\/\/www.defensoria.gob.ec\/index.php?rest_route=\/wp\/v2\/types\/project"}],"author":[{"embeddable":true,"href":"https:\/\/www.defensoria.gob.ec\/index.php?rest_route=\/wp\/v2\/users\/1"}],"replies":[{"embeddable":true,"href":"https:\/\/www.defensoria.gob.ec\/index.php?rest_route=%2Fwp%2Fv2%2Fcomments&post=5692"}],"version-history":[{"count":0,"href":"https:\/\/www.defensoria.gob.ec\/index.php?rest_route=\/wp\/v2\/project\/5692\/revisions"}],"wp:featuredmedia":[{"embeddable":true,"href":"https:\/\/www.defensoria.gob.ec\/index.php?rest_route=\/wp\/v2\/media\/5694"}],"wp:attachment":[{"href":"https:\/\/www.defensoria.gob.ec\/index.php?rest_route=%2Fwp%2Fv2%2Fmedia&parent=5692"}],"wp:term":[{"taxonomy":"project_category","embeddable":true,"href":"https:\/\/www.defensoria.gob.ec\/index.php?rest_route=%2Fwp%2Fv2%2Fproject_category&post=5692"},{"taxonomy":"project_tag","embeddable":true,"href":"https:\/\/www.defensoria.gob.ec\/index.php?rest_route=%2Fwp%2Fv2%2Fproject_tag&post=5692"}],"curies":[{"name":"wp","href":"https:\/\/api.w.org\/{rel}","templated":true}]}}