{"id":5645,"date":"2019-07-30T20:37:43","date_gmt":"2019-07-30T20:37:43","guid":{"rendered":"https:\/\/www.defensoria.gob.ec\/?post_type=project&#038;p=5645"},"modified":"2019-07-31T13:58:37","modified_gmt":"2019-07-31T13:58:37","slug":"capacitacion-sobre-temas-de-economia-popular-y-solidaria","status":"publish","type":"project","link":"https:\/\/www.defensoria.gob.ec\/?project=capacitacion-sobre-temas-de-economia-popular-y-solidaria","title":{"rendered":"Santo Domingo: Capacitaci\u00f3n sobre temas de Econom\u00eda Popular y Solidaria"},"content":{"rendered":"\n[et_pb_section fb_built=\u00bb1&#8243; _builder_version=\u00bb3.26.4&#8243;][et_pb_row _builder_version=\u00bb3.26.4&#8243; column_structure=\u00bb3_4,1_4&#8243;][et_pb_column _builder_version=\u00bb3.26.4&#8243; type=\u00bb3_4&#8243;][et_pb_post_title _builder_version=\u00bb3.26.4&#8243; meta=\u00bboff\u00bb featured_image=\u00bboff\u00bb][\/et_pb_post_title][et_pb_text _builder_version=\u00bb3.26.4&#8243;]<p style=\"text-align: justify;\">El Defensor P\u00fablico provincial de Santo Domingo, Abg. Mauricio Sotal\u00edn, particip\u00f3 como ponente en una jornada de capacitaci\u00f3n, organizada por la Superintendencia de Econom\u00eda Popular y Solidaria, con el tema \u201cLa Constituci\u00f3n frente al debido proceso, en beneficio de los sectores productivos, enmarcados en la Econom\u00eda Popular y Solidaria\u201d.<\/p>\n<p style=\"text-align: justify;\">El objetivo de la capacitaci\u00f3n fue aclarar dudas sobre el debido proceso de los artesanos y trabajadores de los sectores; agr\u00edcola, textil y de alimentos. Se abordaron temas como: Normativa de Econom\u00eda Popular y Solidaria, Requisitos para la Constituci\u00f3n de una Asociaci\u00f3n en la Econom\u00eda Popular y Solidaria y \u00a0c\u00f3mo realizar contratos, mediante el sistema de compras p\u00fablicas.<\/p>\n<p style=\"text-align: justify;\">En otro tema, El Ab. Sotal\u00edn se reuni\u00f3\u00a0 con el Fiscal Provincial,\u00a0 Dr. Rub\u00e9n Guevara,\u00a0 en la que se trataron temas de inter\u00e9s de ambas instituciones de la Funci\u00f3n Judicial, como la \u00a0viabilizaci\u00f3n de acciones el departamento de V\u00edctimas y la Coordinaci\u00f3n de diligencias entre la Fiscal\u00eda y la Defensor\u00eda P\u00fablica. Ambas autoridades comprometieron su labor en beneficio de celeridad procesal, en favor de los ciudadanos de Santo\u00a0Domingo\u00a0de los Ts\u00e1chilas y de la poblaci\u00f3n carcelaria.<\/p>\n<p style=\"text-align: justify;\">El\u00a0Abg. Mauricio Sotal\u00edn Defensor P\u00fablico Provincial de Santo Domingo\u00a0de los Ts\u00e1chilas, visit\u00f3 las instalaciones de Defensor\u00eda P\u00fablica del Cant\u00f3n la Concordia, con la finalidad de revisar la gesti\u00f3n de la Defensor\u00eda en ese cant\u00f3n. Adem\u00e1s cumpli\u00f3 actividades de asesor\u00eda legal en las materias de ni\u00f1ez y laboral.<\/p>\n[\/et_pb_text][et_pb_gallery _builder_version=\u00bb3.26.4&#8243; gallery_ids=\u00bb5646&#8243;][\/et_pb_gallery][\/et_pb_column][et_pb_column _builder_version=\u00bb3.26.4&#8243; type=\u00bb1_4&#8243;][et_pb_sidebar _builder_version=\u00bb3.26.4&#8243;][\/et_pb_sidebar][\/et_pb_column][\/et_pb_row][\/et_pb_section]\n","protected":false},"excerpt":{"rendered":"<p>El Defensor P\u00fablico provincial de Santo Domingo, Abg. Mauricio Sotal\u00edn, particip\u00f3 como ponente en una jornada de capacitaci\u00f3n, organizada por la Superintendencia de Econom\u00eda Popular y Solidaria, con el tema [&hellip;]<\/p>\n","protected":false},"author":1,"featured_media":5646,"comment_status":"open","ping_status":"closed","template":"","meta":{"_et_pb_use_builder":"on","_et_pb_old_content":"","_et_gb_content_width":"","footnotes":""},"project_category":[8,5],"project_tag":[],"class_list":["post-5645","project","type-project","status-publish","has-post-thumbnail","hentry","project_category-cerca-a-ti","project_category-noticias"],"_links":{"self":[{"href":"https:\/\/www.defensoria.gob.ec\/index.php?rest_route=\/wp\/v2\/project\/5645","targetHints":{"allow":["GET"]}}],"collection":[{"href":"https:\/\/www.defensoria.gob.ec\/index.php?rest_route=\/wp\/v2\/project"}],"about":[{"href":"https:\/\/www.defensoria.gob.ec\/index.php?rest_route=\/wp\/v2\/types\/project"}],"author":[{"embeddable":true,"href":"https:\/\/www.defensoria.gob.ec\/index.php?rest_route=\/wp\/v2\/users\/1"}],"replies":[{"embeddable":true,"href":"https:\/\/www.defensoria.gob.ec\/index.php?rest_route=%2Fwp%2Fv2%2Fcomments&post=5645"}],"version-history":[{"count":0,"href":"https:\/\/www.defensoria.gob.ec\/index.php?rest_route=\/wp\/v2\/project\/5645\/revisions"}],"wp:featuredmedia":[{"embeddable":true,"href":"https:\/\/www.defensoria.gob.ec\/index.php?rest_route=\/wp\/v2\/media\/5646"}],"wp:attachment":[{"href":"https:\/\/www.defensoria.gob.ec\/index.php?rest_route=%2Fwp%2Fv2%2Fmedia&parent=5645"}],"wp:term":[{"taxonomy":"project_category","embeddable":true,"href":"https:\/\/www.defensoria.gob.ec\/index.php?rest_route=%2Fwp%2Fv2%2Fproject_category&post=5645"},{"taxonomy":"project_tag","embeddable":true,"href":"https:\/\/www.defensoria.gob.ec\/index.php?rest_route=%2Fwp%2Fv2%2Fproject_tag&post=5645"}],"curies":[{"name":"wp","href":"https:\/\/api.w.org\/{rel}","templated":true}]}}