{"id":5362,"date":"2019-07-17T19:22:09","date_gmt":"2019-07-17T19:22:09","guid":{"rendered":"https:\/\/www.defensoria.gob.ec\/?post_type=project&#038;p=5362"},"modified":"2019-07-23T17:33:54","modified_gmt":"2019-07-23T17:33:54","slug":"la-defensoria-publica-fortalece-el-trabajo-con-apoyo-interinstitucional","status":"publish","type":"project","link":"https:\/\/www.defensoria.gob.ec\/?project=la-defensoria-publica-fortalece-el-trabajo-con-apoyo-interinstitucional","title":{"rendered":"La Defensor\u00eda P\u00fablica fortalece el trabajo con apoyo interinstitucional"},"content":{"rendered":"<p>[et_pb_section fb_built=\u00bb1&#8243; _builder_version=\u00bb3.26.3&#8243;][et_pb_row _builder_version=\u00bb3.26.3&#8243;][et_pb_column type=\u00bb4_4&#8243; _builder_version=\u00bb3.26.3&#8243;][et_pb_post_title meta=\u00bboff\u00bb featured_image=\u00bboff\u00bb _builder_version=\u00bb3.26.3&#8243;][\/et_pb_post_title][et_pb_text _builder_version=\u00bb3.26.3&#8243;]<\/p>\n<p style=\"text-align: justify;\">El Defensor P\u00fablico General, Dr. \u00c1ngel Torres Machuca, contin\u00faa con el fortalecimiento institucional. Como parte de la aplicaci\u00f3n del Convenio Marco de Cooperaci\u00f3n Interinstitucional, suscrito con la C\u00e1mara de Industrias y Comercio Ecuatoriano \u2013 Alemana,\u00a0 se desarrollaron conversatorios dirigidos por la experta en gesti\u00f3n de pol\u00edtica p\u00fablica, abogada Silvia Wollersheim.<\/p>\n<p style=\"text-align: justify;\">Las charlas, a las que asistieron representantes de las \u00e1reas misional y administrativa de la Defensor\u00eda P\u00fablica, se centraron en el cumplimiento del objetivo del convenio que es generar mecanismos de articulaci\u00f3n interinstitucional apropiados, para el perfeccionamiento de las habilidades el trabajo de los Defensores P\u00fablicos.<\/p>\n<p style=\"text-align: justify;\">El Dr. Torres en referencia a la capacitaci\u00f3n t\u00e9cnica permanente que necesitan los defensores p\u00fablicos, dijo \u00a0\u201cCada decisi\u00f3n dentro del ejercicio de la defensa t\u00e9cnica es una labor valiosa que tiene que\u00a0 ser realizada con m\u00edstica de quien se compromete a auxiliar a una persona en una situaci\u00f3n que afectar\u00e1 toda su vida. En la Instituci\u00f3n debemos asumir responsabilidad y compromiso con nuestros defendidos, fortalecer el sistema democr\u00e1tico y los mecanismos de participaci\u00f3n representativa, directa y comunitaria. La Defensa p\u00fablica t\u00e9cnica impacta al sistema y nos convierte en defensores de la democracia, a favor del ser humano y de su dignidad\u201d.<\/p>\n<p style=\"text-align: justify;\">El Convenio Marco de Cooperaci\u00f3n Interinstitucional entre la Defensor\u00eda P\u00fablica y la C\u00e1mara de Industrias y Comercio Ecuatoriano \u2013 Alemana,\u00a0 firmado en la presente administraci\u00f3n, tiene una duraci\u00f3n de dos a\u00f1os. Establece como compromisos de la Defensor\u00eda P\u00fablica, dirigir y coordinar instrumentos que faciliten las actividades de perfeccionamiento de la defensa t\u00e9cnica, planificar actividades de especializaci\u00f3n y promover espacios de difusi\u00f3n y\u00a0 retroalimentaci\u00f3n.\u00a0 Mientras que la C\u00e1mara se compromete a generar mecanismos de articulaci\u00f3n interinstitucional, impulsar y participar en eventos sobre el perfeccionamiento de la defensa t\u00e9cnica.<\/p>\n<p>[\/et_pb_text][et_pb_gallery gallery_ids=\u00bb5363&#8243; _builder_version=\u00bb3.26.3&#8243;][\/et_pb_gallery][\/et_pb_column][\/et_pb_row][\/et_pb_section]<\/p>\n","protected":false},"excerpt":{"rendered":"<p>El Defensor P\u00fablico General, Dr. \u00c1ngel Torres Machuca, contin\u00faa con el fortalecimiento institucional. Como parte de la aplicaci\u00f3n del Convenio Marco de Cooperaci\u00f3n Interinstitucional, suscrito con la C\u00e1mara de Industrias [&hellip;]<\/p>\n","protected":false},"author":1,"featured_media":5363,"comment_status":"open","ping_status":"closed","template":"","meta":{"_et_pb_use_builder":"on","_et_pb_old_content":"","_et_gb_content_width":"","footnotes":""},"project_category":[5],"project_tag":[],"class_list":["post-5362","project","type-project","status-publish","has-post-thumbnail","hentry","project_category-noticias"],"_links":{"self":[{"href":"https:\/\/www.defensoria.gob.ec\/index.php?rest_route=\/wp\/v2\/project\/5362","targetHints":{"allow":["GET"]}}],"collection":[{"href":"https:\/\/www.defensoria.gob.ec\/index.php?rest_route=\/wp\/v2\/project"}],"about":[{"href":"https:\/\/www.defensoria.gob.ec\/index.php?rest_route=\/wp\/v2\/types\/project"}],"author":[{"embeddable":true,"href":"https:\/\/www.defensoria.gob.ec\/index.php?rest_route=\/wp\/v2\/users\/1"}],"replies":[{"embeddable":true,"href":"https:\/\/www.defensoria.gob.ec\/index.php?rest_route=%2Fwp%2Fv2%2Fcomments&post=5362"}],"version-history":[{"count":0,"href":"https:\/\/www.defensoria.gob.ec\/index.php?rest_route=\/wp\/v2\/project\/5362\/revisions"}],"wp:featuredmedia":[{"embeddable":true,"href":"https:\/\/www.defensoria.gob.ec\/index.php?rest_route=\/wp\/v2\/media\/5363"}],"wp:attachment":[{"href":"https:\/\/www.defensoria.gob.ec\/index.php?rest_route=%2Fwp%2Fv2%2Fmedia&parent=5362"}],"wp:term":[{"taxonomy":"project_category","embeddable":true,"href":"https:\/\/www.defensoria.gob.ec\/index.php?rest_route=%2Fwp%2Fv2%2Fproject_category&post=5362"},{"taxonomy":"project_tag","embeddable":true,"href":"https:\/\/www.defensoria.gob.ec\/index.php?rest_route=%2Fwp%2Fv2%2Fproject_tag&post=5362"}],"curies":[{"name":"wp","href":"https:\/\/api.w.org\/{rel}","templated":true}]}}