{"id":5338,"date":"2019-07-16T21:11:29","date_gmt":"2019-07-16T21:11:29","guid":{"rendered":"https:\/\/www.defensoria.gob.ec\/?post_type=project&#038;p=5338"},"modified":"2019-07-16T21:12:06","modified_gmt":"2019-07-16T21:12:06","slug":"loja-se-instala-mesa-de-genero-y-diversidad","status":"publish","type":"project","link":"https:\/\/www.defensoria.gob.ec\/?project=loja-se-instala-mesa-de-genero-y-diversidad","title":{"rendered":"Loja: Se instala Mesa de G\u00e9nero y Diversidad"},"content":{"rendered":"<p>[et_pb_section fb_built=\u00bb1&#8243; _builder_version=\u00bb3.26.1&#8243;][et_pb_row _builder_version=\u00bb3.26.1&#8243; column_structure=\u00bb3_4,1_4&#8243;][et_pb_column _builder_version=\u00bb3.26.1&#8243; type=\u00bb3_4&#8243;][et_pb_post_title _builder_version=\u00bb3.26.1&#8243; meta=\u00bboff\u00bb featured_image=\u00bboff\u00bb][\/et_pb_post_title][et_pb_text _builder_version=\u00bb3.26.1&#8243;]<\/p>\n<p style=\"text-align: justify;\">El 10 de junio, la Defensora P\u00fablica provincial de Loja, Mar\u00eda Cristina Meneses, particip\u00f3 en la Mesa de G\u00e9nero y Diversidades. Durante el encuentro de trabajo socializaron la aprobaci\u00f3n de una ordenanza enmarcada en la prevenci\u00f3n de violencia intrafamiliar. Para ello est\u00e1 previsto la articulaci\u00f3n de un trabajo interinstitucional\u00a0 con 16\u00a0 Gobiernos Aut\u00f3nomos Descentralizado (GAD\u00b4s)\u00a0 de la provincia.<\/p>\n<p style=\"text-align: justify;\">La autoridad provincial de la Defensor\u00eda P\u00fablica, solicit\u00f3 la revisi\u00f3n de dicha ordenanza ya que la pr\u00e1ctica en temas de violencia es diferente en cada cant\u00f3n. \u00a0Hay que procurar, dijo \u201cque no sea un documento m\u00e1s, sino que realmente permita poner en pr\u00e1ctica y brindar resultados \u00f3ptimos en materia de prevenci\u00f3n de violencia\u201d.<\/p>\n<p style=\"text-align: justify;\">En otro tema, la Defensora P\u00fablica de la provincia de Loja, Mar\u00eda Cristina Meneses, mantuvo una entrevista en Canal Sur, estaci\u00f3n televisiva local.\u00a0 Fue la oportunidad para socializar el trabajo que presta la Unidad de V\u00edctimas de la Defensor\u00eda P\u00fablica en el cant\u00f3n.\u00a0 Explic\u00f3; que hacer en caso de ser v\u00edctimas de violencia, cu\u00e1les son las formas de violencia y qu\u00e9 se necesita para hacer una denuncia. \u201cSomos una instituci\u00f3n que fortalece el ejercicio de los derechos, garantizando\u00a0 el pleno acceso a la justicia. Es una prioridad para nosotros atender oportunamente a las v\u00edctimas\u201d, se\u00f1al\u00f3.<\/p>\n<p>[\/et_pb_text][et_pb_gallery _builder_version=\u00bb3.26.1&#8243; gallery_ids=\u00bb5340,5339&#8243;][\/et_pb_gallery][\/et_pb_column][et_pb_column _builder_version=\u00bb3.26.1&#8243; type=\u00bb1_4&#8243;][et_pb_sidebar _builder_version=\u00bb3.26.1&#8243;][\/et_pb_sidebar][\/et_pb_column][\/et_pb_row][\/et_pb_section]<\/p>\n","protected":false},"excerpt":{"rendered":"<p>El 10 de junio, la Defensora P\u00fablica provincial de Loja, Mar\u00eda Cristina Meneses, particip\u00f3 en la Mesa de G\u00e9nero y Diversidades. Durante el encuentro de trabajo socializaron la aprobaci\u00f3n de [&hellip;]<\/p>\n","protected":false},"author":1,"featured_media":5339,"comment_status":"open","ping_status":"closed","template":"","meta":{"_et_pb_use_builder":"on","_et_pb_old_content":"","_et_gb_content_width":"","footnotes":""},"project_category":[8,5],"project_tag":[],"class_list":["post-5338","project","type-project","status-publish","has-post-thumbnail","hentry","project_category-cerca-a-ti","project_category-noticias"],"_links":{"self":[{"href":"https:\/\/www.defensoria.gob.ec\/index.php?rest_route=\/wp\/v2\/project\/5338","targetHints":{"allow":["GET"]}}],"collection":[{"href":"https:\/\/www.defensoria.gob.ec\/index.php?rest_route=\/wp\/v2\/project"}],"about":[{"href":"https:\/\/www.defensoria.gob.ec\/index.php?rest_route=\/wp\/v2\/types\/project"}],"author":[{"embeddable":true,"href":"https:\/\/www.defensoria.gob.ec\/index.php?rest_route=\/wp\/v2\/users\/1"}],"replies":[{"embeddable":true,"href":"https:\/\/www.defensoria.gob.ec\/index.php?rest_route=%2Fwp%2Fv2%2Fcomments&post=5338"}],"version-history":[{"count":0,"href":"https:\/\/www.defensoria.gob.ec\/index.php?rest_route=\/wp\/v2\/project\/5338\/revisions"}],"wp:featuredmedia":[{"embeddable":true,"href":"https:\/\/www.defensoria.gob.ec\/index.php?rest_route=\/wp\/v2\/media\/5339"}],"wp:attachment":[{"href":"https:\/\/www.defensoria.gob.ec\/index.php?rest_route=%2Fwp%2Fv2%2Fmedia&parent=5338"}],"wp:term":[{"taxonomy":"project_category","embeddable":true,"href":"https:\/\/www.defensoria.gob.ec\/index.php?rest_route=%2Fwp%2Fv2%2Fproject_category&post=5338"},{"taxonomy":"project_tag","embeddable":true,"href":"https:\/\/www.defensoria.gob.ec\/index.php?rest_route=%2Fwp%2Fv2%2Fproject_tag&post=5338"}],"curies":[{"name":"wp","href":"https:\/\/api.w.org\/{rel}","templated":true}]}}