{"id":5276,"date":"2019-07-11T19:57:56","date_gmt":"2019-07-11T19:57:56","guid":{"rendered":"https:\/\/www.defensoria.gob.ec\/?post_type=project&#038;p=5276"},"modified":"2019-07-11T19:59:10","modified_gmt":"2019-07-11T19:59:10","slug":"defensoria-publica-y-municipalidad-acuerdan-firmar-un-convenio-de-cooperacion","status":"publish","type":"project","link":"https:\/\/www.defensoria.gob.ec\/?project=defensoria-publica-y-municipalidad-acuerdan-firmar-un-convenio-de-cooperacion","title":{"rendered":"Loja: Defensor\u00eda P\u00fablica y Municipalidad acuerdan firmar un convenio de cooperaci\u00f3n"},"content":{"rendered":"\n[et_pb_section fb_built=\u00bb1&#8243; _builder_version=\u00bb3.25.3&#8243;][et_pb_row column_structure=\u00bb3_4,1_4&#8243; _builder_version=\u00bb3.25.3&#8243;][et_pb_column type=\u00bb3_4&#8243; _builder_version=\u00bb3.25.3&#8243;][et_pb_post_title meta=\u00bboff\u00bb featured_image=\u00bboff\u00bb _builder_version=\u00bb3.25.3&#8243;][\/et_pb_post_title][et_pb_text _builder_version=\u00bb3.25.3&#8243;]<p style=\"text-align: justify;\">El 10 de julio, la Defensora P\u00fablica provincial de Loja, Mar\u00eda Cristina Meneses y el vicealcalde del cant\u00f3n Loja, Nixon Granda, analizan la firma de un convenio de cooperaci\u00f3n interinstitucional con el objetivo de coordinar acciones conjuntas que permitan trabajar por los grupos de atenci\u00f3n prioritaria de la ciudad. La Dra. Meneses, dijo que con este acuerdo se espera fortalecer la defensa de\u00a0 los derechos de\u00a0 personas vulnerables.<\/p>\n<p style=\"text-align: justify;\">En otro \u00e1mbito informativo,\u00a0 1 de julio, la Defensor\u00eda P\u00fablica junto a representantes de la Polic\u00eda Nacional, la Tenencia Pol\u00edtica de San Lucas y autoridades del\u00a0 Municipio de Loja dictaron una charla sobre violencia intrafamiliar a la comunidad de Saraguro. Durante el encuentro abordaron temas como tipos de violencia, \u00a0caracter\u00edsticas de un agresor y las\u00a0 consecuencias de la violencia.<\/p>\n<p style=\"text-align: justify;\">En el encuentro se explic\u00f3 lo que se tiene que hacer cuando una persona es v\u00edctima de maltrato, c\u00f3mo hacer una denuncia e informaron que la Defensor\u00eda P\u00fablica cuenta con un equipo profesional que brinda asesor\u00eda y patrocinio legal gratuita. Adem\u00e1s, socializaron los puntos de atenci\u00f3n en la provincia de Loja.<\/p>\n[\/et_pb_text][et_pb_gallery _builder_version=\u00bb3.25.3&#8243; gallery_ids=\u00bb5278,5277&#8243;][\/et_pb_gallery][\/et_pb_column][et_pb_column type=\u00bb1_4&#8243; _builder_version=\u00bb3.25.3&#8243;][et_pb_sidebar _builder_version=\u00bb3.25.3&#8243;][\/et_pb_sidebar][\/et_pb_column][\/et_pb_row][\/et_pb_section]\n","protected":false},"excerpt":{"rendered":"<p>El 10 de julio, la Defensora P\u00fablica provincial de Loja, Mar\u00eda Cristina Meneses y el vicealcalde del cant\u00f3n Loja, Nixon Granda, analizan la firma de un convenio de cooperaci\u00f3n interinstitucional [&hellip;]<\/p>\n","protected":false},"author":1,"featured_media":5278,"comment_status":"open","ping_status":"closed","template":"","meta":{"_et_pb_use_builder":"on","_et_pb_old_content":"","_et_gb_content_width":"","footnotes":""},"project_category":[8,5],"project_tag":[],"class_list":["post-5276","project","type-project","status-publish","has-post-thumbnail","hentry","project_category-cerca-a-ti","project_category-noticias"],"_links":{"self":[{"href":"https:\/\/www.defensoria.gob.ec\/index.php?rest_route=\/wp\/v2\/project\/5276","targetHints":{"allow":["GET"]}}],"collection":[{"href":"https:\/\/www.defensoria.gob.ec\/index.php?rest_route=\/wp\/v2\/project"}],"about":[{"href":"https:\/\/www.defensoria.gob.ec\/index.php?rest_route=\/wp\/v2\/types\/project"}],"author":[{"embeddable":true,"href":"https:\/\/www.defensoria.gob.ec\/index.php?rest_route=\/wp\/v2\/users\/1"}],"replies":[{"embeddable":true,"href":"https:\/\/www.defensoria.gob.ec\/index.php?rest_route=%2Fwp%2Fv2%2Fcomments&post=5276"}],"version-history":[{"count":0,"href":"https:\/\/www.defensoria.gob.ec\/index.php?rest_route=\/wp\/v2\/project\/5276\/revisions"}],"wp:featuredmedia":[{"embeddable":true,"href":"https:\/\/www.defensoria.gob.ec\/index.php?rest_route=\/wp\/v2\/media\/5278"}],"wp:attachment":[{"href":"https:\/\/www.defensoria.gob.ec\/index.php?rest_route=%2Fwp%2Fv2%2Fmedia&parent=5276"}],"wp:term":[{"taxonomy":"project_category","embeddable":true,"href":"https:\/\/www.defensoria.gob.ec\/index.php?rest_route=%2Fwp%2Fv2%2Fproject_category&post=5276"},{"taxonomy":"project_tag","embeddable":true,"href":"https:\/\/www.defensoria.gob.ec\/index.php?rest_route=%2Fwp%2Fv2%2Fproject_tag&post=5276"}],"curies":[{"name":"wp","href":"https:\/\/api.w.org\/{rel}","templated":true}]}}