{"id":5172,"date":"2019-07-04T20:50:24","date_gmt":"2019-07-04T20:50:24","guid":{"rendered":"https:\/\/www.defensoria.gob.ec\/?post_type=project&#038;p=5172"},"modified":"2019-07-04T21:21:21","modified_gmt":"2019-07-04T21:21:21","slug":"la-defensoria-publica-y-la-snai-afinan-convenio-de-cooperacion-interinstitucional","status":"publish","type":"project","link":"https:\/\/www.defensoria.gob.ec\/?project=la-defensoria-publica-y-la-snai-afinan-convenio-de-cooperacion-interinstitucional","title":{"rendered":"La Defensor\u00eda P\u00fablica y la SNAI afinan convenio de cooperaci\u00f3n interinstitucional"},"content":{"rendered":"<p>[et_pb_section fb_built=\u00bb1&#8243; _builder_version=\u00bb3.25.3&#8243;][et_pb_row _builder_version=\u00bb3.25.3&#8243;][et_pb_column type=\u00bb4_4&#8243; _builder_version=\u00bb3.25.3&#8243;][et_pb_post_title meta=\u00bboff\u00bb featured_image=\u00bboff\u00bb _builder_version=\u00bb3.25.3&#8243;][\/et_pb_post_title][et_pb_text _builder_version=\u00bb3.25.3&#8243; text_font=\u00bb||||||||\u00bb text_text_align=\u00bbjustify\u00bb]<\/p>\n<p>Con el objetivo de afinar detalles para la suscripci\u00f3n de un nuevo convenio de cooperaci\u00f3n interinstitucional se reunieron, este\u00a04 de julio, el Defensor P\u00fablico General (e) D. \u00c1ngel Torres Machuca y el Director del Servicio Nacional de Atenci\u00f3n Integral a Personas Adultas Privadas de Libertad y a Adolescentes Infractores (SNAI) Gral. Edmundo\u00a0\u00a0Moncayo.\u00a0<\/p>\n<p>En la reuni\u00f3n, realizada en el SNAI, tambi\u00e9n se analiz\u00f3 el tema del hacinamiento de las c\u00e1rceles del pa\u00eds, en el marco de la vigencia del Estado de Excepci\u00f3n del sistema de Rehabilitaci\u00f3n Social, decretado por el Gobierno.\u00a0<\/p>\n<p>Los equipos t\u00e9cnicos de ambas instituciones perfilaron los t\u00e9rminos que contendr\u00e1 el convenio, as\u00ed como la coordinaci\u00f3n interinstitucional en los centros de rehabilitaci\u00f3n. Con esta medida se aspira aportar efectivamente al Estado de Excepci\u00f3n.<\/p>\n<p>[\/et_pb_text][et_pb_gallery gallery_ids=\u00bb5173,5183,5182,5181&#8243; _builder_version=\u00bb3.25.3&#8243;][\/et_pb_gallery][\/et_pb_column][\/et_pb_row][\/et_pb_section]<\/p>\n","protected":false},"excerpt":{"rendered":"<p>Con el objetivo de afinar detalles para la suscripci\u00f3n de un nuevo convenio de cooperaci\u00f3n interinstitucional se reunieron, este\u00a04 de julio, el Defensor P\u00fablico General (e) D. \u00c1ngel Torres Machuca [&hellip;]<\/p>\n","protected":false},"author":1,"featured_media":5173,"comment_status":"open","ping_status":"closed","template":"","meta":{"_et_pb_use_builder":"on","_et_pb_old_content":"","_et_gb_content_width":"","footnotes":""},"project_category":[5],"project_tag":[],"class_list":["post-5172","project","type-project","status-publish","has-post-thumbnail","hentry","project_category-noticias"],"_links":{"self":[{"href":"https:\/\/www.defensoria.gob.ec\/index.php?rest_route=\/wp\/v2\/project\/5172","targetHints":{"allow":["GET"]}}],"collection":[{"href":"https:\/\/www.defensoria.gob.ec\/index.php?rest_route=\/wp\/v2\/project"}],"about":[{"href":"https:\/\/www.defensoria.gob.ec\/index.php?rest_route=\/wp\/v2\/types\/project"}],"author":[{"embeddable":true,"href":"https:\/\/www.defensoria.gob.ec\/index.php?rest_route=\/wp\/v2\/users\/1"}],"replies":[{"embeddable":true,"href":"https:\/\/www.defensoria.gob.ec\/index.php?rest_route=%2Fwp%2Fv2%2Fcomments&post=5172"}],"version-history":[{"count":0,"href":"https:\/\/www.defensoria.gob.ec\/index.php?rest_route=\/wp\/v2\/project\/5172\/revisions"}],"wp:featuredmedia":[{"embeddable":true,"href":"https:\/\/www.defensoria.gob.ec\/index.php?rest_route=\/wp\/v2\/media\/5173"}],"wp:attachment":[{"href":"https:\/\/www.defensoria.gob.ec\/index.php?rest_route=%2Fwp%2Fv2%2Fmedia&parent=5172"}],"wp:term":[{"taxonomy":"project_category","embeddable":true,"href":"https:\/\/www.defensoria.gob.ec\/index.php?rest_route=%2Fwp%2Fv2%2Fproject_category&post=5172"},{"taxonomy":"project_tag","embeddable":true,"href":"https:\/\/www.defensoria.gob.ec\/index.php?rest_route=%2Fwp%2Fv2%2Fproject_tag&post=5172"}],"curies":[{"name":"wp","href":"https:\/\/api.w.org\/{rel}","templated":true}]}}