{"id":5088,"date":"2019-06-27T21:01:12","date_gmt":"2019-06-27T21:01:12","guid":{"rendered":"https:\/\/www.defensoria.gob.ec\/?post_type=project&#038;p=5088"},"modified":"2019-06-27T21:01:12","modified_gmt":"2019-06-27T21:01:12","slug":"misional-se-mantienen-las-jornadas-de-capacitacion-a-defensores-publicos","status":"publish","type":"project","link":"https:\/\/www.defensoria.gob.ec\/?project=misional-se-mantienen-las-jornadas-de-capacitacion-a-defensores-publicos","title":{"rendered":"Misional: Se mantienen las jornadas de capacitaci\u00f3n a defensores p\u00fablicos"},"content":{"rendered":"<p>[et_pb_section fb_built=\u00bb1&#8243; _builder_version=\u00bb3.23.3&#8243;][et_pb_row _builder_version=\u00bb3.23.3&#8243;][et_pb_column type=\u00bb3_4&#8243; _builder_version=\u00bb3.23.3&#8243;][et_pb_post_title meta=\u00bboff\u00bb featured_image=\u00bboff\u00bb _builder_version=\u00bb3.23.3&#8243;][\/et_pb_post_title][et_pb_text _builder_version=\u00bb3.23.3&#8243;]<\/p>\n<p style=\"text-align: justify;\">Con el\u00a0 objetivo de avanzar en la capacitaci\u00f3n al personal del \u00e1rea misional, este 25\u00a0 de junio, se realiz\u00f3,\u00a0 en el\u00a0 edificio matriz de la Instituci\u00f3n, el conversatorio \u201cIntroducci\u00f3n a la Criminal\u00edstica\u201d, dirigido por el master en criminolog\u00eda, Bladimir Ram\u00edrez, profesional de origen mexicano.<\/p>\n<p style=\"text-align: justify;\">Defensores p\u00fablicos y\u00a0 asistentes legales de Pichincha, Guayas y Azuay conocieron sobre: la definici\u00f3n de criminolog\u00eda espec\u00edfica, las clases de criminolog\u00eda,\u00a0 las caracter\u00edsticas de criminolog\u00eda aplicada y la criminolog\u00eda especializada.<\/p>\n<p style=\"text-align: justify;\">Dentro de la agenda de capacitaci\u00f3n para este a\u00f1o, la Defensor\u00eda P\u00fablicas prev\u00e9 realizar un seminario de Casaci\u00f3n el\u00a0 11 y\u00a0 el 12 de julio pr\u00f3ximos, en el Paraninfo\u00a0 de la facultad de Jurisprudencia de la Universidad Central del Ecuador, con la participaci\u00f3n de expositores nacionales e internacionales.<\/p>\n<p>[\/et_pb_text][et_pb_gallery _builder_version=\u00bb3.23.3&#8243; gallery_ids=\u00bb5089&#8243;][\/et_pb_gallery][\/et_pb_column][et_pb_column type=\u00bb1_4&#8243; _builder_version=\u00bb3.23.3&#8243;][et_pb_sidebar _builder_version=\u00bb3.23.3&#8243;][\/et_pb_sidebar][\/et_pb_column][\/et_pb_row][\/et_pb_section]<\/p>\n","protected":false},"excerpt":{"rendered":"<p>Con el\u00a0 objetivo de avanzar en la capacitaci\u00f3n al personal del \u00e1rea misional, este 25\u00a0 de junio, se realiz\u00f3,\u00a0 en el\u00a0 edificio matriz de la Instituci\u00f3n, el conversatorio \u201cIntroducci\u00f3n a [&hellip;]<\/p>\n","protected":false},"author":1,"featured_media":5089,"comment_status":"open","ping_status":"closed","template":"","meta":{"_et_pb_use_builder":"on","_et_pb_old_content":"","_et_gb_content_width":"","footnotes":""},"project_category":[8,5],"project_tag":[],"class_list":["post-5088","project","type-project","status-publish","has-post-thumbnail","hentry","project_category-cerca-a-ti","project_category-noticias"],"_links":{"self":[{"href":"https:\/\/www.defensoria.gob.ec\/index.php?rest_route=\/wp\/v2\/project\/5088","targetHints":{"allow":["GET"]}}],"collection":[{"href":"https:\/\/www.defensoria.gob.ec\/index.php?rest_route=\/wp\/v2\/project"}],"about":[{"href":"https:\/\/www.defensoria.gob.ec\/index.php?rest_route=\/wp\/v2\/types\/project"}],"author":[{"embeddable":true,"href":"https:\/\/www.defensoria.gob.ec\/index.php?rest_route=\/wp\/v2\/users\/1"}],"replies":[{"embeddable":true,"href":"https:\/\/www.defensoria.gob.ec\/index.php?rest_route=%2Fwp%2Fv2%2Fcomments&post=5088"}],"version-history":[{"count":0,"href":"https:\/\/www.defensoria.gob.ec\/index.php?rest_route=\/wp\/v2\/project\/5088\/revisions"}],"wp:featuredmedia":[{"embeddable":true,"href":"https:\/\/www.defensoria.gob.ec\/index.php?rest_route=\/wp\/v2\/media\/5089"}],"wp:attachment":[{"href":"https:\/\/www.defensoria.gob.ec\/index.php?rest_route=%2Fwp%2Fv2%2Fmedia&parent=5088"}],"wp:term":[{"taxonomy":"project_category","embeddable":true,"href":"https:\/\/www.defensoria.gob.ec\/index.php?rest_route=%2Fwp%2Fv2%2Fproject_category&post=5088"},{"taxonomy":"project_tag","embeddable":true,"href":"https:\/\/www.defensoria.gob.ec\/index.php?rest_route=%2Fwp%2Fv2%2Fproject_tag&post=5088"}],"curies":[{"name":"wp","href":"https:\/\/api.w.org\/{rel}","templated":true}]}}