{"id":5031,"date":"2019-06-25T19:44:41","date_gmt":"2019-06-25T19:44:41","guid":{"rendered":"https:\/\/www.defensoria.gob.ec\/?post_type=project&#038;p=5031"},"modified":"2019-06-25T19:44:42","modified_gmt":"2019-06-25T19:44:42","slug":"el-defensor-publico-general-e-cumplio-agenda-de-trabajo-en-riobamba","status":"publish","type":"project","link":"https:\/\/www.defensoria.gob.ec\/?project=el-defensor-publico-general-e-cumplio-agenda-de-trabajo-en-riobamba","title":{"rendered":"El Defensor P\u00fablico General (e), cumpli\u00f3 agenda de trabajo en Riobamba"},"content":{"rendered":"<p>[et_pb_section fb_built=\u00bb1&#8243; _builder_version=\u00bb3.23.3&#8243;][et_pb_row _builder_version=\u00bb3.23.3&#8243;][et_pb_column type=\u00bb4_4&#8243; _builder_version=\u00bb3.23.3&#8243;][et_pb_post_title meta=\u00bboff\u00bb featured_image=\u00bboff\u00bb _builder_version=\u00bb3.23.3&#8243;][\/et_pb_post_title][et_pb_text _builder_version=\u00bb3.23.3&#8243; text_font=\u00bb||||||||\u00bb text_text_align=\u00bbjustify\u00bb]<\/p>\n<p>El Defensor P\u00fablico encargado, Dr. \u00c1ngel Torres Machuca, dentro de su programa de visitas a las Defensor\u00edas P\u00fablicas Provinciales, viaj\u00f3 el pasado fin de semana a Chimborazo. El objetivo de sus visitas es verificar personalmente el servicio que prestan y constatar la infraestructura en la que trabajan.\u00a0<\/p>\n<p>En la ciudad de Riobamba el Dr. Torres, mantuvo reuniones con el personal de la Instituci\u00f3n.\u00a0 Les inform\u00f3 sobre las gestiones que realiza ante el Consejo de la Judicatura, dirigidas a alcanzar la homologaci\u00f3n salarial y la categorizaci\u00f3n\u00a0 de los Defensores P\u00fablicos.\u00a0<\/p>\n<p>La primera autoridad de la Defensor\u00eda P\u00fablica, pas\u00f3 revista a las estad\u00edsticas de atenci\u00f3n ciudadana, en cuanto a patrocinios, asesor\u00edas, ferias de informaci\u00f3n, tom\u00f3 especial atenci\u00f3n a las jornadas de capacitaci\u00f3n en instituciones escolares, etc.<\/p>\n<p>Al Dr. \u00c1ngel Torres Machuca le preocupa conocer, en cada ciudad que visita, las facilidades que tienen los Defensores P\u00fablicos dentro de la pr\u00e1ctica judicial y el pleno funcionamiento de los Consultorios Jur\u00eddicos Gratuitos.<\/p>\n<p>Aprovech\u00f3 su estad\u00eda en esta ciudad, \u00a0para mantener contactos con medios de comunicaci\u00f3n locales. Durante una \u00a0entrevista en vivo en el canal TVS de la ciudad de Riobamba, inform\u00f3 los servicios gratuitos que en materia judicial ofrece la Defensor\u00eda P\u00fablica a personas de escasos recursos econ\u00f3micos. A su regreso a Quito, particip\u00f3 en el acto de inicio de la fiesta del Inti Raymi en la Comunidad Salazaca.<\/p>\n<p>[\/et_pb_text][et_pb_gallery _builder_version=\u00bb3.23.3&#8243; gallery_ids=\u00bb5033,5032,5034,5035&#8243;][\/et_pb_gallery][\/et_pb_column][\/et_pb_row][\/et_pb_section]<\/p>\n","protected":false},"excerpt":{"rendered":"<p>El Defensor P\u00fablico encargado, Dr. \u00c1ngel Torres Machuca, dentro de su programa de visitas a las Defensor\u00edas P\u00fablicas Provinciales, viaj\u00f3 el pasado fin de semana a Chimborazo. El objetivo de [&hellip;]<\/p>\n","protected":false},"author":1,"featured_media":5032,"comment_status":"open","ping_status":"closed","template":"","meta":{"_et_pb_use_builder":"on","_et_pb_old_content":"","_et_gb_content_width":"","footnotes":""},"project_category":[5],"project_tag":[],"class_list":["post-5031","project","type-project","status-publish","has-post-thumbnail","hentry","project_category-noticias"],"_links":{"self":[{"href":"https:\/\/www.defensoria.gob.ec\/index.php?rest_route=\/wp\/v2\/project\/5031","targetHints":{"allow":["GET"]}}],"collection":[{"href":"https:\/\/www.defensoria.gob.ec\/index.php?rest_route=\/wp\/v2\/project"}],"about":[{"href":"https:\/\/www.defensoria.gob.ec\/index.php?rest_route=\/wp\/v2\/types\/project"}],"author":[{"embeddable":true,"href":"https:\/\/www.defensoria.gob.ec\/index.php?rest_route=\/wp\/v2\/users\/1"}],"replies":[{"embeddable":true,"href":"https:\/\/www.defensoria.gob.ec\/index.php?rest_route=%2Fwp%2Fv2%2Fcomments&post=5031"}],"version-history":[{"count":0,"href":"https:\/\/www.defensoria.gob.ec\/index.php?rest_route=\/wp\/v2\/project\/5031\/revisions"}],"wp:featuredmedia":[{"embeddable":true,"href":"https:\/\/www.defensoria.gob.ec\/index.php?rest_route=\/wp\/v2\/media\/5032"}],"wp:attachment":[{"href":"https:\/\/www.defensoria.gob.ec\/index.php?rest_route=%2Fwp%2Fv2%2Fmedia&parent=5031"}],"wp:term":[{"taxonomy":"project_category","embeddable":true,"href":"https:\/\/www.defensoria.gob.ec\/index.php?rest_route=%2Fwp%2Fv2%2Fproject_category&post=5031"},{"taxonomy":"project_tag","embeddable":true,"href":"https:\/\/www.defensoria.gob.ec\/index.php?rest_route=%2Fwp%2Fv2%2Fproject_tag&post=5031"}],"curies":[{"name":"wp","href":"https:\/\/api.w.org\/{rel}","templated":true}]}}