{"id":4854,"date":"2019-06-17T14:59:43","date_gmt":"2019-06-17T14:59:43","guid":{"rendered":"https:\/\/www.defensoria.gob.ec\/?post_type=project&#038;p=4854"},"modified":"2019-06-17T15:00:10","modified_gmt":"2019-06-17T15:00:10","slug":"la-defensoria-publica-ratifica-total-apoyo-a-los-familiares-de-los-ppl","status":"publish","type":"project","link":"https:\/\/www.defensoria.gob.ec\/?project=la-defensoria-publica-ratifica-total-apoyo-a-los-familiares-de-los-ppl","title":{"rendered":"La Defensor\u00eda P\u00fablica ratifica total apoyo a los familiares de los PPL"},"content":{"rendered":"<p>[et_pb_section fb_built=\u00bb1&#8243; _builder_version=\u00bb3.23.3&#8243;][et_pb_row _builder_version=\u00bb3.23.3&#8243;][et_pb_column type=\u00bb4_4&#8243; _builder_version=\u00bb3.23.3&#8243;][et_pb_post_title meta=\u00bboff\u00bb featured_image=\u00bboff\u00bb _builder_version=\u00bb3.23.3&#8243;][\/et_pb_post_title][et_pb_text _builder_version=\u00bb3.23.3&#8243; text_font=\u00bb||||||||\u00bb text_text_align=\u00bbjustify\u00bb]<\/p>\n<p>Por invitaci\u00f3n de la Defensor\u00eda P\u00fablica y en el marco del Estado de Excepci\u00f3n del sistema de Rehabilitaci\u00f3n Social, decretado por el Gobierno, este 14 de junio, el Defensor P\u00fablico General (e), \u00c1ngel Torres Machuca, se reuni\u00f3 con los representantes de la pre asociaci\u00f3n \u201cNueva Oportunidad\u201d integrada por familiares de personas privadas de la libertad (PPL) del CRS de Latacunga.<\/p>\n<p>El Dr. Torres conoci\u00f3 las inquietudes de los familiares de las PPL y reiter\u00f3 el compromiso de la Instituci\u00f3n para ofrecer toda la ayuda necesaria a este grupo de atenci\u00f3n prioritaria y se comprometi\u00f3 a impulsar capacitaciones y charlas sobre beneficios penitenciarios, acercar las defensor\u00edas m\u00f3viles para la entrega de asesor\u00eda legal y patrocinios y coordinar con los consultorios jur\u00eddicos gratuitos para que colaboren en el despacho de los procesos.<\/p>\n<p>Adem\u00e1s, se agend\u00f3 una nueva reuni\u00f3n el pr\u00f3ximo martes 18 de junio, en donde se revisar\u00e1n caso por caso los avances en los procesos a cargo de Defensores P\u00fablicos en la ciudad de Latacunga.<\/p>\n<p>En la reuni\u00f3n, adem\u00e1s del Defensor P\u00fablico General (e), \u00c1ngel Torres Machuca, participaron: el Defensor P\u00fablico Regional Centro Norte, Danilo Sulca y el coordinador del\u00a0 \u00c1rea de Ejecuci\u00f3n de la Pena de Pichincha, Luis Mendoza, quienes forman parte de la coordinaci\u00f3n nacional de Gesti\u00f3n Institucional que la encabeza, Ricardo Morales y la presidenta de la Asociaci\u00f3n \u201cNueva Oportunidad\u201d de familiares de personas privadas de la libertad (PPL) del CRS de Latacunga, Carmen Noro\u00f1a, acompa\u00f1ada de su directorio.<\/p>\n<p>[\/et_pb_text][et_pb_gallery _builder_version=\u00bb3.23.3&#8243; gallery_ids=\u00bb4855&#8243;][\/et_pb_gallery][\/et_pb_column][\/et_pb_row][\/et_pb_section]<\/p>\n","protected":false},"excerpt":{"rendered":"<p>Por invitaci\u00f3n de la Defensor\u00eda P\u00fablica y en el marco del Estado de Excepci\u00f3n del sistema de Rehabilitaci\u00f3n Social, decretado por el Gobierno, este 14 de junio, el Defensor P\u00fablico [&hellip;]<\/p>\n","protected":false},"author":1,"featured_media":4855,"comment_status":"open","ping_status":"closed","template":"","meta":{"_et_pb_use_builder":"on","_et_pb_old_content":"","_et_gb_content_width":"","footnotes":""},"project_category":[5],"project_tag":[],"class_list":["post-4854","project","type-project","status-publish","has-post-thumbnail","hentry","project_category-noticias"],"_links":{"self":[{"href":"https:\/\/www.defensoria.gob.ec\/index.php?rest_route=\/wp\/v2\/project\/4854","targetHints":{"allow":["GET"]}}],"collection":[{"href":"https:\/\/www.defensoria.gob.ec\/index.php?rest_route=\/wp\/v2\/project"}],"about":[{"href":"https:\/\/www.defensoria.gob.ec\/index.php?rest_route=\/wp\/v2\/types\/project"}],"author":[{"embeddable":true,"href":"https:\/\/www.defensoria.gob.ec\/index.php?rest_route=\/wp\/v2\/users\/1"}],"replies":[{"embeddable":true,"href":"https:\/\/www.defensoria.gob.ec\/index.php?rest_route=%2Fwp%2Fv2%2Fcomments&post=4854"}],"version-history":[{"count":0,"href":"https:\/\/www.defensoria.gob.ec\/index.php?rest_route=\/wp\/v2\/project\/4854\/revisions"}],"wp:featuredmedia":[{"embeddable":true,"href":"https:\/\/www.defensoria.gob.ec\/index.php?rest_route=\/wp\/v2\/media\/4855"}],"wp:attachment":[{"href":"https:\/\/www.defensoria.gob.ec\/index.php?rest_route=%2Fwp%2Fv2%2Fmedia&parent=4854"}],"wp:term":[{"taxonomy":"project_category","embeddable":true,"href":"https:\/\/www.defensoria.gob.ec\/index.php?rest_route=%2Fwp%2Fv2%2Fproject_category&post=4854"},{"taxonomy":"project_tag","embeddable":true,"href":"https:\/\/www.defensoria.gob.ec\/index.php?rest_route=%2Fwp%2Fv2%2Fproject_tag&post=4854"}],"curies":[{"name":"wp","href":"https:\/\/api.w.org\/{rel}","templated":true}]}}