{"id":4688,"date":"2019-06-06T21:58:30","date_gmt":"2019-06-06T21:58:30","guid":{"rendered":"https:\/\/www.defensoria.gob.ec\/?post_type=project&#038;p=4688"},"modified":"2019-06-06T21:58:30","modified_gmt":"2019-06-06T21:58:30","slug":"guayas-da-un-paso-con-los-refugiados","status":"publish","type":"project","link":"https:\/\/www.defensoria.gob.ec\/?project=guayas-da-un-paso-con-los-refugiados","title":{"rendered":"Guayas: \u201cDa un paso con los refugiados\u201d"},"content":{"rendered":"<p>[et_pb_section fb_built=\u00bb1&#8243; _builder_version=\u00bb3.23.3&#8243;][et_pb_row _builder_version=\u00bb3.23.3&#8243;][et_pb_column type=\u00bb3_4&#8243; _builder_version=\u00bb3.23.3&#8243;][et_pb_post_title meta=\u00bboff\u00bb featured_image=\u00bboff\u00bb _builder_version=\u00bb3.23.3&#8243;][\/et_pb_post_title][et_pb_text _builder_version=\u00bb3.23.3&#8243; text_font=\u00bb||||||||\u00bb text_text_align=\u00bbjustify\u00bb]<\/p>\n<p>Con el lema \u201cDa un paso con los refugiados\u201d, se instal\u00f3\u00a0 la mesa de Movilidad Humana, en la que participa activamente la Defensor\u00eda P\u00fablica. El prop\u00f3sito de esta reuni\u00f3n fue articular\u00a0 acciones que garanticen los derechos de las personas que se encuentran en situaci\u00f3n de Movilidad Humana. Se\u00a0 establecieron adem\u00e1s\u00a0 actividades frente al d\u00eda mundial de los refugiados.<\/p>\n<p>La mesa de Movilidad Humana fue convocada por la Defensor\u00eda del Pueblo, asistieron representantes del Servicio de Jesuitas para los Refugiados\u00a0 Acnur, de\u00a0 Un Techo para el Camino Hias y del Servicio\u00a0 Noruego Comit\u00e9 CDH.\u00a0 Por parte de la Defensor\u00eda P\u00fablica acudieron\u00a0 Michele Portaluppi,\u00a0 Defensora P\u00fablica Regional del Litoral y Cindy Cede\u00f1o, Defensora P\u00fablica provincial del Guayas.\u00a0<\/p>\n<p>[\/et_pb_text][et_pb_gallery _builder_version=\u00bb3.23.3&#8243; gallery_ids=\u00bb4689&#8243;][\/et_pb_gallery][\/et_pb_column][et_pb_column type=\u00bb1_4&#8243; _builder_version=\u00bb3.23.3&#8243;][et_pb_sidebar _builder_version=\u00bb3.23.3&#8243;][\/et_pb_sidebar][\/et_pb_column][\/et_pb_row][\/et_pb_section]<\/p>\n","protected":false},"excerpt":{"rendered":"<p>Con el lema \u201cDa un paso con los refugiados\u201d, se instal\u00f3\u00a0 la mesa de Movilidad Humana, en la que participa activamente la Defensor\u00eda P\u00fablica. El prop\u00f3sito de esta reuni\u00f3n fue [&hellip;]<\/p>\n","protected":false},"author":1,"featured_media":4689,"comment_status":"open","ping_status":"closed","template":"","meta":{"_et_pb_use_builder":"on","_et_pb_old_content":"","_et_gb_content_width":"","footnotes":""},"project_category":[8,5],"project_tag":[],"class_list":["post-4688","project","type-project","status-publish","has-post-thumbnail","hentry","project_category-cerca-a-ti","project_category-noticias"],"_links":{"self":[{"href":"https:\/\/www.defensoria.gob.ec\/index.php?rest_route=\/wp\/v2\/project\/4688","targetHints":{"allow":["GET"]}}],"collection":[{"href":"https:\/\/www.defensoria.gob.ec\/index.php?rest_route=\/wp\/v2\/project"}],"about":[{"href":"https:\/\/www.defensoria.gob.ec\/index.php?rest_route=\/wp\/v2\/types\/project"}],"author":[{"embeddable":true,"href":"https:\/\/www.defensoria.gob.ec\/index.php?rest_route=\/wp\/v2\/users\/1"}],"replies":[{"embeddable":true,"href":"https:\/\/www.defensoria.gob.ec\/index.php?rest_route=%2Fwp%2Fv2%2Fcomments&post=4688"}],"version-history":[{"count":0,"href":"https:\/\/www.defensoria.gob.ec\/index.php?rest_route=\/wp\/v2\/project\/4688\/revisions"}],"wp:featuredmedia":[{"embeddable":true,"href":"https:\/\/www.defensoria.gob.ec\/index.php?rest_route=\/wp\/v2\/media\/4689"}],"wp:attachment":[{"href":"https:\/\/www.defensoria.gob.ec\/index.php?rest_route=%2Fwp%2Fv2%2Fmedia&parent=4688"}],"wp:term":[{"taxonomy":"project_category","embeddable":true,"href":"https:\/\/www.defensoria.gob.ec\/index.php?rest_route=%2Fwp%2Fv2%2Fproject_category&post=4688"},{"taxonomy":"project_tag","embeddable":true,"href":"https:\/\/www.defensoria.gob.ec\/index.php?rest_route=%2Fwp%2Fv2%2Fproject_tag&post=4688"}],"curies":[{"name":"wp","href":"https:\/\/api.w.org\/{rel}","templated":true}]}}