{"id":4591,"date":"2019-06-04T20:36:50","date_gmt":"2019-06-04T20:36:50","guid":{"rendered":"https:\/\/www.defensoria.gob.ec\/?post_type=project&#038;p=4591"},"modified":"2019-06-05T22:15:43","modified_gmt":"2019-06-05T22:15:43","slug":"defensoria-publica-y-consejo-de-la-judicatura-coordinaron-acciones-en-guayas","status":"publish","type":"project","link":"https:\/\/www.defensoria.gob.ec\/?project=defensoria-publica-y-consejo-de-la-judicatura-coordinaron-acciones-en-guayas","title":{"rendered":"Defensor\u00eda P\u00fablica y Consejo de la Judicatura coordinaron acciones en Guayas"},"content":{"rendered":"<p>[et_pb_section fb_built=\u00bb1&#8243; _builder_version=\u00bb3.23.3&#8243;][et_pb_row _builder_version=\u00bb3.23.3&#8243;][et_pb_column type=\u00bb4_4&#8243; _builder_version=\u00bb3.23.3&#8243;][et_pb_post_title meta=\u00bboff\u00bb featured_image=\u00bboff\u00bb _builder_version=\u00bb3.23.3&#8243;][\/et_pb_post_title][et_pb_text _builder_version=\u00bb3.23.3&#8243; text_font=\u00bb||||||||\u00bb text_text_align=\u00bbjustify\u00bb]<\/p>\n<p>En cumplimiento de las disposiciones del Dr. \u00c1ngel Torres Machuca, Defensor P\u00fablico General (e), las autoridades de la provincia del\u00a0 Guayas, mantienen\u00a0 contacto con representantes de otras instituciones, especialmente del Sector Justicia, con el prop\u00f3sito de analizar y ejecutar acciones dirigidas a solucionar la crisis carcelaria que vive el pa\u00eds.<\/p>\n<p>La Defensora P\u00fablica Regional del Litoral Dra. Michele Portaluppi y el Director Provincial del Consejo de la Judicatura del Guayas, Dr. Pa\u00fal Franco, analizaron el tema de la reestructuraci\u00f3n del espacio f\u00edsico, en la Unidad Judicial Sur\u2013Valdivia, donde labora el personal misional de la Defensor\u00eda P\u00fablica.<\/p>\n<p>Adem\u00e1s, revisaron los turnos de trabajo en el \u00e1rea de tr\u00e1nsito, analizaron mecanismos para\u00a0 optimizaci\u00f3n del\u00a0 servicio y \u00a0definieron los ejes de trabajo interinstitucional.<\/p>\n<p>La Dra. Potaluppi, se reuni\u00f3 tambi\u00e9n con el Presidente de la Corte Provincial de Justicia Dr, Gabriel Manzur, con quien analiz\u00f3 la situaci\u00f3n carcelaria del pa\u00eds y delinearon acciones interinstitucionales.<\/p>\n<p>En estas reuniones participan tambi\u00e9n \u00a0la Defensora P\u00fablica Provincial del Guayas, Cindy Cede\u00f1o, la subdirectora de Patrocinio Penal del Guayas, Ruddy Zambrano y el presidente de la Asociaci\u00f3n de\u00a0 funcionarios de la Fiscal\u00eda, Reinaldo\u00a0 Cevallos.<\/p>\n<p>[\/et_pb_text][et_pb_gallery gallery_ids=\u00bb4593,4592&#8243; _builder_version=\u00bb3.23.3&#8243;][\/et_pb_gallery][\/et_pb_column][\/et_pb_row][\/et_pb_section]<\/p>\n","protected":false},"excerpt":{"rendered":"<p>En cumplimiento de las disposiciones del Dr. \u00c1ngel Torres Machuca, Defensor P\u00fablico General (e), las autoridades de la provincia del\u00a0 Guayas, mantienen\u00a0 contacto con representantes de otras instituciones, especialmente del [&hellip;]<\/p>\n","protected":false},"author":1,"featured_media":4592,"comment_status":"open","ping_status":"closed","template":"","meta":{"_et_pb_use_builder":"on","_et_pb_old_content":"","_et_gb_content_width":"","footnotes":""},"project_category":[5],"project_tag":[],"class_list":["post-4591","project","type-project","status-publish","has-post-thumbnail","hentry","project_category-noticias"],"_links":{"self":[{"href":"https:\/\/www.defensoria.gob.ec\/index.php?rest_route=\/wp\/v2\/project\/4591","targetHints":{"allow":["GET"]}}],"collection":[{"href":"https:\/\/www.defensoria.gob.ec\/index.php?rest_route=\/wp\/v2\/project"}],"about":[{"href":"https:\/\/www.defensoria.gob.ec\/index.php?rest_route=\/wp\/v2\/types\/project"}],"author":[{"embeddable":true,"href":"https:\/\/www.defensoria.gob.ec\/index.php?rest_route=\/wp\/v2\/users\/1"}],"replies":[{"embeddable":true,"href":"https:\/\/www.defensoria.gob.ec\/index.php?rest_route=%2Fwp%2Fv2%2Fcomments&post=4591"}],"version-history":[{"count":0,"href":"https:\/\/www.defensoria.gob.ec\/index.php?rest_route=\/wp\/v2\/project\/4591\/revisions"}],"wp:featuredmedia":[{"embeddable":true,"href":"https:\/\/www.defensoria.gob.ec\/index.php?rest_route=\/wp\/v2\/media\/4592"}],"wp:attachment":[{"href":"https:\/\/www.defensoria.gob.ec\/index.php?rest_route=%2Fwp%2Fv2%2Fmedia&parent=4591"}],"wp:term":[{"taxonomy":"project_category","embeddable":true,"href":"https:\/\/www.defensoria.gob.ec\/index.php?rest_route=%2Fwp%2Fv2%2Fproject_category&post=4591"},{"taxonomy":"project_tag","embeddable":true,"href":"https:\/\/www.defensoria.gob.ec\/index.php?rest_route=%2Fwp%2Fv2%2Fproject_tag&post=4591"}],"curies":[{"name":"wp","href":"https:\/\/api.w.org\/{rel}","templated":true}]}}