{"id":4476,"date":"2019-05-30T19:05:53","date_gmt":"2019-05-30T19:05:53","guid":{"rendered":"https:\/\/www.defensoria.gob.ec\/?post_type=project&#038;p=4476"},"modified":"2019-05-30T19:05:54","modified_gmt":"2019-05-30T19:05:54","slug":"bolivar-reuniones-interinstitucionales-capacitaciones-y-ferias-informativas","status":"publish","type":"project","link":"https:\/\/www.defensoria.gob.ec\/?project=bolivar-reuniones-interinstitucionales-capacitaciones-y-ferias-informativas","title":{"rendered":"Bol\u00edvar: Reuniones interinstitucionales, capacitaciones y ferias informativas."},"content":{"rendered":"<p>[et_pb_section fb_built=\u00bb1&#8243; _builder_version=\u00bb3.22.7&#8243;][et_pb_row _builder_version=\u00bb3.22.7&#8243;][et_pb_column type=\u00bb3_4&#8243; _builder_version=\u00bb3.22.7&#8243;][et_pb_post_title meta=\u00bboff\u00bb featured_image=\u00bboff\u00bb _builder_version=\u00bb3.22.7&#8243;][\/et_pb_post_title][et_pb_text text_orientation=\u00bbjustified\u00bb _builder_version=\u00bb3.22.7&#8243; text_font=\u00bb||||||||\u00bb]<\/p>\n<p><strong>E<\/strong>l Defensor P\u00fablico Provincial de Bol\u00edvar, Mauricio Avil\u00e9s visit\u00f3 al flamante\u00a0 Alcalde de Guaranda, Medardo Chimbolema, en la reuni\u00f3n \u00a0abordaron \u00a0la necesidad de generar convenios de cooperaci\u00f3n interinstitucional en temas de Justicia Ind\u00edgena y violencia de g\u00e9nero. El Dr. Avil\u00e9s comprometi\u00f3 su colaboraci\u00f3n a la gesti\u00f3n de la nueva autoridad cantonal.<\/p>\n<p>El 29 de mayo, el Defensor P\u00fablico Provincial de Bol\u00edvar, Mauricio Avil\u00e9s y la secretaria del Consejo Nacional de Gobiernos Parroquiales Rurales del Ecuador (CONAGOPARE), Aida Quintana, acordaron evaluar \u00a0el convenio de cooperaci\u00f3n interinstitucional.\u00a0 Para el efecto convocaron a los 19 presidentes de las juntas parroquiales,\u00a0 una reuni\u00f3n general en la que se analizar\u00e1n los temas ejecutados y los pendientes.<\/p>\n<p>El 17 de mayo, Dl defensor p\u00fablico, Cristian Andrade, particip\u00f3 en el\u00a0 taller \u201cReformas\u00a0 al\u00a0 apartado de adopciones al C\u00f3digo de la Ni\u00f1ez y Adolescencia y socializaci\u00f3n del Manual de Proceso de la Gesti\u00f3n de Adopci\u00f3n Nacional\u00bb, organizado por el Ministerio de Inclusi\u00f3n Econ\u00f3mica y Social (MIES) &#8211;\u00a0 Babahoyo, en el que se trataron los avances de la solicitud de adopci\u00f3n en l\u00ednea; y, la falta de celeridad durante el proceso. Finalmente se acord\u00f3 realizar jornadas de capacitaci\u00f3n a jueces de familia y a defensores p\u00fablicos.<\/p>\n<p>Mientras tanto, en la Gobernaci\u00f3n provincial se reuni\u00f3\u00a0 la Mesa de Seguridad, en la que el Defensor P\u00fablico de la Provincial, Mauricio Avil\u00e9s, inform\u00f3\u00a0 sobre los temas de prevenci\u00f3n de violencia de g\u00e9nero y violencia sexual, desarrollados en la comunidad de Quindigua Central, parroquia de Guanujo, del cant\u00f3n Guaranda.<\/p>\n<p>En otro tema. El Decano de la Facultad de Jurisprudencia, La Universidad Estatal de Bol\u00edvar, Gonzalo Noboa, recibi\u00f3 de la Defensor\u00eda P\u00fablica, el informe preliminar de acreditaci\u00f3n al Consultorio Jur\u00eddico Gratuito del cant\u00f3n Guaranda, cuyo cumplimiento debe regularse hasta el mes de Julio. Se anunci\u00f3 que en los\u00a0 pr\u00f3ximos\u00a0 d\u00edas se entregar\u00e1 el informe del Consultorio Jur\u00eddico Gratuito del cant\u00f3n San Miguel.<\/p>\n<p>En otra informaci\u00f3n, durante los d\u00edas 9 y 10\u00a0 de mayo se dictaron charlas preventivas de Violencia de G\u00e9nero y \u00a0consumo de drogas, a los estudiantes y docentes de las Unidades Educativas \u201cSan Pablo de Atenas\u201d y \u201cPedro\u00a0 Infante\u201d, del\u00a0 cant\u00f3n San Miguel.<\/p>\n<p>Tambi\u00e9n, el 07 de mayo, el Defensor P\u00fablico Provincial de Bol\u00edvar, Mauricio Avil\u00e9s y el delegado provincial del Consejo de la Judicatura, Max Jim\u00e9nez, analizaron los aspectos necesarios para la suscripci\u00f3n de los contratos de comodato, por cinco a\u00f1os, para asegurar el uso de las instalaciones que ocupa la Defensor\u00eda P\u00fablica en los complejos judiciales de los cantones: Caluma, Chillanes, Echeandia y las Naves; contrato que ya cuenta con resoluci\u00f3n favorable del Consejo de la Judicatura.<\/p>\n<p>As\u00ed mismo, la Defensor\u00eda P\u00fablica de Bol\u00edvar asisti\u00f3 a la Sub-Mesa Normativa de Acceso a la Justicia Consejo de la Judicatura. En esta reuni\u00f3n, el Ministerio de Educaci\u00f3n y la Fiscal\u00eda informaron el n\u00famero de casos de delitos de violencia sexual identificados y denunciados \u00a0en la provincia y el avance de los procesos. El objetivo de esta sub mesa es coordinar de mejor manera estos temas de connotaci\u00f3n social, para brindar servicios oportunos a los usuarios.<\/p>\n<p>Finalmente, la defensor\u00eda provincial colabor\u00f3 en la elaboraci\u00f3n del mural \u201cUn mundo sin Violencia\u201d y anunci\u00f3 su participaci\u00f3n en la Feria ciudadana de la Parroquia \u201cVinchoa Central\u201d prevista para el 11 de junio.<\/p>\n<p>[\/et_pb_text][et_pb_gallery _builder_version=\u00bb3.22.7&#8243; gallery_ids=\u00bb4479,4478,4477&#8243;][\/et_pb_gallery][\/et_pb_column][et_pb_column type=\u00bb1_4&#8243; _builder_version=\u00bb3.22.7&#8243;][et_pb_sidebar _builder_version=\u00bb3.22.7&#8243;][\/et_pb_sidebar][\/et_pb_column][\/et_pb_row][\/et_pb_section]<\/p>\n","protected":false},"excerpt":{"rendered":"<p>El Defensor P\u00fablico Provincial de Bol\u00edvar, Mauricio Avil\u00e9s visit\u00f3 al flamante\u00a0 Alcalde de Guaranda, Medardo Chimbolema, en la reuni\u00f3n \u00a0abordaron \u00a0la necesidad de generar convenios de cooperaci\u00f3n interinstitucional en temas [&hellip;]<\/p>\n","protected":false},"author":1,"featured_media":4477,"comment_status":"open","ping_status":"closed","template":"","meta":{"_et_pb_use_builder":"on","_et_pb_old_content":"","_et_gb_content_width":"","footnotes":""},"project_category":[8,5],"project_tag":[],"class_list":["post-4476","project","type-project","status-publish","has-post-thumbnail","hentry","project_category-cerca-a-ti","project_category-noticias"],"_links":{"self":[{"href":"https:\/\/www.defensoria.gob.ec\/index.php?rest_route=\/wp\/v2\/project\/4476","targetHints":{"allow":["GET"]}}],"collection":[{"href":"https:\/\/www.defensoria.gob.ec\/index.php?rest_route=\/wp\/v2\/project"}],"about":[{"href":"https:\/\/www.defensoria.gob.ec\/index.php?rest_route=\/wp\/v2\/types\/project"}],"author":[{"embeddable":true,"href":"https:\/\/www.defensoria.gob.ec\/index.php?rest_route=\/wp\/v2\/users\/1"}],"replies":[{"embeddable":true,"href":"https:\/\/www.defensoria.gob.ec\/index.php?rest_route=%2Fwp%2Fv2%2Fcomments&post=4476"}],"version-history":[{"count":0,"href":"https:\/\/www.defensoria.gob.ec\/index.php?rest_route=\/wp\/v2\/project\/4476\/revisions"}],"wp:featuredmedia":[{"embeddable":true,"href":"https:\/\/www.defensoria.gob.ec\/index.php?rest_route=\/wp\/v2\/media\/4477"}],"wp:attachment":[{"href":"https:\/\/www.defensoria.gob.ec\/index.php?rest_route=%2Fwp%2Fv2%2Fmedia&parent=4476"}],"wp:term":[{"taxonomy":"project_category","embeddable":true,"href":"https:\/\/www.defensoria.gob.ec\/index.php?rest_route=%2Fwp%2Fv2%2Fproject_category&post=4476"},{"taxonomy":"project_tag","embeddable":true,"href":"https:\/\/www.defensoria.gob.ec\/index.php?rest_route=%2Fwp%2Fv2%2Fproject_tag&post=4476"}],"curies":[{"name":"wp","href":"https:\/\/api.w.org\/{rel}","templated":true}]}}