{"id":4415,"date":"2019-05-23T22:57:21","date_gmt":"2019-05-23T22:57:21","guid":{"rendered":"https:\/\/www.defensoria.gob.ec\/?post_type=project&#038;p=4415"},"modified":"2019-05-23T23:00:45","modified_gmt":"2019-05-23T23:00:45","slug":"agenda-completa-en-ambato-cumplio-el-defensor-publico-general-e","status":"publish","type":"project","link":"https:\/\/www.defensoria.gob.ec\/?project=agenda-completa-en-ambato-cumplio-el-defensor-publico-general-e","title":{"rendered":"Agenda completa en Ambato cumpli\u00f3 el Defensor P\u00fablico General (E)"},"content":{"rendered":"\n[et_pb_section fb_built=\u00bb1&#8243; _builder_version=\u00bb3.22.7&#8243;][et_pb_row _builder_version=\u00bb3.22.7&#8243;][et_pb_column type=\u00bb4_4&#8243; _builder_version=\u00bb3.22.7&#8243;][et_pb_post_title meta=\u00bboff\u00bb featured_image=\u00bboff\u00bb _builder_version=\u00bb3.22.7&#8243;][\/et_pb_post_title][et_pb_text text_orientation=\u00bbjustified\u00bb _builder_version=\u00bb3.22.7&#8243; text_font=\u00bb||||||||\u00bb]<p>Con el fin de abordar varios temas institucionales pendientes, el Dr. \u00c1ngel Torres Machuca, Defensor P\u00fablico General (E) viaj\u00f3 este mi\u00e9rcoles 22 de mayo, a la ciudad de Ambato. La primera reuni\u00f3n que mantuvo en esta ciudad fue con representantes de la Junta de Defensa del Campesinado, quienes solicitan patrocinio legal de la Defensor\u00eda P\u00fablica, porque se sienten perjudicados por varias adjudicaciones de tierras, las que para su criterio se las emiti\u00f3 en forma dolosa.<\/p>\n<p>A los Defensores P\u00fablicos de Tungurahua, el Dr. \u00c1ngel Torres, les invit\u00f3 a seguir trabajando con m\u00e1s fuerza que antes, la instituci\u00f3n no ha paralizado, dijo, se comprometi\u00f3 a velar por se respeten los derechos de los Defensores P\u00fablicos y a fortalecer su trabajo.<\/p>\n<p>El Defensor P\u00fablico General encargado, mantuvo tambi\u00e9n importantes reuniones con el Presidente de la Corte Provincial de Tungurahua Dr. Pa\u00fal Oca\u00f1a Soria, con el Director Provincial del Consejo de la Judicatura Dr. Juan Carranza y con el Fiscal de Tungurahua Dr. Galo Romero Torres. Con ellos abord\u00f3, especialmente el tema de las audiencias fallidas, dijo que es necesario que los jueces notifiquen a los Defensores P\u00fablicos, con la suficiente anticipaci\u00f3n para que puedan ofrecer una defensa eficiente y t\u00e9cnica, se\u00f1al\u00f3 que hay casos que jueces piden defensores p\u00fablicos en el momento mismo de la audiencia.<\/p>\n<p>Tambi\u00e9n denunci\u00f3 que hay algunos jueces que deciden la participaci\u00f3n de un defensor p\u00fablico para el patrocinio de grandes empresas. As\u00ed se est\u00e1 desvirtuando el verdadero rol de la Defensor\u00eda, dijo el Dr. Torres, nuestra misi\u00f3n explic\u00f3, es la defensa judicial con car\u00e1cter social, nuestros beneficiarios son \u00fanicamente personas de escasos recursos econ\u00f3micos.<\/p>\n<p>A las autoridades judiciales de la provincia del Tungurahua, les pidi\u00f3 el acondicionamiento de nuevos espacios f\u00edsicos para los Defensores P\u00fablicos, tanto en el Complejo Judicial, como en la Unidad Penal. Considera que el Defensor P\u00fablico debe estar en un lugar visible, para que el p\u00fablico pueda acceder f\u00e1cilmente al funcionario y recibir su asesor\u00eda.<\/p>\n<p>El Dr. Torres recibi\u00f3 la predisposici\u00f3n de las autoridades provinciales para atender sus requerimientos. Se plante\u00f3 la conformaci\u00f3n de una mesa t\u00e9cnica de trabajo de la Funci\u00f3n Judicial para que, respetando el principio de independencia, se determinen las competencias y facultades legales y constitucionales de cada instituci\u00f3n, con esto se optimizar\u00e1 el servicio al usuario por parte de la Funci\u00f3n Judicial.<\/p>\n<p>Adem\u00e1s, mantuvo entrevistas con varios medios de comunicaci\u00f3n locales. Fue una gran oportunidad para promocionar los servicios de la Instituci\u00f3n. En materia penal dijo, la prioridad es asesorar y patrocinar a las v\u00edctimas de la violencia de g\u00e9nero, sin descuidar la atenci\u00f3n al procesado. Dijo que en su administraci\u00f3n se ha trabajado tambi\u00e9n con los conceptos de prevenci\u00f3n, reinserci\u00f3n y reparaci\u00f3n integral.<\/p>\n<p>El trabajo de la Defensor\u00eda es un trabajo t\u00e9cnico gratuito, cada Defensor P\u00fablico, est\u00e1 preparado para asesorar y patrocinar en defensa de los grupos de atenci\u00f3n prioritaria. Resalt\u00f3 la importancia de Centros de Mediaci\u00f3n y la atenci\u00f3n en las Defensor\u00edas M\u00f3viles.<\/p>\n[\/et_pb_text][et_pb_gallery _builder_version=\u00bb3.22.7&#8243; gallery_ids=\u00bb4418,4417,4416&#8243;][\/et_pb_gallery][\/et_pb_column][\/et_pb_row][\/et_pb_section]\n","protected":false},"excerpt":{"rendered":"<p>Con el fin de abordar varios temas institucionales pendientes, el Dr. \u00c1ngel Torres Machuca, Defensor P\u00fablico General (E) viaj\u00f3 este mi\u00e9rcoles 22 de mayo, a la ciudad de Ambato. La [&hellip;]<\/p>\n","protected":false},"author":1,"featured_media":4416,"comment_status":"open","ping_status":"closed","template":"","meta":{"_et_pb_use_builder":"on","_et_pb_old_content":"","_et_gb_content_width":"","footnotes":""},"project_category":[5],"project_tag":[],"class_list":["post-4415","project","type-project","status-publish","has-post-thumbnail","hentry","project_category-noticias"],"_links":{"self":[{"href":"https:\/\/www.defensoria.gob.ec\/index.php?rest_route=\/wp\/v2\/project\/4415","targetHints":{"allow":["GET"]}}],"collection":[{"href":"https:\/\/www.defensoria.gob.ec\/index.php?rest_route=\/wp\/v2\/project"}],"about":[{"href":"https:\/\/www.defensoria.gob.ec\/index.php?rest_route=\/wp\/v2\/types\/project"}],"author":[{"embeddable":true,"href":"https:\/\/www.defensoria.gob.ec\/index.php?rest_route=\/wp\/v2\/users\/1"}],"replies":[{"embeddable":true,"href":"https:\/\/www.defensoria.gob.ec\/index.php?rest_route=%2Fwp%2Fv2%2Fcomments&post=4415"}],"version-history":[{"count":0,"href":"https:\/\/www.defensoria.gob.ec\/index.php?rest_route=\/wp\/v2\/project\/4415\/revisions"}],"wp:featuredmedia":[{"embeddable":true,"href":"https:\/\/www.defensoria.gob.ec\/index.php?rest_route=\/wp\/v2\/media\/4416"}],"wp:attachment":[{"href":"https:\/\/www.defensoria.gob.ec\/index.php?rest_route=%2Fwp%2Fv2%2Fmedia&parent=4415"}],"wp:term":[{"taxonomy":"project_category","embeddable":true,"href":"https:\/\/www.defensoria.gob.ec\/index.php?rest_route=%2Fwp%2Fv2%2Fproject_category&post=4415"},{"taxonomy":"project_tag","embeddable":true,"href":"https:\/\/www.defensoria.gob.ec\/index.php?rest_route=%2Fwp%2Fv2%2Fproject_tag&post=4415"}],"curies":[{"name":"wp","href":"https:\/\/api.w.org\/{rel}","templated":true}]}}