{"id":4387,"date":"2019-05-23T19:53:25","date_gmt":"2019-05-23T19:53:25","guid":{"rendered":"https:\/\/www.defensoria.gob.ec\/?post_type=project&#038;p=4387"},"modified":"2019-05-23T19:53:25","modified_gmt":"2019-05-23T19:53:25","slug":"loja-consultorios-juridicos-gratuitos-cumplen-estandares-de-calidad","status":"publish","type":"project","link":"https:\/\/www.defensoria.gob.ec\/?project=loja-consultorios-juridicos-gratuitos-cumplen-estandares-de-calidad","title":{"rendered":"Loja: Consultorios Jur\u00eddicos Gratuitos cumplen est\u00e1ndares de calidad"},"content":{"rendered":"<p>[et_pb_section fb_built=\u00bb1&#8243; _builder_version=\u00bb3.22.7&#8243;][et_pb_row _builder_version=\u00bb3.22.7&#8243;][et_pb_column type=\u00bb3_4&#8243; _builder_version=\u00bb3.22.7&#8243;][et_pb_post_title meta=\u00bboff\u00bb featured_image=\u00bboff\u00bb _builder_version=\u00bb3.22.7&#8243;][\/et_pb_post_title][et_pb_text text_orientation=\u00bbjustified\u00bb _builder_version=\u00bb3.22.7&#8243; text_font=\u00bb||||||||\u00bb]<\/p>\n<p>El 21 de mayo, La Defensora P\u00fablica Provincial de Loja, Mar\u00eda Cristina Meneses, en una rueda de prensa con los medios de comunicaci\u00f3n locales, dio a conocer \u00a0los servicios de la Instituci\u00f3n y el trabajo coordinado que se realiza con los Consultorios Jur\u00eddicos Gratuitos (CJG). En este encuentro con\u00a0 la prensa, \u00a0participaron los coordinadores de los CJG de las universidades: T\u00e9cnica Particular de Loja, Internacional del Ecuador y Nacional de Loja.\u00a0<\/p>\n<p>Durante la intervenci\u00f3n la defensora p\u00fablica provincial de Loja,\u00a0 se\u00f1al\u00f3 que los \u00a0servicios que se brinda en los CJG, son para todas las personas que no cuentan con los recursos para contratar un abogado particular y para grupos de atenci\u00f3n prioritaria.\u00a0<\/p>\n<p>La Dra. Meneses enfatiz\u00f3 que los Consultorios Jur\u00eddicos Gratuitos, se encuentran acreditados por la Defensor\u00eda P\u00fablica y que cumplen con los est\u00e1ndares de calidad y las normas de funcionamiento, que exigen las normas establecidas.\u00a0<\/p>\n<p>De igual manera, los representantes de cada CJG expusieron a los medios de comunicaci\u00f3n el protocolo de atenci\u00f3n que se brinda a los usuarios, las \u00e1reas de atenci\u00f3n y explicaron que es una asesor\u00eda y un patrocinio.\u00a0<\/p>\n<p>En el marco de la celebraci\u00f3n por el D\u00eda de la Madre, el 10 de mayo, la Defensora P\u00fablica Provincial de Loja celebr\u00f3 junto a mujeres del Centro de Privaci\u00f3n de Libertad de Personas Adultas en Loja. \u00a0En el evento la autoridad provincial reiter\u00f3 su compromiso y apoyo a las mujeres privadas de libertad. Se comprometi\u00f3 a impulsar las asesor\u00edas legales y charlas informativas al interior de la c\u00e1rcel.<\/p>\n<p>En otro tema informativo, el 07 de mayo la Defensora P\u00fablica Provincial de Loja, Mar\u00eda Cristina Meneses, particip\u00f3 en una reuni\u00f3n con funcionarios del Consejo de la Judicatura, Fiscal\u00eda provincial y del Centro de Privaci\u00f3n de libertad de personas adulta. El objetivo fue \u00a0analizar el trabajo ejecutado en cada una de las dependencias en el primer cuatrimestre del 2019.<\/p>\n<p>Durante el encuentro de trabajo se evalu\u00f3 la gesti\u00f3n de la Defensor\u00eda P\u00fablica, se reconoci\u00f3 el cumplimiento puntual de audiencias y la considerable reducci\u00f3n las audiencias fallidas por ausencia de Defensor P\u00fablico.<\/p>\n<p>[\/et_pb_text][et_pb_gallery _builder_version=\u00bb3.22.7&#8243; gallery_ids=\u00bb4390,4388,4389&#8243;][\/et_pb_gallery][\/et_pb_column][et_pb_column type=\u00bb1_4&#8243; _builder_version=\u00bb3.22.7&#8243;][et_pb_sidebar _builder_version=\u00bb3.22.7&#8243;][\/et_pb_sidebar][\/et_pb_column][\/et_pb_row][\/et_pb_section]<\/p>\n","protected":false},"excerpt":{"rendered":"<p>El 21 de mayo, La Defensora P\u00fablica Provincial de Loja, Mar\u00eda Cristina Meneses, en una rueda de prensa con los medios de comunicaci\u00f3n locales, dio a conocer \u00a0los servicios de [&hellip;]<\/p>\n","protected":false},"author":1,"featured_media":4388,"comment_status":"open","ping_status":"closed","template":"","meta":{"_et_pb_use_builder":"on","_et_pb_old_content":"","_et_gb_content_width":"","footnotes":""},"project_category":[8,5],"project_tag":[],"class_list":["post-4387","project","type-project","status-publish","has-post-thumbnail","hentry","project_category-cerca-a-ti","project_category-noticias"],"_links":{"self":[{"href":"https:\/\/www.defensoria.gob.ec\/index.php?rest_route=\/wp\/v2\/project\/4387","targetHints":{"allow":["GET"]}}],"collection":[{"href":"https:\/\/www.defensoria.gob.ec\/index.php?rest_route=\/wp\/v2\/project"}],"about":[{"href":"https:\/\/www.defensoria.gob.ec\/index.php?rest_route=\/wp\/v2\/types\/project"}],"author":[{"embeddable":true,"href":"https:\/\/www.defensoria.gob.ec\/index.php?rest_route=\/wp\/v2\/users\/1"}],"replies":[{"embeddable":true,"href":"https:\/\/www.defensoria.gob.ec\/index.php?rest_route=%2Fwp%2Fv2%2Fcomments&post=4387"}],"version-history":[{"count":0,"href":"https:\/\/www.defensoria.gob.ec\/index.php?rest_route=\/wp\/v2\/project\/4387\/revisions"}],"wp:featuredmedia":[{"embeddable":true,"href":"https:\/\/www.defensoria.gob.ec\/index.php?rest_route=\/wp\/v2\/media\/4388"}],"wp:attachment":[{"href":"https:\/\/www.defensoria.gob.ec\/index.php?rest_route=%2Fwp%2Fv2%2Fmedia&parent=4387"}],"wp:term":[{"taxonomy":"project_category","embeddable":true,"href":"https:\/\/www.defensoria.gob.ec\/index.php?rest_route=%2Fwp%2Fv2%2Fproject_category&post=4387"},{"taxonomy":"project_tag","embeddable":true,"href":"https:\/\/www.defensoria.gob.ec\/index.php?rest_route=%2Fwp%2Fv2%2Fproject_tag&post=4387"}],"curies":[{"name":"wp","href":"https:\/\/api.w.org\/{rel}","templated":true}]}}