{"id":4258,"date":"2019-05-16T18:00:34","date_gmt":"2019-05-16T18:00:34","guid":{"rendered":"https:\/\/www.defensoria.gob.ec\/?post_type=project&#038;p=4258"},"modified":"2019-05-16T18:00:34","modified_gmt":"2019-05-16T18:00:34","slug":"cotopaxi-se-instala-mesa-de-justicia-sobre-erradicacion-y-prevencion-de-violencia","status":"publish","type":"project","link":"https:\/\/www.defensoria.gob.ec\/?project=cotopaxi-se-instala-mesa-de-justicia-sobre-erradicacion-y-prevencion-de-violencia","title":{"rendered":"Cotopaxi: Se instala Mesa de Justicia sobre erradicaci\u00f3n y prevenci\u00f3n de violencia"},"content":{"rendered":"<p>[et_pb_section fb_built=\u00bb1&#8243; _builder_version=\u00bb3.22.7&#8243;][et_pb_row _builder_version=\u00bb3.22.7&#8243;][et_pb_column type=\u00bb3_4&#8243; _builder_version=\u00bb3.22.7&#8243;][et_pb_post_title meta=\u00bboff\u00bb featured_image=\u00bboff\u00bb _builder_version=\u00bb3.22.7&#8243;][\/et_pb_post_title][et_pb_text text_orientation=\u00bbjustified\u00bb _builder_version=\u00bb3.22.7&#8243; text_font=\u00bb||||||||\u00bb]<\/p>\n<p>La Defensor\u00eda P\u00fablica de Cotopaxi, particip\u00f3 activamente en la Mesa Tem\u00e1tica de Justicia convocada por la Gobernaci\u00f3n de Cotopaxi. El objetivo de este espacio de trabajo es coordinar acciones para la erradicaci\u00f3n y prevenci\u00f3n de toda clase de violencia. A la convocatoria asistieron representantes del Ministerio de Salud P\u00fablica, Fiscal\u00eda Provincial de Cotopaxi, ECU 911, Polic\u00eda Nacional, MIES, GAD Municipal Latacunga y Provincial, Consejo de la Judicatura y la Gobernaci\u00f3n de Cotopaxi.\u00a0<\/p>\n<p>Los Defensores P\u00fablicos de Cotopaxi se comprometieron a \u00a0participar con decisi\u00f3n en las reuniones de trabajo y apoyar en las campa\u00f1as de seguridad ciudadana coordinadas por la Mesa de Justicia.\u00a0<\/p>\n<p>En otra informaci\u00f3n,\u00a0 el Defensor P\u00fablico provincial de Cotopaxi, Santiago Chipantasig, \u00a0mantuvo una reuni\u00f3n con los estudiantes de la carrera de Derecho de la Universidad UNIANDES.\u00a0 Ambas instituciones mantienen un convenio de cooperaci\u00f3n de pr\u00e1cticas pre profesionales y de formaci\u00f3n acad\u00e9mica.\u00a0<\/p>\n<p>La autoridad provincial explic\u00f3 a los estudiantes las l\u00edneas de acci\u00f3n de la Defensor\u00eda, hizo hincapi\u00e9 en que la atenci\u00f3n es para todas las personas que, por su estado de indefensi\u00f3n o condici\u00f3n econ\u00f3mica, social o cultural, no puedan contratar los servicios de defensa privada. Adem\u00e1s, les indic\u00f3 las obligaciones y responsabilidades que deben cumplir los estudiantes en los diferentes puntos de atenci\u00f3n de la Defensor\u00eda P\u00fablica.<\/p>\n<p>[\/et_pb_text][et_pb_gallery _builder_version=\u00bb3.22.7&#8243; gallery_ids=\u00bb4262,4263&#8243;][\/et_pb_gallery][\/et_pb_column][et_pb_column type=\u00bb1_4&#8243; _builder_version=\u00bb3.22.7&#8243;][et_pb_sidebar _builder_version=\u00bb3.22.7&#8243;][\/et_pb_sidebar][\/et_pb_column][\/et_pb_row][\/et_pb_section]<\/p>\n","protected":false},"excerpt":{"rendered":"<p>La Defensor\u00eda P\u00fablica de Cotopaxi, particip\u00f3 activamente en la Mesa Tem\u00e1tica de Justicia convocada por la Gobernaci\u00f3n de Cotopaxi. El objetivo de este espacio de trabajo es coordinar acciones para [&hellip;]<\/p>\n","protected":false},"author":1,"featured_media":4262,"comment_status":"open","ping_status":"closed","template":"","meta":{"_et_pb_use_builder":"on","_et_pb_old_content":"","_et_gb_content_width":"","footnotes":""},"project_category":[8,5],"project_tag":[],"class_list":["post-4258","project","type-project","status-publish","has-post-thumbnail","hentry","project_category-cerca-a-ti","project_category-noticias"],"_links":{"self":[{"href":"https:\/\/www.defensoria.gob.ec\/index.php?rest_route=\/wp\/v2\/project\/4258","targetHints":{"allow":["GET"]}}],"collection":[{"href":"https:\/\/www.defensoria.gob.ec\/index.php?rest_route=\/wp\/v2\/project"}],"about":[{"href":"https:\/\/www.defensoria.gob.ec\/index.php?rest_route=\/wp\/v2\/types\/project"}],"author":[{"embeddable":true,"href":"https:\/\/www.defensoria.gob.ec\/index.php?rest_route=\/wp\/v2\/users\/1"}],"replies":[{"embeddable":true,"href":"https:\/\/www.defensoria.gob.ec\/index.php?rest_route=%2Fwp%2Fv2%2Fcomments&post=4258"}],"version-history":[{"count":0,"href":"https:\/\/www.defensoria.gob.ec\/index.php?rest_route=\/wp\/v2\/project\/4258\/revisions"}],"wp:featuredmedia":[{"embeddable":true,"href":"https:\/\/www.defensoria.gob.ec\/index.php?rest_route=\/wp\/v2\/media\/4262"}],"wp:attachment":[{"href":"https:\/\/www.defensoria.gob.ec\/index.php?rest_route=%2Fwp%2Fv2%2Fmedia&parent=4258"}],"wp:term":[{"taxonomy":"project_category","embeddable":true,"href":"https:\/\/www.defensoria.gob.ec\/index.php?rest_route=%2Fwp%2Fv2%2Fproject_category&post=4258"},{"taxonomy":"project_tag","embeddable":true,"href":"https:\/\/www.defensoria.gob.ec\/index.php?rest_route=%2Fwp%2Fv2%2Fproject_tag&post=4258"}],"curies":[{"name":"wp","href":"https:\/\/api.w.org\/{rel}","templated":true}]}}