{"id":4076,"date":"2019-05-02T14:56:04","date_gmt":"2019-05-02T14:56:04","guid":{"rendered":"https:\/\/www.defensoria.gob.ec\/?post_type=project&#038;p=4076"},"modified":"2019-05-02T14:56:42","modified_gmt":"2019-05-02T14:56:42","slug":"con-decidida-gestion-la-defensoria-publica-recupera-su-edificacion-en-manabi","status":"publish","type":"project","link":"https:\/\/www.defensoria.gob.ec\/?project=con-decidida-gestion-la-defensoria-publica-recupera-su-edificacion-en-manabi","title":{"rendered":"Con decidida gesti\u00f3n, la Defensor\u00eda P\u00fablica, recupera su edificaci\u00f3n en Manab\u00ed"},"content":{"rendered":"<p>[et_pb_section fb_built=\u00bb1&#8243; _builder_version=\u00bb3.21.1&#8243;][et_pb_row _builder_version=\u00bb3.21.1&#8243;][et_pb_column type=\u00bb4_4&#8243; _builder_version=\u00bb3.21.1&#8243;][et_pb_post_title meta=\u00bboff\u00bb _builder_version=\u00bb3.21.1&#8243;][\/et_pb_post_title][et_pb_text text_orientation=\u00bbjustified\u00bb _builder_version=\u00bb3.21.1&#8243; text_font=\u00bb||||||||\u00bb]<\/p>\n<p style=\"font-weight: 400;\">El Dr. \u00c1ngel Torres Machuca, Defensor P\u00fablico General (E), luego de cumplir una ardua y decidida gesti\u00f3n, recibi\u00f3 de parte del Servicio de Gesti\u00f3n Inmobiliaria del Sector P\u00fablico, el dictamen favorable que le permite consolidar el proceso de reconstrucci\u00f3n de su edificaci\u00f3n en la ciudad de Portoviejo, donde funcionaban las oficinas de la delegaci\u00f3n provincial.<\/p>\n<p style=\"font-weight: 400;\">Despu\u00e9s de las visitas conjuntas efectuadas y los esfuerzos t\u00e9cnicos de parte de nuestra instituci\u00f3n por cumplir los plazos establecidos, el Servicio de Gesti\u00f3n Inmobiliaria del Sector P\u00fablico, autoriz\u00f3 a la Defensor\u00eda P\u00fablica, de acuerdo a los estudios de rehabilitaci\u00f3n y reconstrucci\u00f3n presentados, inicie el proceso correspondiente, que deber\u00e1 estar acorde a las recomendaciones legales, t\u00e9cnicas y de c\u00e1lculo entregadas por parte de la Secretar\u00eda.<\/p>\n<p style=\"font-weight: 400;\">Vale indicar que el proyecto cuenta con un avance significativo, pues los planos, as\u00ed como el presupuesto, que costear\u00e1 la reconstrucci\u00f3n y reforzamiento de la estructura, han sido aprobados por los Ministerio de Desarrollo Urbano y Vivienda (MIDUVI) y de Finanzas, respectivamente.<\/p>\n<p style=\"font-weight: 400;\">Los montos contractuales ascienden a m\u00e1s de seis cientos mil d\u00f3lares americanos, los cuales ser\u00e1n financiados con recursos fiscales a trav\u00e9s del Ministerio de Finanzas y el reembolso del seguro otorgado por la Aseguradora Sucre S.A., lo que permitir\u00e1 recuperar el punto de atenci\u00f3n en la provincia de Manab\u00ed.<\/p>\n<p style=\"font-weight: 400;\">El Dr. \u00c1ngel Torres Machuca, Defensor P\u00fablico General (E), remarc\u00f3 la importancia de refaccionar la edificaci\u00f3n que permitir\u00e1 extender los servicios institucionales a m\u00e1s personas de la localidad, que por su estado de indefensi\u00f3n o condici\u00f3n econ\u00f3mica, social o cultural, no pueden contratar los servicios de defensa legal para la protecci\u00f3n de sus derechos, dando cumplimiento irrestricto a nuestra misi\u00f3n institucional.<\/p>\n<p>[\/et_pb_text][\/et_pb_column][\/et_pb_row][\/et_pb_section]<\/p>\n","protected":false},"excerpt":{"rendered":"<p>El Dr. \u00c1ngel Torres Machuca, Defensor P\u00fablico General (E), luego de cumplir una ardua y decidida gesti\u00f3n, recibi\u00f3 de parte del Servicio de Gesti\u00f3n Inmobiliaria del Sector P\u00fablico, el dictamen [&hellip;]<\/p>\n","protected":false},"author":1,"featured_media":4077,"comment_status":"open","ping_status":"closed","template":"","meta":{"_et_pb_use_builder":"on","_et_pb_old_content":"","_et_gb_content_width":"","footnotes":""},"project_category":[5],"project_tag":[],"class_list":["post-4076","project","type-project","status-publish","has-post-thumbnail","hentry","project_category-noticias"],"_links":{"self":[{"href":"https:\/\/www.defensoria.gob.ec\/index.php?rest_route=\/wp\/v2\/project\/4076","targetHints":{"allow":["GET"]}}],"collection":[{"href":"https:\/\/www.defensoria.gob.ec\/index.php?rest_route=\/wp\/v2\/project"}],"about":[{"href":"https:\/\/www.defensoria.gob.ec\/index.php?rest_route=\/wp\/v2\/types\/project"}],"author":[{"embeddable":true,"href":"https:\/\/www.defensoria.gob.ec\/index.php?rest_route=\/wp\/v2\/users\/1"}],"replies":[{"embeddable":true,"href":"https:\/\/www.defensoria.gob.ec\/index.php?rest_route=%2Fwp%2Fv2%2Fcomments&post=4076"}],"version-history":[{"count":0,"href":"https:\/\/www.defensoria.gob.ec\/index.php?rest_route=\/wp\/v2\/project\/4076\/revisions"}],"wp:featuredmedia":[{"embeddable":true,"href":"https:\/\/www.defensoria.gob.ec\/index.php?rest_route=\/wp\/v2\/media\/4077"}],"wp:attachment":[{"href":"https:\/\/www.defensoria.gob.ec\/index.php?rest_route=%2Fwp%2Fv2%2Fmedia&parent=4076"}],"wp:term":[{"taxonomy":"project_category","embeddable":true,"href":"https:\/\/www.defensoria.gob.ec\/index.php?rest_route=%2Fwp%2Fv2%2Fproject_category&post=4076"},{"taxonomy":"project_tag","embeddable":true,"href":"https:\/\/www.defensoria.gob.ec\/index.php?rest_route=%2Fwp%2Fv2%2Fproject_tag&post=4076"}],"curies":[{"name":"wp","href":"https:\/\/api.w.org\/{rel}","templated":true}]}}