{"id":4036,"date":"2019-05-01T21:57:48","date_gmt":"2019-05-01T21:57:48","guid":{"rendered":"https:\/\/www.defensoria.gob.ec\/?post_type=project&#038;p=4036"},"modified":"2019-05-01T21:57:48","modified_gmt":"2019-05-01T21:57:48","slug":"la-defensoria-publica-prioriza-atencion-a-victimas","status":"publish","type":"project","link":"https:\/\/www.defensoria.gob.ec\/?project=la-defensoria-publica-prioriza-atencion-a-victimas","title":{"rendered":"La Defensor\u00eda P\u00fablica prioriza atenci\u00f3n a v\u00edctimas"},"content":{"rendered":"<p>[et_pb_section fb_built=\u00bb1&#8243; _builder_version=\u00bb3.21.1&#8243;][et_pb_row _builder_version=\u00bb3.21.1&#8243;][et_pb_column type=\u00bb4_4&#8243; _builder_version=\u00bb3.21.1&#8243;][et_pb_post_title meta=\u00bboff\u00bb _builder_version=\u00bb3.21.1&#8243;][\/et_pb_post_title][et_pb_text text_orientation=\u00bbjustified\u00bb _builder_version=\u00bb3.21.1&#8243; text_font=\u00bb||||||||\u00bb]<\/p>\n<p>La Dra. Andrea Guerrero, subdirectora de Patrocinio Penal de la Defensor\u00eda P\u00fablica, compareci\u00f3, en representaci\u00f3n del Defensor P\u00fablico General (E) Dr. \u00c1ngel Torres Machuca,\u00a0 ante la Comisi\u00f3n Ocasional que atiende temas de la ni\u00f1ez y adolescencia de la Asamblea Nacional. \u00a0En esta sesi\u00f3n se trat\u00f3 el Informe del Comit\u00e9 sobre el Acceso a la Justicia de ni\u00f1os v\u00edctimas de violencia sexual.<\/p>\n<p>La Dra. Guerrero inform\u00f3 que la Defensor\u00eda P\u00fablica,\u00a0 en lo que va del a\u00f1o 2019, atendi\u00f3 psicol\u00f3gicamente a 583 v\u00edctimas de delitos sexuales, pornograf\u00eda infantil y prostituci\u00f3n forzada y\u00a0 patrocin\u00f3 a 412 personas afectadas por dichos delitos. Estos datos representan un incremento del 300%, respecto a las cifras registradas en todo el a\u00f1o 2018.<\/p>\n<p>Esto demuestra dijo,\u00a0 que la Defensor\u00eda P\u00fablica da\u00a0 prioridad a la atenci\u00f3n de v\u00edctimas, sin descuidar el patrocinio y asistencia jur\u00eddica a las personas procesadas, tal como lo determina el C\u00f3digo Org\u00e1nico de la Funci\u00f3n Judicial.\u00a0 En su intervenci\u00f3n, la funcionaria manifest\u00f3 que se imparten charlas y capacitaciones, en instituciones educativas, para informar sobre la problem\u00e1tica del abuso sexual, concienciar sobre la importancia de una vida libre de violencia y difundir los servicios gratuitos de asesor\u00eda y patrocinio legales que frece la Defensor\u00eda P\u00fablica a personas de escasos\u00a0 recursos econ\u00f3micos. Inform\u00f3 adem\u00e1s \u00a0que en la Defensor\u00eda P\u00fablica se habilit\u00f3 un departamento de psicolog\u00eda y trabajo social para ayudar a las v\u00edctimas.<\/p>\n<p>La delegada de la Defensor\u00eda Publica dijo adem\u00e1s: \u201cBrindamos la atenci\u00f3n a usuarios las 24 horas del d\u00eda, los 7 d\u00edas de la semana, con turnos rotativos en las Unidades de Flagrancia a fin de cubrir las necesidades judiciales y sobre todo la atenci\u00f3n oportuna a la v\u00edctima indic\u00e1ndole que participaremos en la defensa de su derecho violentado y que se lo har\u00e1 de forma eficiente, t\u00e9cnica y gratuita. Cabe recalcar que como Defensor\u00eda P\u00fablica estamos prestos a colaborar con los nuevos cambios que se \u00a0implementen \u00a0en favor de grupos vulnerables,\u00a0 para evitar y sancionar \u00a0los delitos cometidos contra ni\u00f1os ni\u00f1as y adolescentes\u2026 \u201c,<\/p>\n<p>[\/et_pb_text][\/et_pb_column][\/et_pb_row][\/et_pb_section]<\/p>\n","protected":false},"excerpt":{"rendered":"<p>La Dra. Andrea Guerrero, subdirectora de Patrocinio Penal de la Defensor\u00eda P\u00fablica, compareci\u00f3, en representaci\u00f3n del Defensor P\u00fablico General (E) Dr. \u00c1ngel Torres Machuca,\u00a0 ante la Comisi\u00f3n Ocasional que atiende [&hellip;]<\/p>\n","protected":false},"author":1,"featured_media":4037,"comment_status":"open","ping_status":"closed","template":"","meta":{"_et_pb_use_builder":"on","_et_pb_old_content":"","_et_gb_content_width":"","footnotes":""},"project_category":[5],"project_tag":[],"class_list":["post-4036","project","type-project","status-publish","has-post-thumbnail","hentry","project_category-noticias"],"_links":{"self":[{"href":"https:\/\/www.defensoria.gob.ec\/index.php?rest_route=\/wp\/v2\/project\/4036","targetHints":{"allow":["GET"]}}],"collection":[{"href":"https:\/\/www.defensoria.gob.ec\/index.php?rest_route=\/wp\/v2\/project"}],"about":[{"href":"https:\/\/www.defensoria.gob.ec\/index.php?rest_route=\/wp\/v2\/types\/project"}],"author":[{"embeddable":true,"href":"https:\/\/www.defensoria.gob.ec\/index.php?rest_route=\/wp\/v2\/users\/1"}],"replies":[{"embeddable":true,"href":"https:\/\/www.defensoria.gob.ec\/index.php?rest_route=%2Fwp%2Fv2%2Fcomments&post=4036"}],"version-history":[{"count":0,"href":"https:\/\/www.defensoria.gob.ec\/index.php?rest_route=\/wp\/v2\/project\/4036\/revisions"}],"wp:featuredmedia":[{"embeddable":true,"href":"https:\/\/www.defensoria.gob.ec\/index.php?rest_route=\/wp\/v2\/media\/4037"}],"wp:attachment":[{"href":"https:\/\/www.defensoria.gob.ec\/index.php?rest_route=%2Fwp%2Fv2%2Fmedia&parent=4036"}],"wp:term":[{"taxonomy":"project_category","embeddable":true,"href":"https:\/\/www.defensoria.gob.ec\/index.php?rest_route=%2Fwp%2Fv2%2Fproject_category&post=4036"},{"taxonomy":"project_tag","embeddable":true,"href":"https:\/\/www.defensoria.gob.ec\/index.php?rest_route=%2Fwp%2Fv2%2Fproject_tag&post=4036"}],"curies":[{"name":"wp","href":"https:\/\/api.w.org\/{rel}","templated":true}]}}