{"id":4025,"date":"2019-05-01T20:49:46","date_gmt":"2019-05-01T20:49:46","guid":{"rendered":"https:\/\/www.defensoria.gob.ec\/?post_type=project&#038;p=4025"},"modified":"2019-05-06T21:54:35","modified_gmt":"2019-05-06T21:54:35","slug":"defensoria-publica-firmo-convenio-de-cooperacion-con-el-pueblo-salasaca","status":"publish","type":"project","link":"https:\/\/www.defensoria.gob.ec\/?project=defensoria-publica-firmo-convenio-de-cooperacion-con-el-pueblo-salasaca","title":{"rendered":"Defensor\u00eda P\u00fablica firm\u00f3 convenio de cooperaci\u00f3n con el Pueblo Salasaka"},"content":{"rendered":"<p>[et_pb_section fb_built=\u00bb1&#8243; _builder_version=\u00bb3.21.1&#8243;][et_pb_row _builder_version=\u00bb3.21.1&#8243;][et_pb_column type=\u00bb4_4&#8243; _builder_version=\u00bb3.21.1&#8243;][et_pb_post_title meta=\u00bboff\u00bb featured_image=\u00bboff\u00bb _builder_version=\u00bb3.21.1&#8243;][\/et_pb_post_title][et_pb_text _builder_version=\u00bb3.21.1&#8243; text_font=\u00bb||||||||\u00bb text_orientation=\u00bbjustified\u00bb]<\/p>\n<p>La Defensor\u00eda P\u00fablica del Ecuador \u00a0y el Pueblo Salasaka suscribieron, el\u00a0 27 de abril, un convenio de cooperaci\u00f3n interinstitucional, el que tiene varios objetivos: brindar asesor\u00eda y patrocinio legal a las personas de esta comunidad, especializar a los defensores p\u00fablicos en defensa intercultural, organizar eventos sobre pluralismo jur\u00eddico y m\u00e9todos de soluci\u00f3n de conflictos y capacitar a los integrantes del Pueblo Salasaka sobre sus derechos y servicios que entrega la Instituci\u00f3n.<\/p>\n<p>El Defensor P\u00fablico Regional Centro Norte, Ab. Danilo Sulca, intervino en representaci\u00f3n del Defensor P\u00fablico General (e), Dr. \u00c1ngel Torres Machuca, dijo que en cumplimiento de la misi\u00f3n institucional de la Defensor\u00eda P\u00fablica, se pone\u00a0 a disposici\u00f3n del Pueblo Salasaka, los servicios de asesor\u00eda y patrocinio que brinda la entidad, en beneficio de la ciudadan\u00eda y de quienes m\u00e1s lo necesitan. Calific\u00f3 de fruct\u00edfera la labor del personal misional y administrativo de la provincia.<\/p>\n<p>El Convenio lo suscribieron el Defensor P\u00fablico Regional Centro Norte, Danilo Sulca, el Defensor P\u00fablico provincial de Tungurahua (e), Santiago Burbano y el Gobernador del Pueblo Salasaka, Baltazar Jim\u00e9nez.<\/p>\n<p>[\/et_pb_text][et_pb_gallery gallery_ids=\u00bb4029,4027,4026&#8243; _builder_version=\u00bb3.21.1&#8243;][\/et_pb_gallery][\/et_pb_column][\/et_pb_row][\/et_pb_section]<\/p>\n","protected":false},"excerpt":{"rendered":"<p>La Defensor\u00eda P\u00fablica del Ecuador \u00a0y el Pueblo Salasaka suscribieron, el\u00a0 27 de abril, un convenio de cooperaci\u00f3n interinstitucional, el que tiene varios objetivos: brindar asesor\u00eda y patrocinio legal a [&hellip;]<\/p>\n","protected":false},"author":1,"featured_media":4028,"comment_status":"open","ping_status":"closed","template":"","meta":{"_et_pb_use_builder":"on","_et_pb_old_content":"","_et_gb_content_width":"","footnotes":""},"project_category":[5],"project_tag":[],"class_list":["post-4025","project","type-project","status-publish","has-post-thumbnail","hentry","project_category-noticias"],"_links":{"self":[{"href":"https:\/\/www.defensoria.gob.ec\/index.php?rest_route=\/wp\/v2\/project\/4025","targetHints":{"allow":["GET"]}}],"collection":[{"href":"https:\/\/www.defensoria.gob.ec\/index.php?rest_route=\/wp\/v2\/project"}],"about":[{"href":"https:\/\/www.defensoria.gob.ec\/index.php?rest_route=\/wp\/v2\/types\/project"}],"author":[{"embeddable":true,"href":"https:\/\/www.defensoria.gob.ec\/index.php?rest_route=\/wp\/v2\/users\/1"}],"replies":[{"embeddable":true,"href":"https:\/\/www.defensoria.gob.ec\/index.php?rest_route=%2Fwp%2Fv2%2Fcomments&post=4025"}],"version-history":[{"count":0,"href":"https:\/\/www.defensoria.gob.ec\/index.php?rest_route=\/wp\/v2\/project\/4025\/revisions"}],"wp:featuredmedia":[{"embeddable":true,"href":"https:\/\/www.defensoria.gob.ec\/index.php?rest_route=\/wp\/v2\/media\/4028"}],"wp:attachment":[{"href":"https:\/\/www.defensoria.gob.ec\/index.php?rest_route=%2Fwp%2Fv2%2Fmedia&parent=4025"}],"wp:term":[{"taxonomy":"project_category","embeddable":true,"href":"https:\/\/www.defensoria.gob.ec\/index.php?rest_route=%2Fwp%2Fv2%2Fproject_category&post=4025"},{"taxonomy":"project_tag","embeddable":true,"href":"https:\/\/www.defensoria.gob.ec\/index.php?rest_route=%2Fwp%2Fv2%2Fproject_tag&post=4025"}],"curies":[{"name":"wp","href":"https:\/\/api.w.org\/{rel}","templated":true}]}}