{"id":3972,"date":"2019-04-26T14:07:53","date_gmt":"2019-04-26T14:07:53","guid":{"rendered":"https:\/\/www.defensoria.gob.ec\/?post_type=project&#038;p=3972"},"modified":"2019-04-26T14:07:53","modified_gmt":"2019-04-26T14:07:53","slug":"cotopaxi-en-marcha-pacto-por-la-seguridad-ciudadana-de-cotopaxi","status":"publish","type":"project","link":"https:\/\/www.defensoria.gob.ec\/?project=cotopaxi-en-marcha-pacto-por-la-seguridad-ciudadana-de-cotopaxi","title":{"rendered":"Cotopaxi: En marcha Pacto por la Seguridad Ciudadana de Cotopaxi"},"content":{"rendered":"<p>[et_pb_section fb_built=\u00bb1&#8243; _builder_version=\u00bb3.21.1&#8243;][et_pb_row _builder_version=\u00bb3.21.1&#8243;][et_pb_column type=\u00bb3_4&#8243; _builder_version=\u00bb3.21.1&#8243;][et_pb_post_title meta=\u00bboff\u00bb featured_image=\u00bboff\u00bb _builder_version=\u00bb3.21.1&#8243;][\/et_pb_post_title][et_pb_text text_orientation=\u00bbjustified\u00bb _builder_version=\u00bb3.21.1&#8243; text_font=\u00bb||||||||\u00bb]<\/p>\n<p>El Defensor P\u00fablico de Cotopaxi, Santiago Chipantasig,\u00a0 asisti\u00f3 a la reuni\u00f3n de trabajo organizada por el GAD Provincial, en la que delinearon acciones en torno al \u00a0PACTO POR LA SEGURIDAD CIUDADANA DE COTOPAXI. El objetivo fue elaborar un plan de capacitaci\u00f3n a los Comit\u00e9s Comunitarios de Seguridad Ciudadana y Gesti\u00f3n de Riesgos. De esta manera la Defensor\u00eda P\u00fablica contribuye \u00a0en la prevenci\u00f3n de violencia de g\u00e9nero y a garantizar un ambiente de paz y seguridad a la ciudadan\u00eda cotopaxense.<\/p>\n<p>La Defensor\u00eda P\u00fablica asume este compromiso dentro de sus competencias y en cumplimiento de resoluciones institucionales que determinan que se priorice la atenci\u00f3n a las v\u00edctimas de delitos de violencia de g\u00e9nero.\u00a0<\/p>\n<p>En otra informaci\u00f3n de la Defensor\u00eda P\u00fablica provincia de\u00a0 Cotopaxi, el Dr. Roberto Carlos Chachapoya, Defensor P\u00fablico de Ejecuci\u00f3n de la Pena del CRS &#8211; Regional Sierra Centro Norte, realiz\u00f3 la primera audiencia solicitada de favorabilidad en la cual de una pena de 32 meses y 30 salarios de multa se concedi\u00f3 la pena de 12 meses y multa de 10 salarios por lo que se gir\u00f3 la boleta de excarcelaci\u00f3n.\u00a0<\/p>\n<p>[\/et_pb_text][et_pb_gallery _builder_version=\u00bb3.21.1&#8243; gallery_ids=\u00bb3974,3973&#8243;][\/et_pb_gallery][\/et_pb_column][et_pb_column type=\u00bb1_4&#8243; _builder_version=\u00bb3.21.1&#8243;][et_pb_sidebar _builder_version=\u00bb3.21.1&#8243;][\/et_pb_sidebar][\/et_pb_column][\/et_pb_row][\/et_pb_section]<\/p>\n","protected":false},"excerpt":{"rendered":"<p>El Defensor P\u00fablico de Cotopaxi, Santiago Chipantasig,\u00a0 asisti\u00f3 a la reuni\u00f3n de trabajo organizada por el GAD Provincial, en la que delinearon acciones en torno al \u00a0PACTO POR LA SEGURIDAD [&hellip;]<\/p>\n","protected":false},"author":1,"featured_media":3973,"comment_status":"open","ping_status":"closed","template":"","meta":{"_et_pb_use_builder":"on","_et_pb_old_content":"","_et_gb_content_width":"","footnotes":""},"project_category":[8,5],"project_tag":[],"class_list":["post-3972","project","type-project","status-publish","has-post-thumbnail","hentry","project_category-cerca-a-ti","project_category-noticias"],"_links":{"self":[{"href":"https:\/\/www.defensoria.gob.ec\/index.php?rest_route=\/wp\/v2\/project\/3972","targetHints":{"allow":["GET"]}}],"collection":[{"href":"https:\/\/www.defensoria.gob.ec\/index.php?rest_route=\/wp\/v2\/project"}],"about":[{"href":"https:\/\/www.defensoria.gob.ec\/index.php?rest_route=\/wp\/v2\/types\/project"}],"author":[{"embeddable":true,"href":"https:\/\/www.defensoria.gob.ec\/index.php?rest_route=\/wp\/v2\/users\/1"}],"replies":[{"embeddable":true,"href":"https:\/\/www.defensoria.gob.ec\/index.php?rest_route=%2Fwp%2Fv2%2Fcomments&post=3972"}],"version-history":[{"count":0,"href":"https:\/\/www.defensoria.gob.ec\/index.php?rest_route=\/wp\/v2\/project\/3972\/revisions"}],"wp:featuredmedia":[{"embeddable":true,"href":"https:\/\/www.defensoria.gob.ec\/index.php?rest_route=\/wp\/v2\/media\/3973"}],"wp:attachment":[{"href":"https:\/\/www.defensoria.gob.ec\/index.php?rest_route=%2Fwp%2Fv2%2Fmedia&parent=3972"}],"wp:term":[{"taxonomy":"project_category","embeddable":true,"href":"https:\/\/www.defensoria.gob.ec\/index.php?rest_route=%2Fwp%2Fv2%2Fproject_category&post=3972"},{"taxonomy":"project_tag","embeddable":true,"href":"https:\/\/www.defensoria.gob.ec\/index.php?rest_route=%2Fwp%2Fv2%2Fproject_tag&post=3972"}],"curies":[{"name":"wp","href":"https:\/\/api.w.org\/{rel}","templated":true}]}}