{"id":3841,"date":"2019-04-16T20:21:09","date_gmt":"2019-04-16T20:21:09","guid":{"rendered":"https:\/\/www.defensoria.gob.ec\/?post_type=project&#038;p=3841"},"modified":"2019-04-17T15:12:04","modified_gmt":"2019-04-17T15:12:04","slug":"guayas-se-realizo-capacitacion-en-movilidad-humana-y-refugio","status":"publish","type":"project","link":"https:\/\/www.defensoria.gob.ec\/?project=guayas-se-realizo-capacitacion-en-movilidad-humana-y-refugio","title":{"rendered":"Guayas: Se realiz\u00f3 capacitaci\u00f3n en Movilidad Humana y Refugio"},"content":{"rendered":"\n[et_pb_section fb_built=\u00bb1&#8243; _builder_version=\u00bb3.21.1&#8243;][et_pb_row _builder_version=\u00bb3.21.1&#8243;][et_pb_column type=\u00bb3_4&#8243; _builder_version=\u00bb3.21.1&#8243;][et_pb_post_title meta=\u00bboff\u00bb featured_image=\u00bboff\u00bb _builder_version=\u00bb3.21.1&#8243;][\/et_pb_post_title][et_pb_text text_orientation=\u00bbjustified\u00bb _builder_version=\u00bb3.21.1&#8243; text_font=\u00bb||||||||\u00bb]<p>Los funcionarios de la Defensor\u00eda P\u00fablica del Guayas participaron en el taller \u201cEfectos psico-sociales del refugio\u201d, dictado por el facilitador de la Organizaci\u00f3n Hebrea de Ayuda para Inmigrantes y Refugiados (HIAS), Jairo Rojas.<\/p>\n<p>Los temas abordados fueron: HIAS y las distintas \u00e1reas de atenci\u00f3n a la poblaci\u00f3n refugiada, diferencias entre una persona refugiada y una persona que decide migrar voluntariamente, efectos del desplazamiento forzado, caracter\u00edsticas de las cat\u00e1strofes sociales, primeros auxilios psicol\u00f3gicos y autocuidado.<\/p>\n[\/et_pb_text][et_pb_gallery _builder_version=\u00bb3.21.1&#8243; gallery_ids=\u00bb3846&#8243;][\/et_pb_gallery][\/et_pb_column][et_pb_column type=\u00bb1_4&#8243; _builder_version=\u00bb3.21.1&#8243;][et_pb_sidebar _builder_version=\u00bb3.21.1&#8243;][\/et_pb_sidebar][\/et_pb_column][\/et_pb_row][\/et_pb_section]\n","protected":false},"excerpt":{"rendered":"<p>Los funcionarios de la Defensor\u00eda P\u00fablica del Guayas participaron en el taller \u201cEfectos psico-sociales del refugio\u201d, dictado por el facilitador de la Organizaci\u00f3n Hebrea de Ayuda para Inmigrantes y Refugiados [&hellip;]<\/p>\n","protected":false},"author":1,"featured_media":3846,"comment_status":"open","ping_status":"closed","template":"","meta":{"_et_pb_use_builder":"on","_et_pb_old_content":"","_et_gb_content_width":"","footnotes":""},"project_category":[8,5],"project_tag":[],"class_list":["post-3841","project","type-project","status-publish","has-post-thumbnail","hentry","project_category-cerca-a-ti","project_category-noticias"],"_links":{"self":[{"href":"https:\/\/www.defensoria.gob.ec\/index.php?rest_route=\/wp\/v2\/project\/3841","targetHints":{"allow":["GET"]}}],"collection":[{"href":"https:\/\/www.defensoria.gob.ec\/index.php?rest_route=\/wp\/v2\/project"}],"about":[{"href":"https:\/\/www.defensoria.gob.ec\/index.php?rest_route=\/wp\/v2\/types\/project"}],"author":[{"embeddable":true,"href":"https:\/\/www.defensoria.gob.ec\/index.php?rest_route=\/wp\/v2\/users\/1"}],"replies":[{"embeddable":true,"href":"https:\/\/www.defensoria.gob.ec\/index.php?rest_route=%2Fwp%2Fv2%2Fcomments&post=3841"}],"version-history":[{"count":0,"href":"https:\/\/www.defensoria.gob.ec\/index.php?rest_route=\/wp\/v2\/project\/3841\/revisions"}],"wp:featuredmedia":[{"embeddable":true,"href":"https:\/\/www.defensoria.gob.ec\/index.php?rest_route=\/wp\/v2\/media\/3846"}],"wp:attachment":[{"href":"https:\/\/www.defensoria.gob.ec\/index.php?rest_route=%2Fwp%2Fv2%2Fmedia&parent=3841"}],"wp:term":[{"taxonomy":"project_category","embeddable":true,"href":"https:\/\/www.defensoria.gob.ec\/index.php?rest_route=%2Fwp%2Fv2%2Fproject_category&post=3841"},{"taxonomy":"project_tag","embeddable":true,"href":"https:\/\/www.defensoria.gob.ec\/index.php?rest_route=%2Fwp%2Fv2%2Fproject_tag&post=3841"}],"curies":[{"name":"wp","href":"https:\/\/api.w.org\/{rel}","templated":true}]}}