{"id":3743,"date":"2019-04-09T20:26:08","date_gmt":"2019-04-09T20:26:08","guid":{"rendered":"https:\/\/www.defensoria.gob.ec\/?post_type=project&#038;p=3743"},"modified":"2019-04-09T20:26:08","modified_gmt":"2019-04-09T20:26:08","slug":"santo-domingo-se-realizaron-reuniones-charlas-y-visitas-a-territorio","status":"publish","type":"project","link":"https:\/\/www.defensoria.gob.ec\/?project=santo-domingo-se-realizaron-reuniones-charlas-y-visitas-a-territorio","title":{"rendered":"Santo Domingo: Se realizaron reuniones, charlas y visitas a territorio"},"content":{"rendered":"<p>[et_pb_section fb_built=\u00bb1&#8243; _builder_version=\u00bb3.21.1&#8243;][et_pb_row _builder_version=\u00bb3.21.1&#8243;][et_pb_column type=\u00bb3_4&#8243; _builder_version=\u00bb3.21.1&#8243;][et_pb_post_title meta=\u00bboff\u00bb featured_image=\u00bboff\u00bb _builder_version=\u00bb3.21.1&#8243;][\/et_pb_post_title][et_pb_text text_orientation=\u00bbjustified\u00bb _builder_version=\u00bb3.21.1&#8243; text_font=\u00bb||||||||\u00bb]<\/p>\n<p>El defensor p\u00fablico provincial de Santo Domingo de los\u00a0 Ts\u00e1chilas, Mauricio Sotal\u00edn, recibi\u00f3, el\u00a0 2 de abril, a los representantes de la Casa Hogar Enr\u00edquez Gallo, quienes solicitaron el patrocinio en la audiencia de revisi\u00f3n de medidas socio-educativas.<\/p>\n<p>En la Escuela de Ingenier\u00eda Militar \u201cGral. Guillermo Rodr\u00edguez Lara\u201d, del cant\u00f3n Santo Domingo, se realiz\u00f3\u00a0 la conferencia \u201cUso progresivo de la fuerza: pena general, clasificaci\u00f3n, extensi\u00f3n reparatorio\u201d. En el evento, el\u00a0 defensor p\u00fablico provincial recibi\u00f3 un reconocimiento por la labor que desarrolla la Instituci\u00f3n a favor de las personas de los grupos de atenci\u00f3n prioritaria.<\/p>\n<p>El 25 de marzo, la autoridad provincial de la Defensor\u00eda P\u00fablica, acudi\u00f3 al proceso de inhumaci\u00f3n de cad\u00e1veres y restos humanos no identificados e identificados, no retirados, que se hallaban en el Servicio Nacional de Medicina Legal y Ciencias Forenses de Santo Domingo de los Ts\u00e1chilas.<\/p>\n<p>Adem\u00e1s, visit\u00f3 al adulto mayor, Joaqu\u00edn Chango, quien vive en extrema pobreza y solicit\u00f3 asesoramiento legal de la Defensor\u00eda P\u00fablica. Finalmente, particip\u00f3 en el seminario \u201cEl Derecho desde una Perspectiva de G\u00e9nero\u201d, organizado por la carrera de Derecho de la Universidad Tecnol\u00f3gica Equinoccial (UTE).<\/p>\n<p>[\/et_pb_text][et_pb_gallery _builder_version=\u00bb3.21.1&#8243; gallery_ids=\u00bb3759,3760,3758&#8243;][\/et_pb_gallery][\/et_pb_column][et_pb_column type=\u00bb1_4&#8243; _builder_version=\u00bb3.21.1&#8243;][et_pb_sidebar _builder_version=\u00bb3.21.1&#8243;][\/et_pb_sidebar][\/et_pb_column][\/et_pb_row][\/et_pb_section]<\/p>\n","protected":false},"excerpt":{"rendered":"<p>El defensor p\u00fablico provincial de Santo Domingo de los\u00a0 Ts\u00e1chilas, Mauricio Sotal\u00edn, recibi\u00f3, el\u00a0 2 de abril, a los representantes de la Casa Hogar Enr\u00edquez Gallo, quienes solicitaron el patrocinio [&hellip;]<\/p>\n","protected":false},"author":1,"featured_media":3758,"comment_status":"open","ping_status":"closed","template":"","meta":{"_et_pb_use_builder":"on","_et_pb_old_content":"","_et_gb_content_width":"","footnotes":""},"project_category":[8,5],"project_tag":[],"class_list":["post-3743","project","type-project","status-publish","has-post-thumbnail","hentry","project_category-cerca-a-ti","project_category-noticias"],"_links":{"self":[{"href":"https:\/\/www.defensoria.gob.ec\/index.php?rest_route=\/wp\/v2\/project\/3743","targetHints":{"allow":["GET"]}}],"collection":[{"href":"https:\/\/www.defensoria.gob.ec\/index.php?rest_route=\/wp\/v2\/project"}],"about":[{"href":"https:\/\/www.defensoria.gob.ec\/index.php?rest_route=\/wp\/v2\/types\/project"}],"author":[{"embeddable":true,"href":"https:\/\/www.defensoria.gob.ec\/index.php?rest_route=\/wp\/v2\/users\/1"}],"replies":[{"embeddable":true,"href":"https:\/\/www.defensoria.gob.ec\/index.php?rest_route=%2Fwp%2Fv2%2Fcomments&post=3743"}],"version-history":[{"count":0,"href":"https:\/\/www.defensoria.gob.ec\/index.php?rest_route=\/wp\/v2\/project\/3743\/revisions"}],"wp:featuredmedia":[{"embeddable":true,"href":"https:\/\/www.defensoria.gob.ec\/index.php?rest_route=\/wp\/v2\/media\/3758"}],"wp:attachment":[{"href":"https:\/\/www.defensoria.gob.ec\/index.php?rest_route=%2Fwp%2Fv2%2Fmedia&parent=3743"}],"wp:term":[{"taxonomy":"project_category","embeddable":true,"href":"https:\/\/www.defensoria.gob.ec\/index.php?rest_route=%2Fwp%2Fv2%2Fproject_category&post=3743"},{"taxonomy":"project_tag","embeddable":true,"href":"https:\/\/www.defensoria.gob.ec\/index.php?rest_route=%2Fwp%2Fv2%2Fproject_tag&post=3743"}],"curies":[{"name":"wp","href":"https:\/\/api.w.org\/{rel}","templated":true}]}}