{"id":3161,"date":"2019-03-14T21:51:40","date_gmt":"2019-03-14T21:51:40","guid":{"rendered":"https:\/\/www.defensoria.gob.ec\/?post_type=project&#038;p=3161"},"modified":"2019-03-14T21:51:40","modified_gmt":"2019-03-14T21:51:40","slug":"chimborazo-jornada-de-capacitacion-de-sensibilizacion-en-movilidad-humana","status":"publish","type":"project","link":"https:\/\/www.defensoria.gob.ec\/?project=chimborazo-jornada-de-capacitacion-de-sensibilizacion-en-movilidad-humana","title":{"rendered":"Chimborazo: Jornada de capacitaci\u00f3n de sensibilizaci\u00f3n en Movilidad Humana"},"content":{"rendered":"<p>[et_pb_section fb_built=\u00bb1&#8243; _builder_version=\u00bb3.20.2&#8243;][et_pb_row _builder_version=\u00bb3.20.2&#8243;][et_pb_column type=\u00bb3_4&#8243; _builder_version=\u00bb3.20.2&#8243;][et_pb_post_title meta=\u00bboff\u00bb featured_image=\u00bboff\u00bb _builder_version=\u00bb3.20.2&#8243;][\/et_pb_post_title][et_pb_text text_orientation=\u00bbjustified\u00bb _builder_version=\u00bb3.20.2&#8243; text_font=\u00bb||||||||\u00bb]<\/p>\n<p>El defensor p\u00fablico provincial del Chimborazo, Freddy Garz\u00f3n, asisti\u00f3 a la capacitaci\u00f3n de sensibilizaci\u00f3n sobre fomento y garant\u00eda de convivencia arm\u00f3nica, con respeto a los derechos humanos, de los grupos de atenci\u00f3n vulnerable y de movilidad humana.<\/p>\n<p>La jornada estuvo organizada por Consejo Cantonal para la Protecci\u00f3n de Derechos de Riobamba y el Alto Comisionado de las Naciones Unidad para los Refugiados (ACNUR).<\/p>\n<p>[\/et_pb_text][et_pb_gallery _builder_version=\u00bb3.20.2&#8243; gallery_ids=\u00bb3162&#8243;][\/et_pb_gallery][\/et_pb_column][et_pb_column type=\u00bb1_4&#8243; _builder_version=\u00bb3.20.2&#8243;][et_pb_sidebar _builder_version=\u00bb3.20.2&#8243;][\/et_pb_sidebar][\/et_pb_column][\/et_pb_row][\/et_pb_section]<\/p>\n","protected":false},"excerpt":{"rendered":"<p>El defensor p\u00fablico provincial del Chimborazo, Freddy Garz\u00f3n, asisti\u00f3 a la capacitaci\u00f3n de sensibilizaci\u00f3n sobre fomento y garant\u00eda de convivencia arm\u00f3nica, con respeto a los derechos humanos, de los grupos [&hellip;]<\/p>\n","protected":false},"author":1,"featured_media":3162,"comment_status":"open","ping_status":"closed","template":"","meta":{"_et_pb_use_builder":"on","_et_pb_old_content":"","_et_gb_content_width":"","footnotes":""},"project_category":[8],"project_tag":[],"class_list":["post-3161","project","type-project","status-publish","has-post-thumbnail","hentry","project_category-cerca-a-ti"],"_links":{"self":[{"href":"https:\/\/www.defensoria.gob.ec\/index.php?rest_route=\/wp\/v2\/project\/3161","targetHints":{"allow":["GET"]}}],"collection":[{"href":"https:\/\/www.defensoria.gob.ec\/index.php?rest_route=\/wp\/v2\/project"}],"about":[{"href":"https:\/\/www.defensoria.gob.ec\/index.php?rest_route=\/wp\/v2\/types\/project"}],"author":[{"embeddable":true,"href":"https:\/\/www.defensoria.gob.ec\/index.php?rest_route=\/wp\/v2\/users\/1"}],"replies":[{"embeddable":true,"href":"https:\/\/www.defensoria.gob.ec\/index.php?rest_route=%2Fwp%2Fv2%2Fcomments&post=3161"}],"version-history":[{"count":0,"href":"https:\/\/www.defensoria.gob.ec\/index.php?rest_route=\/wp\/v2\/project\/3161\/revisions"}],"wp:featuredmedia":[{"embeddable":true,"href":"https:\/\/www.defensoria.gob.ec\/index.php?rest_route=\/wp\/v2\/media\/3162"}],"wp:attachment":[{"href":"https:\/\/www.defensoria.gob.ec\/index.php?rest_route=%2Fwp%2Fv2%2Fmedia&parent=3161"}],"wp:term":[{"taxonomy":"project_category","embeddable":true,"href":"https:\/\/www.defensoria.gob.ec\/index.php?rest_route=%2Fwp%2Fv2%2Fproject_category&post=3161"},{"taxonomy":"project_tag","embeddable":true,"href":"https:\/\/www.defensoria.gob.ec\/index.php?rest_route=%2Fwp%2Fv2%2Fproject_tag&post=3161"}],"curies":[{"name":"wp","href":"https:\/\/api.w.org\/{rel}","templated":true}]}}