{"id":2975,"date":"2019-02-28T21:30:33","date_gmt":"2019-02-28T21:30:33","guid":{"rendered":"https:\/\/www.defensoria.gob.ec\/?post_type=project&#038;p=2975"},"modified":"2019-02-28T21:30:33","modified_gmt":"2019-02-28T21:30:33","slug":"imbabura-entrego-asesoria-legal-a-las-personas-privadas-de-libertad","status":"publish","type":"project","link":"https:\/\/www.defensoria.gob.ec\/?project=imbabura-entrego-asesoria-legal-a-las-personas-privadas-de-libertad","title":{"rendered":"Imbabura: entreg\u00f3 asesor\u00eda legal a las personas privadas de libertad"},"content":{"rendered":"<p>[et_pb_section fb_built=\u00bb1&#8243; _builder_version=\u00bb3.19.17&#8243;][et_pb_row _builder_version=\u00bb3.19.17&#8243;][et_pb_column type=\u00bb3_4&#8243; _builder_version=\u00bb3.19.17&#8243;][et_pb_post_title meta=\u00bboff\u00bb featured_image=\u00bboff\u00bb _builder_version=\u00bb3.19.17&#8243;][\/et_pb_post_title][et_pb_text text_orientation=\u00bbjustified\u00bb _builder_version=\u00bb3.19.17&#8243; text_font=\u00bb||||||||\u00bb]<\/p>\n<p>El 22 de febrero, el defensor p\u00fablico provincial de Imbabura, Carlos Espinosa y su equipo t\u00e9cnico de trabajo viajaron a la ciudad de Tulc\u00e1n, al Centro de Rehabilitaci\u00f3n Social de Mujeres, donde brindaron asesor\u00eda legal y patrocinio a las personas privadas de libertad (PPLs).<\/p>\n<p>Durante la visita las PPLs recibieron informaci\u00f3n sobre sus derechos, garant\u00edas constitucionales y el estado de sus procesos.<\/p>\n<p>Espinosa indic\u00f3 que la instituci\u00f3n garantiza los derechos de las personas sin discriminaci\u00f3n alguna. Adem\u00e1s, ratific\u00f3 su compromiso en continuar con las visitas peri\u00f3dicas al Centro de Rehabilitaci\u00f3n Social, porque el trabajo misional es acercar los servicios de la Defensor\u00eda P\u00fablica a los grupos de atenci\u00f3n prioritaria.<\/p>\n<p>[\/et_pb_text][et_pb_gallery _builder_version=\u00bb3.19.17&#8243; gallery_ids=\u00bb2976&#8243;][\/et_pb_gallery][\/et_pb_column][et_pb_column type=\u00bb1_4&#8243; _builder_version=\u00bb3.19.17&#8243;][et_pb_sidebar _builder_version=\u00bb3.19.17&#8243;][\/et_pb_sidebar][\/et_pb_column][\/et_pb_row][\/et_pb_section]<\/p>\n","protected":false},"excerpt":{"rendered":"<p>El 22 de febrero, el defensor p\u00fablico provincial de Imbabura, Carlos Espinosa y su equipo t\u00e9cnico de trabajo viajaron a la ciudad de Tulc\u00e1n, al Centro de Rehabilitaci\u00f3n Social de [&hellip;]<\/p>\n","protected":false},"author":1,"featured_media":2976,"comment_status":"open","ping_status":"closed","template":"","meta":{"_et_pb_use_builder":"on","_et_pb_old_content":"","_et_gb_content_width":"","footnotes":""},"project_category":[8],"project_tag":[],"class_list":["post-2975","project","type-project","status-publish","has-post-thumbnail","hentry","project_category-cerca-a-ti"],"_links":{"self":[{"href":"https:\/\/www.defensoria.gob.ec\/index.php?rest_route=\/wp\/v2\/project\/2975","targetHints":{"allow":["GET"]}}],"collection":[{"href":"https:\/\/www.defensoria.gob.ec\/index.php?rest_route=\/wp\/v2\/project"}],"about":[{"href":"https:\/\/www.defensoria.gob.ec\/index.php?rest_route=\/wp\/v2\/types\/project"}],"author":[{"embeddable":true,"href":"https:\/\/www.defensoria.gob.ec\/index.php?rest_route=\/wp\/v2\/users\/1"}],"replies":[{"embeddable":true,"href":"https:\/\/www.defensoria.gob.ec\/index.php?rest_route=%2Fwp%2Fv2%2Fcomments&post=2975"}],"version-history":[{"count":0,"href":"https:\/\/www.defensoria.gob.ec\/index.php?rest_route=\/wp\/v2\/project\/2975\/revisions"}],"wp:featuredmedia":[{"embeddable":true,"href":"https:\/\/www.defensoria.gob.ec\/index.php?rest_route=\/wp\/v2\/media\/2976"}],"wp:attachment":[{"href":"https:\/\/www.defensoria.gob.ec\/index.php?rest_route=%2Fwp%2Fv2%2Fmedia&parent=2975"}],"wp:term":[{"taxonomy":"project_category","embeddable":true,"href":"https:\/\/www.defensoria.gob.ec\/index.php?rest_route=%2Fwp%2Fv2%2Fproject_category&post=2975"},{"taxonomy":"project_tag","embeddable":true,"href":"https:\/\/www.defensoria.gob.ec\/index.php?rest_route=%2Fwp%2Fv2%2Fproject_tag&post=2975"}],"curies":[{"name":"wp","href":"https:\/\/api.w.org\/{rel}","templated":true}]}}