{"id":2893,"date":"2019-02-21T21:16:27","date_gmt":"2019-02-21T21:16:27","guid":{"rendered":"https:\/\/www.defensoria.gob.ec\/?post_type=project&#038;p=2893"},"modified":"2019-02-21T21:16:37","modified_gmt":"2019-02-21T21:16:37","slug":"pastaza-se-realizaron-reuniones-interinstitucionales","status":"publish","type":"project","link":"https:\/\/www.defensoria.gob.ec\/?project=pastaza-se-realizaron-reuniones-interinstitucionales","title":{"rendered":"Pastaza: se realizaron reuniones interinstitucionales"},"content":{"rendered":"<p>[et_pb_section fb_built=\u00bb1&#8243; _builder_version=\u00bb3.19.15&#8243;][et_pb_row _builder_version=\u00bb3.19.15&#8243;][et_pb_column type=\u00bb3_4&#8243; _builder_version=\u00bb3.19.15&#8243;][et_pb_post_title meta=\u00bboff\u00bb featured_image=\u00bboff\u00bb _builder_version=\u00bb3.19.15&#8243;][\/et_pb_post_title][et_pb_text text_orientation=\u00bbjustified\u00bb _builder_version=\u00bb3.19.15&#8243; text_font=\u00bb||||||||\u00bb]<\/p>\n<p>Luis \u00c1lvarez, defensor p\u00fablico provincial de Pastaza se reuni\u00f3 con Roberto de la Torre, alcalde del GAD Municipal de Pastaza, con el\u00a0 fin de analizar la donaci\u00f3n de un terreno para la construcci\u00f3n de la sede de la Defensor\u00eda P\u00fablica, en esa localidad.<\/p>\n<p>De igual manera, la autoridad provincial asisti\u00f3 a la sesi\u00f3n del concejo cantonal de Arajuno, donde se explic\u00f3 el fortalecimiento de los servicios gratuitos, de asesor\u00eda legal y\u00a0 patrocinio, que entrega la Defensor\u00eda P\u00fablica, a las personas que se encuentran en indefensi\u00f3n o que por su condici\u00f3n econ\u00f3mica no pueden contratar a un abogado particular. La reuni\u00f3n se realiz\u00f3 como parte del convenio que mantiene la instituci\u00f3n con este GAD Municipal.<\/p>\n<p>[\/et_pb_text][et_pb_gallery _builder_version=\u00bb3.19.15&#8243; gallery_ids=\u00bb2895,2894&#8243;][\/et_pb_gallery][\/et_pb_column][et_pb_column type=\u00bb1_4&#8243; _builder_version=\u00bb3.19.15&#8243;][et_pb_sidebar _builder_version=\u00bb3.19.15&#8243;][\/et_pb_sidebar][\/et_pb_column][\/et_pb_row][\/et_pb_section]<\/p>\n","protected":false},"excerpt":{"rendered":"<p>Luis \u00c1lvarez, defensor p\u00fablico provincial de Pastaza se reuni\u00f3 con Roberto de la Torre, alcalde del GAD Municipal de Pastaza, con el\u00a0 fin de analizar la donaci\u00f3n de un terreno [&hellip;]<\/p>\n","protected":false},"author":1,"featured_media":2894,"comment_status":"open","ping_status":"closed","template":"","meta":{"_et_pb_use_builder":"on","_et_pb_old_content":"","_et_gb_content_width":"","footnotes":""},"project_category":[8],"project_tag":[],"class_list":["post-2893","project","type-project","status-publish","has-post-thumbnail","hentry","project_category-cerca-a-ti"],"_links":{"self":[{"href":"https:\/\/www.defensoria.gob.ec\/index.php?rest_route=\/wp\/v2\/project\/2893","targetHints":{"allow":["GET"]}}],"collection":[{"href":"https:\/\/www.defensoria.gob.ec\/index.php?rest_route=\/wp\/v2\/project"}],"about":[{"href":"https:\/\/www.defensoria.gob.ec\/index.php?rest_route=\/wp\/v2\/types\/project"}],"author":[{"embeddable":true,"href":"https:\/\/www.defensoria.gob.ec\/index.php?rest_route=\/wp\/v2\/users\/1"}],"replies":[{"embeddable":true,"href":"https:\/\/www.defensoria.gob.ec\/index.php?rest_route=%2Fwp%2Fv2%2Fcomments&post=2893"}],"version-history":[{"count":0,"href":"https:\/\/www.defensoria.gob.ec\/index.php?rest_route=\/wp\/v2\/project\/2893\/revisions"}],"wp:featuredmedia":[{"embeddable":true,"href":"https:\/\/www.defensoria.gob.ec\/index.php?rest_route=\/wp\/v2\/media\/2894"}],"wp:attachment":[{"href":"https:\/\/www.defensoria.gob.ec\/index.php?rest_route=%2Fwp%2Fv2%2Fmedia&parent=2893"}],"wp:term":[{"taxonomy":"project_category","embeddable":true,"href":"https:\/\/www.defensoria.gob.ec\/index.php?rest_route=%2Fwp%2Fv2%2Fproject_category&post=2893"},{"taxonomy":"project_tag","embeddable":true,"href":"https:\/\/www.defensoria.gob.ec\/index.php?rest_route=%2Fwp%2Fv2%2Fproject_tag&post=2893"}],"curies":[{"name":"wp","href":"https:\/\/api.w.org\/{rel}","templated":true}]}}