{"id":2844,"date":"2019-02-19T19:32:04","date_gmt":"2019-02-19T19:32:04","guid":{"rendered":"https:\/\/www.defensoria.gob.ec\/?post_type=project&#038;p=2844"},"modified":"2019-02-19T19:32:04","modified_gmt":"2019-02-19T19:32:04","slug":"pichincha-se-inauguro-nuevo-punto-de-atencion","status":"publish","type":"project","link":"https:\/\/www.defensoria.gob.ec\/?project=pichincha-se-inauguro-nuevo-punto-de-atencion","title":{"rendered":"Pichincha: se inaugur\u00f3 nuevo punto de atenci\u00f3n"},"content":{"rendered":"<p>[et_pb_section fb_built=\u00bb1&#8243; _builder_version=\u00bb3.19.13&#8243;][et_pb_row _builder_version=\u00bb3.19.13&#8243;][et_pb_column type=\u00bb3_4&#8243; _builder_version=\u00bb3.19.13&#8243;][et_pb_post_title meta=\u00bboff\u00bb featured_image=\u00bboff\u00bb _builder_version=\u00bb3.19.13&#8243;][\/et_pb_post_title][et_pb_text text_orientation=\u00bbjustified\u00bb _builder_version=\u00bb3.19.13&#8243; text_font=\u00bb||||||||\u00bb]<\/p>\n<p>Con la presencia del Defensor P\u00fablico General, subrogante, Dr. Ricardo Morales, el defensor p\u00fablico Regional Centro Norte, Danilo Sulca, la defensora provincial de Pichincha, Anah\u00ed Brice\u00f1o y los representantes de la comunidad, este 15 de febrero, se inaugur\u00f3 la nueva oficina de la instituci\u00f3n en la parroquia rural de Tumbaco, del cant\u00f3n Quito, para atender\u00e1 a m\u00e1s de 20 mil usuarios de los sectores de: Cumbay\u00e1, Puembo, Pifo, Checa, Tababela, Quinche.<\/p>\n<p>En el evento, el Dr. Ricardo Morales, destac\u00f3 que la prioridad de la actual administraci\u00f3n es ampliar la red de oficinas a escala nacional, para entregar atenci\u00f3n de calidad a los usuarios con espacios dignos para los defensores p\u00fablicos.<\/p>\n<p>Mientras tanto, la defensora p\u00fablica provincial de Pichincha, al inaugurar este nuevo punto de atenci\u00f3n, reiter\u00f3 el compromiso de la instituci\u00f3n de trabajar en defensa de los derechos de las personas y garantizar el\u00a0 acceso a la justicia, particularmente de los grupos de atenci\u00f3n prioritaria.<\/p>\n<p>El nuevo punto de atenci\u00f3n de Tumbaco est\u00e1 ubicado en la Av. Oswaldo Guayasam\u00edn Km 7 y calle Villa Vega,\u00a0 donde siete defensores p\u00fablicos multicompetentes entregan asesor\u00eda legal y patrocinio, de lunes a viernes,\u00a0 de 8:00 a 17:00.<\/p>\n<audio class=\"wp-audio-shortcode\" id=\"audio-2844-1\" preload=\"none\" style=\"width: 100%;\" controls=\"controls\"><source type=\"audio\/mpeg\" src=\"https:\/\/www.defensoria.gob.ec\/wp-content\/uploads\/2019\/02\/pichincha.mp3?_=1\" \/><a href=\"https:\/\/www.defensoria.gob.ec\/wp-content\/uploads\/2019\/02\/pichincha.mp3\">https:\/\/www.defensoria.gob.ec\/wp-content\/uploads\/2019\/02\/pichincha.mp3<\/a><\/audio>\n<p>[\/et_pb_text][et_pb_gallery _builder_version=\u00bb3.19.13&#8243; gallery_ids=\u00bb2847,2846,2845&#8243;][\/et_pb_gallery][\/et_pb_column][et_pb_column type=\u00bb1_4&#8243; _builder_version=\u00bb3.19.13&#8243;][et_pb_sidebar _builder_version=\u00bb3.19.13&#8243;][\/et_pb_sidebar][\/et_pb_column][\/et_pb_row][\/et_pb_section]<\/p>\n","protected":false},"excerpt":{"rendered":"<p>Con la presencia del Defensor P\u00fablico General, subrogante, Dr. Ricardo Morales, el defensor p\u00fablico Regional Centro Norte, Danilo Sulca, la defensora provincial de Pichincha, Anah\u00ed Brice\u00f1o y los representantes de [&hellip;]<\/p>\n","protected":false},"author":1,"featured_media":2845,"comment_status":"open","ping_status":"closed","template":"","meta":{"_et_pb_use_builder":"on","_et_pb_old_content":"","_et_gb_content_width":"","footnotes":""},"project_category":[8],"project_tag":[],"class_list":["post-2844","project","type-project","status-publish","has-post-thumbnail","hentry","project_category-cerca-a-ti"],"_links":{"self":[{"href":"https:\/\/www.defensoria.gob.ec\/index.php?rest_route=\/wp\/v2\/project\/2844","targetHints":{"allow":["GET"]}}],"collection":[{"href":"https:\/\/www.defensoria.gob.ec\/index.php?rest_route=\/wp\/v2\/project"}],"about":[{"href":"https:\/\/www.defensoria.gob.ec\/index.php?rest_route=\/wp\/v2\/types\/project"}],"author":[{"embeddable":true,"href":"https:\/\/www.defensoria.gob.ec\/index.php?rest_route=\/wp\/v2\/users\/1"}],"replies":[{"embeddable":true,"href":"https:\/\/www.defensoria.gob.ec\/index.php?rest_route=%2Fwp%2Fv2%2Fcomments&post=2844"}],"version-history":[{"count":0,"href":"https:\/\/www.defensoria.gob.ec\/index.php?rest_route=\/wp\/v2\/project\/2844\/revisions"}],"wp:featuredmedia":[{"embeddable":true,"href":"https:\/\/www.defensoria.gob.ec\/index.php?rest_route=\/wp\/v2\/media\/2845"}],"wp:attachment":[{"href":"https:\/\/www.defensoria.gob.ec\/index.php?rest_route=%2Fwp%2Fv2%2Fmedia&parent=2844"}],"wp:term":[{"taxonomy":"project_category","embeddable":true,"href":"https:\/\/www.defensoria.gob.ec\/index.php?rest_route=%2Fwp%2Fv2%2Fproject_category&post=2844"},{"taxonomy":"project_tag","embeddable":true,"href":"https:\/\/www.defensoria.gob.ec\/index.php?rest_route=%2Fwp%2Fv2%2Fproject_tag&post=2844"}],"curies":[{"name":"wp","href":"https:\/\/api.w.org\/{rel}","templated":true}]}}