{"id":2699,"date":"2019-02-07T19:49:38","date_gmt":"2019-02-07T19:49:38","guid":{"rendered":"https:\/\/www.defensoria.gob.ec\/?post_type=project&#038;p=2699"},"modified":"2019-02-07T19:49:38","modified_gmt":"2019-02-07T19:49:38","slug":"regional-del-litoral-reunion-con-los-representantes-de-acnur-proteccion","status":"publish","type":"project","link":"https:\/\/www.defensoria.gob.ec\/?project=regional-del-litoral-reunion-con-los-representantes-de-acnur-proteccion","title":{"rendered":"Regional del Litoral: reuni\u00f3n con los representantes de Acnur protecci\u00f3n"},"content":{"rendered":"<p>[et_pb_section fb_built=\u00bb1&#8243; _builder_version=\u00bb3.19.12&#8243;][et_pb_row _builder_version=\u00bb3.19.12&#8243;][et_pb_column type=\u00bb3_4&#8243; _builder_version=\u00bb3.19.12&#8243; parallax=\u00bboff\u00bb parallax_method=\u00bbon\u00bb][et_pb_post_title meta=\u00bboff\u00bb featured_image=\u00bboff\u00bb _builder_version=\u00bb3.19.12&#8243;][\/et_pb_post_title][et_pb_text text_orientation=\u00bbjustified\u00bb _builder_version=\u00bb3.19.12&#8243; text_font=\u00bb||||||||\u00bb]<\/p>\n<p>Michel Portaluppi, defensora p\u00fablica Regional del Litoral y Cindy Cede\u00f1o, defensora p\u00fablica provincial del Guayas, mantuvieron, el 30 de enero, una reuni\u00f3n con los representantes del Alto Comisionado de las Naciones Unidas para los Refugiados (Acnur), del\u00a0 \u00e1rea de protecci\u00f3n, Juan Pablo Terminiello, Alfredo Fern\u00e1ndez, Ver\u00f3nica, Cesar Cherres y\u00a0 Diego Nardi.<\/p>\n<p>En \u00a0el\u00a0 encuentro se analizaron los servicios que ofrece la Defensor\u00eda P\u00fablica a las personas en condici\u00f3n de movilidad humana y refugio, los protocolos de atenci\u00f3n a los menores no acompa\u00f1ados o separados, que ingresan al pa\u00eds y los nudos cr\u00edticos de protecci\u00f3n.<\/p>\n<p>[\/et_pb_text][et_pb_gallery _builder_version=\u00bb3.19.12&#8243; gallery_ids=\u00bb2700,2701,2702&#8243;][\/et_pb_gallery][\/et_pb_column][et_pb_column type=\u00bb1_4&#8243; _builder_version=\u00bb3.19.12&#8243; parallax=\u00bboff\u00bb parallax_method=\u00bbon\u00bb][et_pb_sidebar _builder_version=\u00bb3.19.12&#8243;][\/et_pb_sidebar][\/et_pb_column][\/et_pb_row][\/et_pb_section]<\/p>\n","protected":false},"excerpt":{"rendered":"<p>Michel Portaluppi, defensora p\u00fablica Regional del Litoral y Cindy Cede\u00f1o, defensora p\u00fablica provincial del Guayas, mantuvieron, el 30 de enero, una reuni\u00f3n con los representantes del Alto Comisionado de las [&hellip;]<\/p>\n","protected":false},"author":1,"featured_media":2700,"comment_status":"open","ping_status":"closed","template":"","meta":{"_et_pb_use_builder":"on","_et_pb_old_content":"","_et_gb_content_width":"","footnotes":""},"project_category":[8],"project_tag":[],"class_list":["post-2699","project","type-project","status-publish","has-post-thumbnail","hentry","project_category-cerca-a-ti"],"_links":{"self":[{"href":"https:\/\/www.defensoria.gob.ec\/index.php?rest_route=\/wp\/v2\/project\/2699","targetHints":{"allow":["GET"]}}],"collection":[{"href":"https:\/\/www.defensoria.gob.ec\/index.php?rest_route=\/wp\/v2\/project"}],"about":[{"href":"https:\/\/www.defensoria.gob.ec\/index.php?rest_route=\/wp\/v2\/types\/project"}],"author":[{"embeddable":true,"href":"https:\/\/www.defensoria.gob.ec\/index.php?rest_route=\/wp\/v2\/users\/1"}],"replies":[{"embeddable":true,"href":"https:\/\/www.defensoria.gob.ec\/index.php?rest_route=%2Fwp%2Fv2%2Fcomments&post=2699"}],"version-history":[{"count":0,"href":"https:\/\/www.defensoria.gob.ec\/index.php?rest_route=\/wp\/v2\/project\/2699\/revisions"}],"wp:featuredmedia":[{"embeddable":true,"href":"https:\/\/www.defensoria.gob.ec\/index.php?rest_route=\/wp\/v2\/media\/2700"}],"wp:attachment":[{"href":"https:\/\/www.defensoria.gob.ec\/index.php?rest_route=%2Fwp%2Fv2%2Fmedia&parent=2699"}],"wp:term":[{"taxonomy":"project_category","embeddable":true,"href":"https:\/\/www.defensoria.gob.ec\/index.php?rest_route=%2Fwp%2Fv2%2Fproject_category&post=2699"},{"taxonomy":"project_tag","embeddable":true,"href":"https:\/\/www.defensoria.gob.ec\/index.php?rest_route=%2Fwp%2Fv2%2Fproject_tag&post=2699"}],"curies":[{"name":"wp","href":"https:\/\/api.w.org\/{rel}","templated":true}]}}