{"id":2674,"date":"2019-02-05T20:58:25","date_gmt":"2019-02-05T20:58:25","guid":{"rendered":"https:\/\/www.defensoria.gob.ec\/?post_type=project&#038;p=2674"},"modified":"2019-02-05T20:58:25","modified_gmt":"2019-02-05T20:58:25","slug":"chimborazo-personal-misional-recibio-un-taller-de-sensibilizacion-en-discapacidades","status":"publish","type":"project","link":"https:\/\/www.defensoria.gob.ec\/?project=chimborazo-personal-misional-recibio-un-taller-de-sensibilizacion-en-discapacidades","title":{"rendered":"Chimborazo: personal misional recibi\u00f3 un taller de sensibilizaci\u00f3n en discapacidades"},"content":{"rendered":"<p>[et_pb_section fb_built=\u00bb1&#8243; _builder_version=\u00bb3.19.10&#8243;][et_pb_row _builder_version=\u00bb3.19.10&#8243;][et_pb_column type=\u00bb3_4&#8243; _builder_version=\u00bb3.19.10&#8243; parallax=\u00bboff\u00bb parallax_method=\u00bbon\u00bb][et_pb_post_title meta=\u00bboff\u00bb featured_image=\u00bboff\u00bb _builder_version=\u00bb3.19.10&#8243;][\/et_pb_post_title][et_pb_text text_orientation=\u00bbjustified\u00bb _builder_version=\u00bb3.19.10&#8243; text_font=\u00bb||||||||\u00bb]<\/p>\n<p>El 24 de enero, en las instalaciones de Defensor\u00eda P\u00fablica de Chimborazo, se desarroll\u00f3 el taller de sensibilizaci\u00f3n en discapacidades, impartido por la analista de promoci\u00f3n laboral del Servicio de Integraci\u00f3n Laboral para Personas con Discapacidad, Carina Quishpe, el prop\u00f3sito fortalecer el\u00a0 servicio integral a las personas de los grupos de atenci\u00f3n prioritaria.<\/p>\n<p>Freddy Garz\u00f3n, defensor p\u00fablico provincial, mencion\u00f3 que estos espacios permiten impulsar los derechos de las personas con discapacidad e invit\u00f3 a que otras instituciones se unan a esta iniciativa y as\u00ed garantizar una igualdad de oportunidades respecto al acceso a la justicia.<\/p>\n<p>[\/et_pb_text][et_pb_gallery _builder_version=\u00bb3.19.10&#8243; gallery_ids=\u00bb2677,2676,2675&#8243;][\/et_pb_gallery][\/et_pb_column][et_pb_column type=\u00bb1_4&#8243; _builder_version=\u00bb3.19.10&#8243; parallax=\u00bboff\u00bb parallax_method=\u00bbon\u00bb][et_pb_sidebar _builder_version=\u00bb3.19.10&#8243;][\/et_pb_sidebar][\/et_pb_column][\/et_pb_row][\/et_pb_section]<\/p>\n","protected":false},"excerpt":{"rendered":"<p>El 24 de enero, en las instalaciones de Defensor\u00eda P\u00fablica de Chimborazo, se desarroll\u00f3 el taller de sensibilizaci\u00f3n en discapacidades, impartido por la analista de promoci\u00f3n laboral del Servicio de [&hellip;]<\/p>\n","protected":false},"author":1,"featured_media":2675,"comment_status":"open","ping_status":"closed","template":"","meta":{"_et_pb_use_builder":"on","_et_pb_old_content":"","_et_gb_content_width":"","footnotes":""},"project_category":[8],"project_tag":[],"class_list":["post-2674","project","type-project","status-publish","has-post-thumbnail","hentry","project_category-cerca-a-ti"],"_links":{"self":[{"href":"https:\/\/www.defensoria.gob.ec\/index.php?rest_route=\/wp\/v2\/project\/2674","targetHints":{"allow":["GET"]}}],"collection":[{"href":"https:\/\/www.defensoria.gob.ec\/index.php?rest_route=\/wp\/v2\/project"}],"about":[{"href":"https:\/\/www.defensoria.gob.ec\/index.php?rest_route=\/wp\/v2\/types\/project"}],"author":[{"embeddable":true,"href":"https:\/\/www.defensoria.gob.ec\/index.php?rest_route=\/wp\/v2\/users\/1"}],"replies":[{"embeddable":true,"href":"https:\/\/www.defensoria.gob.ec\/index.php?rest_route=%2Fwp%2Fv2%2Fcomments&post=2674"}],"version-history":[{"count":0,"href":"https:\/\/www.defensoria.gob.ec\/index.php?rest_route=\/wp\/v2\/project\/2674\/revisions"}],"wp:featuredmedia":[{"embeddable":true,"href":"https:\/\/www.defensoria.gob.ec\/index.php?rest_route=\/wp\/v2\/media\/2675"}],"wp:attachment":[{"href":"https:\/\/www.defensoria.gob.ec\/index.php?rest_route=%2Fwp%2Fv2%2Fmedia&parent=2674"}],"wp:term":[{"taxonomy":"project_category","embeddable":true,"href":"https:\/\/www.defensoria.gob.ec\/index.php?rest_route=%2Fwp%2Fv2%2Fproject_category&post=2674"},{"taxonomy":"project_tag","embeddable":true,"href":"https:\/\/www.defensoria.gob.ec\/index.php?rest_route=%2Fwp%2Fv2%2Fproject_tag&post=2674"}],"curies":[{"name":"wp","href":"https:\/\/api.w.org\/{rel}","templated":true}]}}