{"id":2424,"date":"2019-01-29T21:53:42","date_gmt":"2019-01-29T21:53:42","guid":{"rendered":"https:\/\/www.defensoria.gob.ec\/?post_type=project&#038;p=2424"},"modified":"2019-01-31T19:04:04","modified_gmt":"2019-01-31T19:04:04","slug":"en-el-2018-la-defensoria-publica-atendio-267-528-solicitudes-ciudadanas","status":"publish","type":"project","link":"https:\/\/www.defensoria.gob.ec\/?project=en-el-2018-la-defensoria-publica-atendio-267-528-solicitudes-ciudadanas","title":{"rendered":"En el 2018 la Defensor\u00eda P\u00fablica atendi\u00f3 267 528 solicitudes ciudadanas"},"content":{"rendered":"<p>[et_pb_section fb_built=\u00bb1&#8243; _builder_version=\u00bb3.19.5&#8243;][et_pb_row _builder_version=\u00bb3.19.5&#8243;][et_pb_column type=\u00bb3_4&#8243; _builder_version=\u00bb3.19.5&#8243; parallax=\u00bboff\u00bb parallax_method=\u00bbon\u00bb][et_pb_post_title meta=\u00bboff\u00bb featured_image=\u00bboff\u00bb _builder_version=\u00bb3.19.5&#8243;][\/et_pb_post_title][et_pb_text _builder_version=\u00bb3.19.5&#8243; text_font=\u00bb||||||||\u00bb text_orientation=\u00bbjustified\u00bb]En el sal\u00f3n Nela Mart\u00ednez, de la Asamblea Nacional, el Defensor P\u00fablico General, encargado, Dr. \u00c1ngel Torres Machuca, present\u00f3, este 29 de enero, su Informe Anual de Labores, correspondiente a la gesti\u00f3n del a\u00f1o 2018.<\/p>\n<p>En una intervenci\u00f3n de 30 minutos explic\u00f3 que la Defensor\u00eda P\u00fablica cuenta con 198 puntos de atenci\u00f3n, en las 24 provincias del pa\u00eds, con 685 defensores p\u00fablicos activos de los 733, para cumplir la misi\u00f3n de entregar gratuitamente asesor\u00eda legal y patrocinio a las personas que se encuentren en estado de indefensi\u00f3n o que por su condici\u00f3n econ\u00f3mica no tienen para pagar un abogado particular.<\/p>\n<p>Destac\u00f3 que en 2018 se atendieron 267 528 solicitudes ciudadanas: 129 442 en materia penal; 104 684 en materia no penal; 30 331 en asesor\u00edas legales; y, 3071 mediaciones.<\/p>\n<p>Afirm\u00f3 que la Defensor\u00eda P\u00fablica repudia todo acto de violencia generado en el pa\u00eds, m\u00e1s aun si se ve afectada la seguridad f\u00edsica, psicol\u00f3gica, social o econ\u00f3mica y mayormente si es contra un ni\u00f1o, una mujer indefensa o un adulto mayor. En ese contexto afirm\u00f3 que la Instituci\u00f3n en el \u00e1rea penal atendi\u00f3 19 946 casos de violencia intrafamiliar, 10 596 en atenci\u00f3n a v\u00edctimas, de las cuales 6568 corresponden a mujeres violentadas, maltratadas; mientras que en el \u00e1rea no penal la Defensor\u00eda act\u00fao en 82 480 casos de familia, ni\u00f1ez y adolescencia.<\/p>\n<p>La M\u00e1xima Autoridad se\u00f1al\u00f3 que se ampliaron los servicios de la Defensor\u00eda P\u00fablica con 67 consultorios jur\u00eddicos gratuitos de las facultades de Derecho de las universidades del pa\u00eds, de organizaciones no gubernamentales y de los gobiernos aut\u00f3nomos descentralizados; y, se establecieron alianzas estrat\u00e9gicas con instituciones p\u00fablicas y privadas, a trav\u00e9s de la suscripci\u00f3n de 30 convenios a favor de los grupos de atenci\u00f3n prioritaria.<\/p>\n<p>Asimismo, el Defensor P\u00fablico General puntualiz\u00f3 que la atenci\u00f3n con calidez al ciudadano requiere de espacios e instalaciones dignas y se\u00f1al\u00f3 que al momento la Instituci\u00f3n cuenta con 198 inmuebles, de estos 4 son propios, 35 arrendados, 17 en comodato o convenio y 142 en pr\u00e9stamo. Existe un d\u00e9ficit del 71 por ciento de espacios f\u00edsicos y un 92 por ciento por renovar, a\u00f1adi\u00f3.<\/p>\n<p>Expres\u00f3 la falta de defensores p\u00fablicos en aproximadamente 180, tras recalcar que la remuneraci\u00f3n de los defensores no est\u00e1 homologada y es inferior en el 50 por ciento, en relaci\u00f3n a la de los servidores del sistema de justicia, por lo que exhort\u00f3 al Consejo de la Judicatura a llenar las vacantes existentes y al Ministerio de Finanzas a entregar el presupuesto para este fin.<\/p>\n<p>Finalmente, el Dr. Torres Machuca se\u00f1al\u00f3 que impulsa la creaci\u00f3n de una Ley Org\u00e1nica de la Defensor\u00eda P\u00fablica para un efectivo funcionamiento de la Instituci\u00f3n; la categorizaci\u00f3n y homologaci\u00f3n de la remuneraci\u00f3n de los defensores; la rehabilitaci\u00f3n del edificio de Portoviejo, afectado por el terremoto de abril de 2016; y destac\u00f3 la recuperaci\u00f3n del terreno donado por el GAD Municipal de Santo Domingo para la construcci\u00f3n del edificio de la Instituci\u00f3n; la capacitaci\u00f3n de los defensores por sobre la politiquer\u00eda. \u201cBuscamos ser una Instituci\u00f3n de respeto, con profesionales transparentes, pero sobre todo comprometidos con la ciudadan\u00eda. Esta es la Defensor\u00eda P\u00fablica que empezamos a construir, desde mi experiencia como defensor p\u00fablico de carrera\u201d, concluy\u00f3.<\/p>\n<p>B007-2019<br \/>\n29-enero-2019<\/p>\n<p><center><br \/>\n<iframe loading=\"lazy\" width=\"851\" height=\"480\" src=\"https:\/\/www.youtube.com\/embed\/ttO4KOemlGg\" frameborder=\"0\" allow=\"accelerometer; autoplay; encrypted-media; gyroscope; picture-in-picture\" allowfullscreen=\"\"><\/iframe><\/center><\/p>\n<hr>\n<p><center><br \/>\n<iframe loading=\"lazy\" width=\"853\" height=\"480\" src=\"https:\/\/www.youtube.com\/embed\/f1eHS2wrkgQ\" frameborder=\"0\" allow=\"accelerometer; autoplay; encrypted-media; gyroscope; picture-in-picture\" allowfullscreen><\/iframe><br \/>\n<\/center>[\/et_pb_text][\/et_pb_column][et_pb_column type=\u00bb1_4&#8243; _builder_version=\u00bb3.19.5&#8243; parallax=\u00bboff\u00bb parallax_method=\u00bbon\u00bb][et_pb_sidebar _builder_version=\u00bb3.19.5&#8243;][\/et_pb_sidebar][\/et_pb_column][\/et_pb_row][\/et_pb_section]<\/p>\n","protected":false},"excerpt":{"rendered":"<p>En el sal\u00f3n Nela Mart\u00ednez, de la Asamblea Nacional, el Defensor P\u00fablico General, encargado, Dr. \u00c1ngel Torres Machuca, present\u00f3, este 29 de enero, su Informe Anual de Labores, correspondiente a [&hellip;]<\/p>\n","protected":false},"author":1,"featured_media":2425,"comment_status":"open","ping_status":"closed","template":"","meta":{"_et_pb_use_builder":"on","_et_pb_old_content":"","_et_gb_content_width":"","footnotes":""},"project_category":[5],"project_tag":[],"class_list":["post-2424","project","type-project","status-publish","has-post-thumbnail","hentry","project_category-noticias"],"_links":{"self":[{"href":"https:\/\/www.defensoria.gob.ec\/index.php?rest_route=\/wp\/v2\/project\/2424","targetHints":{"allow":["GET"]}}],"collection":[{"href":"https:\/\/www.defensoria.gob.ec\/index.php?rest_route=\/wp\/v2\/project"}],"about":[{"href":"https:\/\/www.defensoria.gob.ec\/index.php?rest_route=\/wp\/v2\/types\/project"}],"author":[{"embeddable":true,"href":"https:\/\/www.defensoria.gob.ec\/index.php?rest_route=\/wp\/v2\/users\/1"}],"replies":[{"embeddable":true,"href":"https:\/\/www.defensoria.gob.ec\/index.php?rest_route=%2Fwp%2Fv2%2Fcomments&post=2424"}],"version-history":[{"count":0,"href":"https:\/\/www.defensoria.gob.ec\/index.php?rest_route=\/wp\/v2\/project\/2424\/revisions"}],"wp:featuredmedia":[{"embeddable":true,"href":"https:\/\/www.defensoria.gob.ec\/index.php?rest_route=\/wp\/v2\/media\/2425"}],"wp:attachment":[{"href":"https:\/\/www.defensoria.gob.ec\/index.php?rest_route=%2Fwp%2Fv2%2Fmedia&parent=2424"}],"wp:term":[{"taxonomy":"project_category","embeddable":true,"href":"https:\/\/www.defensoria.gob.ec\/index.php?rest_route=%2Fwp%2Fv2%2Fproject_category&post=2424"},{"taxonomy":"project_tag","embeddable":true,"href":"https:\/\/www.defensoria.gob.ec\/index.php?rest_route=%2Fwp%2Fv2%2Fproject_tag&post=2424"}],"curies":[{"name":"wp","href":"https:\/\/api.w.org\/{rel}","templated":true}]}}