{"id":2369,"date":"2019-01-24T20:05:00","date_gmt":"2019-01-24T20:05:00","guid":{"rendered":"https:\/\/www.defensoria.gob.ec\/?post_type=project&#038;p=2369"},"modified":"2019-01-24T20:15:13","modified_gmt":"2019-01-24T20:15:13","slug":"necesitamos-mas-defensores-entrevista-radio-majestad-fm","status":"publish","type":"project","link":"https:\/\/www.defensoria.gob.ec\/?project=necesitamos-mas-defensores-entrevista-radio-majestad-fm","title":{"rendered":"\u00abNecesitamos m\u00e1s defensores\u00bb, entrevista radio Majestad FM"},"content":{"rendered":"<p>[et_pb_section fb_built=\u00bb1&#8243; _builder_version=\u00bb3.19.5&#8243;][et_pb_row _builder_version=\u00bb3.19.5&#8243;][et_pb_column type=\u00bb3_4&#8243; _builder_version=\u00bb3.19.5&#8243; parallax=\u00bboff\u00bb parallax_method=\u00bbon\u00bb][et_pb_post_title meta=\u00bboff\u00bb featured_image=\u00bboff\u00bb _builder_version=\u00bb3.19.5&#8243;][\/et_pb_post_title][et_pb_text _builder_version=\u00bb3.19.5&#8243; text_font=\u00bb||||||||\u00bb text_orientation=\u00bbjustified\u00bb]<\/p>\n<p>En entrevista con radio Majestad FM, de Quito, este 24 de enero, el Defensor P\u00fablico General, Dr. \u00c1ngel Torres Machuca, conden\u00f3 los \u00faltimos hechos violentos en contra de las mujeres y reiter\u00f3 el respaldo a los derechos y a una vida libre de violencia. En ese contexto explic\u00f3 que la Instituci\u00f3n brinda los servicios de defensa gratuitos con 713 defensores p\u00fablicos, enfatizando que es un n\u00famero insuficiente para atender los casos de las \u00e1reas: penal, social y multicompetente, por lo que es necesario la incorporaci\u00f3n de al menos unos 200 profesionales. Consecuentemente, exhort\u00f3 al Consejo de la Judicatura a llenar las vacantes existentes y al Ministerio de Finanzas a entregar el presupuesto para el incremento de defensores p\u00fablicos.<\/p>\n<p>B006-2019<br \/> 24-enero-2019<\/p>\n<audio class=\"wp-audio-shortcode\" id=\"audio-2369-1\" preload=\"none\" style=\"width: 100%;\" controls=\"controls\"><source type=\"audio\/mpeg\" src=\"https:\/\/www.defensoria.gob.ec\/wp-content\/uploads\/2019\/01\/24-01-2019-Radio_Majestad.mp3?_=1\" \/><a href=\"https:\/\/www.defensoria.gob.ec\/wp-content\/uploads\/2019\/01\/24-01-2019-Radio_Majestad.mp3\">https:\/\/www.defensoria.gob.ec\/wp-content\/uploads\/2019\/01\/24-01-2019-Radio_Majestad.mp3<\/a><\/audio>\n<p>[\/et_pb_text][\/et_pb_column][et_pb_column type=\u00bb1_4&#8243; _builder_version=\u00bb3.19.5&#8243; parallax=\u00bboff\u00bb parallax_method=\u00bbon\u00bb][et_pb_sidebar _builder_version=\u00bb3.19.5&#8243;][\/et_pb_sidebar][\/et_pb_column][\/et_pb_row][\/et_pb_section]<\/p>\n","protected":false},"excerpt":{"rendered":"<p>En entrevista con radio Majestad FM, de Quito, este 24 de enero, el Defensor P\u00fablico General, Dr. \u00c1ngel Torres Machuca, conden\u00f3 los \u00faltimos hechos violentos en contra de las mujeres [&hellip;]<\/p>\n","protected":false},"author":1,"featured_media":2370,"comment_status":"open","ping_status":"closed","template":"","meta":{"_et_pb_use_builder":"on","_et_pb_old_content":"","_et_gb_content_width":"","footnotes":""},"project_category":[5],"project_tag":[],"class_list":["post-2369","project","type-project","status-publish","has-post-thumbnail","hentry","project_category-noticias"],"_links":{"self":[{"href":"https:\/\/www.defensoria.gob.ec\/index.php?rest_route=\/wp\/v2\/project\/2369","targetHints":{"allow":["GET"]}}],"collection":[{"href":"https:\/\/www.defensoria.gob.ec\/index.php?rest_route=\/wp\/v2\/project"}],"about":[{"href":"https:\/\/www.defensoria.gob.ec\/index.php?rest_route=\/wp\/v2\/types\/project"}],"author":[{"embeddable":true,"href":"https:\/\/www.defensoria.gob.ec\/index.php?rest_route=\/wp\/v2\/users\/1"}],"replies":[{"embeddable":true,"href":"https:\/\/www.defensoria.gob.ec\/index.php?rest_route=%2Fwp%2Fv2%2Fcomments&post=2369"}],"version-history":[{"count":0,"href":"https:\/\/www.defensoria.gob.ec\/index.php?rest_route=\/wp\/v2\/project\/2369\/revisions"}],"wp:featuredmedia":[{"embeddable":true,"href":"https:\/\/www.defensoria.gob.ec\/index.php?rest_route=\/wp\/v2\/media\/2370"}],"wp:attachment":[{"href":"https:\/\/www.defensoria.gob.ec\/index.php?rest_route=%2Fwp%2Fv2%2Fmedia&parent=2369"}],"wp:term":[{"taxonomy":"project_category","embeddable":true,"href":"https:\/\/www.defensoria.gob.ec\/index.php?rest_route=%2Fwp%2Fv2%2Fproject_category&post=2369"},{"taxonomy":"project_tag","embeddable":true,"href":"https:\/\/www.defensoria.gob.ec\/index.php?rest_route=%2Fwp%2Fv2%2Fproject_tag&post=2369"}],"curies":[{"name":"wp","href":"https:\/\/api.w.org\/{rel}","templated":true}]}}