{"id":2256,"date":"2019-01-17T22:17:34","date_gmt":"2019-01-17T22:17:34","guid":{"rendered":"https:\/\/www.defensoria.gob.ec\/?post_type=project&#038;p=2256"},"modified":"2019-01-17T22:17:34","modified_gmt":"2019-01-17T22:17:34","slug":"el-oro-se-realizo-mesa-de-justicia-sobre-violencia-de-genero","status":"publish","type":"project","link":"https:\/\/www.defensoria.gob.ec\/?project=el-oro-se-realizo-mesa-de-justicia-sobre-violencia-de-genero","title":{"rendered":"El Oro: se realiz\u00f3 mesa de justicia sobre violencia de g\u00e9nero"},"content":{"rendered":"<p>[et_pb_section fb_built=\u00bb1&#8243; _builder_version=\u00bb3.19.5&#8243;][et_pb_row _builder_version=\u00bb3.19.5&#8243;][et_pb_column type=\u00bb3_4&#8243; _builder_version=\u00bb3.19.5&#8243; parallax=\u00bboff\u00bb parallax_method=\u00bbon\u00bb][et_pb_post_title meta=\u00bboff\u00bb featured_image=\u00bboff\u00bb _builder_version=\u00bb3.19.5&#8243;][\/et_pb_post_title][et_pb_text text_orientation=\u00bbjustified\u00bb _builder_version=\u00bb3.19.5&#8243; text_font=\u00bb||||||||\u00bb]<\/p>\n<p>El 14 de enero, en la provincia de El Oro, se llev\u00f3 a cabo la mesa de justicia de violencia de g\u00e9nero, convocada por el Presidente de la Corte Provincial, con el objetivo de implementar un plan articulado de acciones a nivel interinstitucional, para brindar una atenci\u00f3n integral a ni\u00f1os, ni\u00f1as y adolescentes v\u00edctimas de violencia. \u201cEs importante coordinar una agenda intersectorial en el que se articule un trabajo integral entre los actores principales de la administraci\u00f3n de justicia, como la Defensor\u00eda P\u00fablica. Continuaremos concentrando todo el esfuerzo en atender a los grupos de atenci\u00f3n prioritaria\u201d, indic\u00f3 Jaime Coello, defensor p\u00fablico provincial de El Oro.<\/p>\n<p>El mismo d\u00eda, el Defensor P\u00fablico Provincial de El Oro atendi\u00f3 entrevistas en la radio La Verdad y Televisi\u00f3n Oro, donde realiz\u00f3 una breve revisi\u00f3n de los logros alcanzados en el \u00faltimo cuatrimestre del 2018, tambi\u00e9n socializ\u00f3 los ejes de trabajo de la Defensor\u00eda P\u00fablica. Adem\u00e1s, dijo que \u201cnuestro trabajo es garantizar el acceso a la justicia, con la defensa y reconocimiento de los derechos humanos\u201d.<\/p>\n<audio class=\"wp-audio-shortcode\" id=\"audio-2256-1\" preload=\"none\" style=\"width: 100%;\" controls=\"controls\"><source type=\"audio\/mpeg\" src=\"https:\/\/www.defensoria.gob.ec\/wp-content\/uploads\/2019\/01\/eloro.mp3?_=1\" \/><a href=\"https:\/\/www.defensoria.gob.ec\/wp-content\/uploads\/2019\/01\/eloro.mp3\">https:\/\/www.defensoria.gob.ec\/wp-content\/uploads\/2019\/01\/eloro.mp3<\/a><\/audio>\n<p>[\/et_pb_text][et_pb_gallery posts_number=\u00bb3&#8243; _builder_version=\u00bb3.19.5&#8243; gallery_ids=\u00bb2258,2257,2259,2260&#8243;][\/et_pb_gallery][\/et_pb_column][et_pb_column type=\u00bb1_4&#8243; _builder_version=\u00bb3.19.5&#8243; parallax=\u00bboff\u00bb parallax_method=\u00bbon\u00bb][et_pb_sidebar _builder_version=\u00bb3.19.5&#8243;][\/et_pb_sidebar][\/et_pb_column][\/et_pb_row][\/et_pb_section]<\/p>\n","protected":false},"excerpt":{"rendered":"<p>El 14 de enero, en la provincia de El Oro, se llev\u00f3 a cabo la mesa de justicia de violencia de g\u00e9nero, convocada por el Presidente de la Corte Provincial, [&hellip;]<\/p>\n","protected":false},"author":1,"featured_media":2257,"comment_status":"open","ping_status":"closed","template":"","meta":{"_et_pb_use_builder":"on","_et_pb_old_content":"","_et_gb_content_width":"","footnotes":""},"project_category":[8],"project_tag":[],"class_list":["post-2256","project","type-project","status-publish","has-post-thumbnail","hentry","project_category-cerca-a-ti"],"_links":{"self":[{"href":"https:\/\/www.defensoria.gob.ec\/index.php?rest_route=\/wp\/v2\/project\/2256","targetHints":{"allow":["GET"]}}],"collection":[{"href":"https:\/\/www.defensoria.gob.ec\/index.php?rest_route=\/wp\/v2\/project"}],"about":[{"href":"https:\/\/www.defensoria.gob.ec\/index.php?rest_route=\/wp\/v2\/types\/project"}],"author":[{"embeddable":true,"href":"https:\/\/www.defensoria.gob.ec\/index.php?rest_route=\/wp\/v2\/users\/1"}],"replies":[{"embeddable":true,"href":"https:\/\/www.defensoria.gob.ec\/index.php?rest_route=%2Fwp%2Fv2%2Fcomments&post=2256"}],"version-history":[{"count":0,"href":"https:\/\/www.defensoria.gob.ec\/index.php?rest_route=\/wp\/v2\/project\/2256\/revisions"}],"wp:featuredmedia":[{"embeddable":true,"href":"https:\/\/www.defensoria.gob.ec\/index.php?rest_route=\/wp\/v2\/media\/2257"}],"wp:attachment":[{"href":"https:\/\/www.defensoria.gob.ec\/index.php?rest_route=%2Fwp%2Fv2%2Fmedia&parent=2256"}],"wp:term":[{"taxonomy":"project_category","embeddable":true,"href":"https:\/\/www.defensoria.gob.ec\/index.php?rest_route=%2Fwp%2Fv2%2Fproject_category&post=2256"},{"taxonomy":"project_tag","embeddable":true,"href":"https:\/\/www.defensoria.gob.ec\/index.php?rest_route=%2Fwp%2Fv2%2Fproject_tag&post=2256"}],"curies":[{"name":"wp","href":"https:\/\/api.w.org\/{rel}","templated":true}]}}