{"id":2064,"date":"2019-01-03T19:52:49","date_gmt":"2019-01-03T19:52:49","guid":{"rendered":"https:\/\/www.defensoria.gob.ec\/?post_type=project&#038;p=2064"},"modified":"2019-01-03T19:52:49","modified_gmt":"2019-01-03T19:52:49","slug":"loja-se-fortalece-la-labor-misional-de-la-defensoria-publica","status":"publish","type":"project","link":"https:\/\/www.defensoria.gob.ec\/?project=loja-se-fortalece-la-labor-misional-de-la-defensoria-publica","title":{"rendered":"Loja: se fortalece la labor misional de la Defensor\u00eda P\u00fablica"},"content":{"rendered":"<p>[et_pb_section fb_built=\u00bb1&#8243; _builder_version=\u00bb3.19.3&#8243;][et_pb_row _builder_version=\u00bb3.19.3&#8243;][et_pb_column type=\u00bb3_4&#8243; _builder_version=\u00bb3.19.3&#8243; parallax=\u00bboff\u00bb parallax_method=\u00bbon\u00bb][et_pb_post_title meta=\u00bboff\u00bb featured_image=\u00bboff\u00bb _builder_version=\u00bb3.19.3&#8243;][\/et_pb_post_title][et_pb_text text_orientation=\u00bbjustified\u00bb _builder_version=\u00bb3.19.3&#8243; text_font=\u00bb||||||||\u00bb]<\/p>\n<p>3El 18 de diciembre se llev\u00f3 a cabo la mesa\u00a0interinstitucional de trata de g\u00e9nero, donde se evalu\u00f3 el trabajo realizado durante el a\u00f1o 2018. Destacando\u00a0la participaci\u00f3n de cada una de las instituciones que forman parte de la misma.<\/p>\n<p>La defensora p\u00fablica provincial de Loja, Mar\u00eda Cristina Meneses, una vez m\u00e1s comprometi\u00f3 el trabajo de la Instituci\u00f3n como garante del pleno e igual acceso a la justicia de los ciudadanos, que por su estado de indefensi\u00f3n o situaci\u00f3n econ\u00f3mica, social o cultural no pueden acceder a los servicios de un abogado particular y alent\u00f3 a las dem\u00e1s instituciones participantes a fortalecer dicha mesa e indic\u00f3 que todos podr\u00edamos ser v\u00edctimas de las redes de trata, por lo que es importante aunar esfuerzos para esta problem\u00e1tica.<\/p>\n<p>Asimismo, en la parroquia San Lucas del cant\u00f3n Loja, por invitaci\u00f3n de la Organizaci\u00f3n de Sanadores Amawta Hatary, Organizaci\u00f3n Social ACOSL, el defensor p\u00fablico, Luis An\u00edbal Morocho, particip\u00f3 en el ritual de Kapak Raymi, fiesta grande o solsticio de invierno, festividades propias de las comunidades ind\u00edgenas, que festejan el 21 de diciembre de cada a\u00f1o el\u00a0nacimiento de un nuevo ciclo.\u00a0\u00a0<\/p>\n<p>Adem\u00e1s, el 27 de diciembre, en horas de la ma\u00f1ana, la defensora p\u00fablica provincial de Loja, Mar\u00eda Cristina Meneses, mantuvo una reuni\u00f3n de trabajo con Amparo Zhapa, representante del Centro de Adolescentes Infractores, con el fin de coordinar acciones para mejorar el servicio que presta la Defensor\u00eda P\u00fablica en beneficio de los adolescentes, en materia de patrocinio y ejecuci\u00f3n de medidas socioeducativas.<\/p>\n<p>[\/et_pb_text][et_pb_gallery posts_number=\u00bb3&#8243; _builder_version=\u00bb3.19.3&#8243; gallery_ids=\u00bb2069,2068,2067,2066,2065&#8243;][\/et_pb_gallery][\/et_pb_column][et_pb_column type=\u00bb1_4&#8243; _builder_version=\u00bb3.19.3&#8243; parallax=\u00bboff\u00bb parallax_method=\u00bbon\u00bb][et_pb_sidebar _builder_version=\u00bb3.19.3&#8243;][\/et_pb_sidebar][\/et_pb_column][\/et_pb_row][\/et_pb_section]<\/p>\n","protected":false},"excerpt":{"rendered":"<p>3El 18 de diciembre se llev\u00f3 a cabo la mesa\u00a0interinstitucional de trata de g\u00e9nero, donde se evalu\u00f3 el trabajo realizado durante el a\u00f1o 2018. Destacando\u00a0la participaci\u00f3n de cada una de [&hellip;]<\/p>\n","protected":false},"author":1,"featured_media":2065,"comment_status":"open","ping_status":"closed","template":"","meta":{"_et_pb_use_builder":"on","_et_pb_old_content":"","_et_gb_content_width":"","footnotes":""},"project_category":[8],"project_tag":[],"class_list":["post-2064","project","type-project","status-publish","has-post-thumbnail","hentry","project_category-cerca-a-ti"],"_links":{"self":[{"href":"https:\/\/www.defensoria.gob.ec\/index.php?rest_route=\/wp\/v2\/project\/2064","targetHints":{"allow":["GET"]}}],"collection":[{"href":"https:\/\/www.defensoria.gob.ec\/index.php?rest_route=\/wp\/v2\/project"}],"about":[{"href":"https:\/\/www.defensoria.gob.ec\/index.php?rest_route=\/wp\/v2\/types\/project"}],"author":[{"embeddable":true,"href":"https:\/\/www.defensoria.gob.ec\/index.php?rest_route=\/wp\/v2\/users\/1"}],"replies":[{"embeddable":true,"href":"https:\/\/www.defensoria.gob.ec\/index.php?rest_route=%2Fwp%2Fv2%2Fcomments&post=2064"}],"version-history":[{"count":0,"href":"https:\/\/www.defensoria.gob.ec\/index.php?rest_route=\/wp\/v2\/project\/2064\/revisions"}],"wp:featuredmedia":[{"embeddable":true,"href":"https:\/\/www.defensoria.gob.ec\/index.php?rest_route=\/wp\/v2\/media\/2065"}],"wp:attachment":[{"href":"https:\/\/www.defensoria.gob.ec\/index.php?rest_route=%2Fwp%2Fv2%2Fmedia&parent=2064"}],"wp:term":[{"taxonomy":"project_category","embeddable":true,"href":"https:\/\/www.defensoria.gob.ec\/index.php?rest_route=%2Fwp%2Fv2%2Fproject_category&post=2064"},{"taxonomy":"project_tag","embeddable":true,"href":"https:\/\/www.defensoria.gob.ec\/index.php?rest_route=%2Fwp%2Fv2%2Fproject_tag&post=2064"}],"curies":[{"name":"wp","href":"https:\/\/api.w.org\/{rel}","templated":true}]}}