{"id":2011,"date":"2018-12-27T20:31:32","date_gmt":"2018-12-27T20:31:32","guid":{"rendered":"https:\/\/www.defensoria.gob.ec\/?post_type=project&#038;p=2011"},"modified":"2018-12-27T21:25:36","modified_gmt":"2018-12-27T21:25:36","slug":"regional-centro-norte-titular-recorrio-esmeraldas","status":"publish","type":"project","link":"https:\/\/www.defensoria.gob.ec\/?project=regional-centro-norte-titular-recorrio-esmeraldas","title":{"rendered":"Regional Centro Norte: titular recorri\u00f3 Esmeraldas"},"content":{"rendered":"<p>[et_pb_section fb_built=\u00bb1&#8243; _builder_version=\u00bb3.18.9&#8243;][et_pb_row _builder_version=\u00bb3.18.9&#8243;][et_pb_column type=\u00bb3_4&#8243; _builder_version=\u00bb3.18.9&#8243; parallax=\u00bboff\u00bb parallax_method=\u00bbon\u00bb][et_pb_post_title meta=\u00bboff\u00bb featured_image=\u00bboff\u00bb _builder_version=\u00bb3.18.9&#8243;][\/et_pb_post_title][et_pb_text _builder_version=\u00bb3.18.9&#8243; text_font=\u00bb||||||||\u00bb text_orientation=\u00bbjustified\u00bb]<\/p>\n<p>Los d\u00edas 17 y\u00a018 de diciembre, el defensor p\u00fablico regional Centro Norte, Danilo Sulca, visit\u00f3 la provincia de Esmeraldas. All\u00ed mantuvo varias reuniones de trabajo e hizo visitas importantes.<\/p>\n<p>El\u00a0\u00a0primer d\u00eda, la jornada empez\u00f3 con una reuni\u00f3n de trabajo con Freddy Cuero, defensor p\u00fablico provincial. Se abord\u00f3 la situaci\u00f3n y funcionamiento de la Defensor\u00eda P\u00fablica; as\u00ed como los est\u00e1ndares de calidad, el ingreso de informaci\u00f3n al SGDP,\u00a0el manejo de expedientes y el env\u00edo mensual de informes.<\/p>\n<p>Luego, el defensor regional visit\u00f3 la Unidad Judicial Penal y la Unidad de Familia, Mujer, Ni\u00f1ez\u00a0y Adolescencia. En esta \u00faltima comparti\u00f3 con los defensores p\u00fablicos y usuarios. Se revisaron expedientes y la foliaci\u00f3n respectiva de los mismos.<\/p>\n<p>Por otro lado, el segundo d\u00eda arranc\u00f3 con una reuni\u00f3n en la oficina matriz de Esmeraldas con el personal misional. Se trataron lineamientos sobre el ingreso de las actividades al SGDP, as\u00ed tambi\u00e9n el manejo de los expedientes f\u00edsicos, el registro de bit\u00e1coras y la programaci\u00f3n de turnos. La presencia del defensor regional fue importante ya que escuch\u00f3 las necesidades de esta dependencia.<\/p>\n<p>La jornada prosigui\u00f3 con una visita al delegado provincial del Consejo de la Judicatura, Luis Ord\u00f3\u00f1ez. Se trataron los requerimientos de la Defensor\u00eda P\u00fablica, mismos que una vez solventados, permitir\u00e1n coordinar de mejor forma la realizaci\u00f3n de audiencias de flagrancia, gestionar con los jueces y operadores de justicia las audiencias se\u00f1aladas para tratar los beneficios penitenciarios y el agendamiento de forma inmediata.<\/p>\n<p>La visita a la provincia verde concluy\u00f3 con en los centros de rehabilitaci\u00f3n social. Primero, el Centro de Rehabilitaci\u00f3n Social Masculino, donde hubo una reuni\u00f3n con el director, Abd\u00f3n Villarreal. El funcionario felicit\u00f3 el trabajo conjunto con la Defensor\u00eda P\u00fablica. Y segundo,\u00a0el\u00a0Centro de Privaci\u00f3n de Libertad de Personas Adultas Femenino, donde la directora, Tanyi Mina, tambi\u00e9n destac\u00f3 el trabajo interinstitucional. En ambos centros se mantuvo contacto con las personas privadas de la libertad, y se comparti\u00f3 informaci\u00f3n sobre los servicios que presta la Defensor\u00eda P\u00fablica en materia penal.<\/p>\n<audio class=\"wp-audio-shortcode\" id=\"audio-2011-1\" preload=\"none\" style=\"width: 100%;\" controls=\"controls\"><source type=\"audio\/mpeg\" src=\"https:\/\/www.defensoria.gob.ec\/wp-content\/uploads\/2018\/12\/danilosulca.mp3?_=1\" \/><a href=\"https:\/\/www.defensoria.gob.ec\/wp-content\/uploads\/2018\/12\/danilosulca.mp3\">https:\/\/www.defensoria.gob.ec\/wp-content\/uploads\/2018\/12\/danilosulca.mp3<\/a><\/audio>\n<p>[\/et_pb_text][et_pb_gallery gallery_ids=\u00bb1971,1972,1973&#8243; posts_number=\u00bb3&#8243; _builder_version=\u00bb3.18.9&#8243;][\/et_pb_gallery][\/et_pb_column][et_pb_column type=\u00bb1_4&#8243; _builder_version=\u00bb3.18.9&#8243; parallax=\u00bboff\u00bb parallax_method=\u00bbon\u00bb][et_pb_sidebar _builder_version=\u00bb3.18.9&#8243;][\/et_pb_sidebar][\/et_pb_column][\/et_pb_row][\/et_pb_section]<\/p>\n","protected":false},"excerpt":{"rendered":"<p>Los d\u00edas 17 y\u00a018 de diciembre, el defensor p\u00fablico regional Centro Norte, Danilo Sulca, visit\u00f3 la provincia de Esmeraldas. All\u00ed mantuvo varias reuniones de trabajo e hizo visitas importantes. El\u00a0\u00a0primer [&hellip;]<\/p>\n","protected":false},"author":1,"featured_media":1971,"comment_status":"open","ping_status":"closed","template":"","meta":{"_et_pb_use_builder":"on","_et_pb_old_content":"","_et_gb_content_width":"","footnotes":""},"project_category":[8],"project_tag":[],"class_list":["post-2011","project","type-project","status-publish","has-post-thumbnail","hentry","project_category-cerca-a-ti"],"_links":{"self":[{"href":"https:\/\/www.defensoria.gob.ec\/index.php?rest_route=\/wp\/v2\/project\/2011","targetHints":{"allow":["GET"]}}],"collection":[{"href":"https:\/\/www.defensoria.gob.ec\/index.php?rest_route=\/wp\/v2\/project"}],"about":[{"href":"https:\/\/www.defensoria.gob.ec\/index.php?rest_route=\/wp\/v2\/types\/project"}],"author":[{"embeddable":true,"href":"https:\/\/www.defensoria.gob.ec\/index.php?rest_route=\/wp\/v2\/users\/1"}],"replies":[{"embeddable":true,"href":"https:\/\/www.defensoria.gob.ec\/index.php?rest_route=%2Fwp%2Fv2%2Fcomments&post=2011"}],"version-history":[{"count":0,"href":"https:\/\/www.defensoria.gob.ec\/index.php?rest_route=\/wp\/v2\/project\/2011\/revisions"}],"wp:featuredmedia":[{"embeddable":true,"href":"https:\/\/www.defensoria.gob.ec\/index.php?rest_route=\/wp\/v2\/media\/1971"}],"wp:attachment":[{"href":"https:\/\/www.defensoria.gob.ec\/index.php?rest_route=%2Fwp%2Fv2%2Fmedia&parent=2011"}],"wp:term":[{"taxonomy":"project_category","embeddable":true,"href":"https:\/\/www.defensoria.gob.ec\/index.php?rest_route=%2Fwp%2Fv2%2Fproject_category&post=2011"},{"taxonomy":"project_tag","embeddable":true,"href":"https:\/\/www.defensoria.gob.ec\/index.php?rest_route=%2Fwp%2Fv2%2Fproject_tag&post=2011"}],"curies":[{"name":"wp","href":"https:\/\/api.w.org\/{rel}","templated":true}]}}