{"id":1928,"date":"2018-12-20T18:46:07","date_gmt":"2018-12-20T18:46:07","guid":{"rendered":"https:\/\/www.defensoria.gob.ec\/?post_type=project&#038;p=1928"},"modified":"2018-12-20T18:46:09","modified_gmt":"2018-12-20T18:46:09","slug":"canar-reuniones-y-conmemoracion-de-los-derechos-humanos","status":"publish","type":"project","link":"https:\/\/www.defensoria.gob.ec\/?project=canar-reuniones-y-conmemoracion-de-los-derechos-humanos","title":{"rendered":"Ca\u00f1ar: reuniones y conmemoraci\u00f3n de los Derechos Humanos"},"content":{"rendered":"\n[et_pb_section fb_built=\u00bb1&#8243; _builder_version=\u00bb3.18.9&#8243;][et_pb_row _builder_version=\u00bb3.18.9&#8243;][et_pb_column type=\u00bb3_4&#8243; _builder_version=\u00bb3.18.9&#8243; parallax=\u00bboff\u00bb parallax_method=\u00bbon\u00bb][et_pb_post_title meta=\u00bboff\u00bb featured_image=\u00bboff\u00bb _builder_version=\u00bb3.18.9&#8243;][\/et_pb_post_title][et_pb_text text_orientation=\u00bbjustified\u00bb _builder_version=\u00bb3.18.9&#8243; text_font=\u00bb||||||||\u00bb]<p>El 12\u00a0de\u00a0diciembre,\u00a0Cristian Verdugo,\u00a0defensor p\u00fablico\u00a0provincial del Ca\u00f1ar, particip\u00f3 en el\u00a0conversatorio por la\u00a0protecci\u00f3n de los\u00a0derechos de los adultos\u00a0mayores. El evento tuvo lugar en el\u00a0Auditorio\u00a0de la\u00a0Gobernaci\u00f3n Provincial.\u00a0El tema\u00a0principal\u00a0fue la invisibilizaci\u00f3n de este grupo de atenci\u00f3n prioritaria en la sociedad. Asistieron \u00a0representantes de la Defensor\u00eda del Pueblo, Fiscal\u00eda General del Estado, Ministerio de Salud y Ministerio de Inclusi\u00f3n Econ\u00f3mica y Social (MIES).<\/p>\n<p>Por otro lado, Hortensia\u00a0Idrovo,\u00a0defensora p\u00fablica, con el apoyo de otros funcionarios, particip\u00f3 en una feria\u00a0 ciudadana, organizada por el MIES, a prop\u00f3sito del 10 de diciembre, D\u00eda de los Derechos\u00a0Humanos. El evento tuvo lugar en el edificio\u00a0del\u00a0Centro de\u00a0Atenci\u00f3n\u00a0Ciudadana, de Azogues. M\u00e1s de 20 personas fueron atendidas en temas\u00a0relacionados con\u00a0familia, mujer, ni\u00f1ez\u00a0y adolescencia y movilidad humana.<\/p>\n<p>Por la misma conmemoraci\u00f3n, Cristian Abad\u00a0Palacios, defensor p\u00fablico, fue parte del Primer Foro Acad\u00e9mico sobre Derechos Humanos en el Ecuador, organizado por la Coalici\u00f3n de Mujeres Trans.\u00a0Dicha actividad tuvo fecha el 11\u00a0de diciembre, en el sal\u00f3n de la Gobernaci\u00f3n.<\/p>\n<p>El 7\u00a0de diciembre,\u00a0Juan Carlos\u00a0Solano, defensor p\u00fablico\u00a0Regional del Austro; y Cristian\u00a0 Verdugo, defensor p\u00fablico provincial del Ca\u00f1ar; participaron en una\u00a0reuni\u00f3n con el delegado provincial del Consejo de la Judicatura. La finalidad del encuentro fue reorganizar el uso de las\u00a0oficinas de la Defensor\u00eda P\u00fablica del cant\u00f3n Ca\u00f1ar, en la Unidad Judicial\u00a0Penal.<\/p>\n[\/et_pb_text][et_pb_gallery posts_number=\u00bb3&#8243; _builder_version=\u00bb3.18.9&#8243; gallery_ids=\u00bb1889,1890,1891,1892,1893,1894,1895,1896&#8243;][\/et_pb_gallery][\/et_pb_column][et_pb_column type=\u00bb1_4&#8243; _builder_version=\u00bb3.18.9&#8243; parallax=\u00bboff\u00bb parallax_method=\u00bbon\u00bb][et_pb_sidebar _builder_version=\u00bb3.18.9&#8243;][\/et_pb_sidebar][\/et_pb_column][\/et_pb_row][\/et_pb_section]\n","protected":false},"excerpt":{"rendered":"<p>El 12\u00a0de\u00a0diciembre,\u00a0Cristian Verdugo,\u00a0defensor p\u00fablico\u00a0provincial del Ca\u00f1ar, particip\u00f3 en el\u00a0conversatorio por la\u00a0protecci\u00f3n de los\u00a0derechos de los adultos\u00a0mayores. El evento tuvo lugar en el\u00a0Auditorio\u00a0de la\u00a0Gobernaci\u00f3n Provincial.\u00a0El tema\u00a0principal\u00a0fue la invisibilizaci\u00f3n de este grupo [&hellip;]<\/p>\n","protected":false},"author":1,"featured_media":1889,"comment_status":"open","ping_status":"closed","template":"","meta":{"_et_pb_use_builder":"on","_et_pb_old_content":"","_et_gb_content_width":"","footnotes":""},"project_category":[8],"project_tag":[],"class_list":["post-1928","project","type-project","status-publish","has-post-thumbnail","hentry","project_category-cerca-a-ti"],"_links":{"self":[{"href":"https:\/\/www.defensoria.gob.ec\/index.php?rest_route=\/wp\/v2\/project\/1928","targetHints":{"allow":["GET"]}}],"collection":[{"href":"https:\/\/www.defensoria.gob.ec\/index.php?rest_route=\/wp\/v2\/project"}],"about":[{"href":"https:\/\/www.defensoria.gob.ec\/index.php?rest_route=\/wp\/v2\/types\/project"}],"author":[{"embeddable":true,"href":"https:\/\/www.defensoria.gob.ec\/index.php?rest_route=\/wp\/v2\/users\/1"}],"replies":[{"embeddable":true,"href":"https:\/\/www.defensoria.gob.ec\/index.php?rest_route=%2Fwp%2Fv2%2Fcomments&post=1928"}],"version-history":[{"count":0,"href":"https:\/\/www.defensoria.gob.ec\/index.php?rest_route=\/wp\/v2\/project\/1928\/revisions"}],"wp:featuredmedia":[{"embeddable":true,"href":"https:\/\/www.defensoria.gob.ec\/index.php?rest_route=\/wp\/v2\/media\/1889"}],"wp:attachment":[{"href":"https:\/\/www.defensoria.gob.ec\/index.php?rest_route=%2Fwp%2Fv2%2Fmedia&parent=1928"}],"wp:term":[{"taxonomy":"project_category","embeddable":true,"href":"https:\/\/www.defensoria.gob.ec\/index.php?rest_route=%2Fwp%2Fv2%2Fproject_category&post=1928"},{"taxonomy":"project_tag","embeddable":true,"href":"https:\/\/www.defensoria.gob.ec\/index.php?rest_route=%2Fwp%2Fv2%2Fproject_tag&post=1928"}],"curies":[{"name":"wp","href":"https:\/\/api.w.org\/{rel}","templated":true}]}}