{"id":1860,"date":"2018-12-18T22:24:23","date_gmt":"2018-12-18T22:24:23","guid":{"rendered":"https:\/\/www.defensoria.gob.ec\/?post_type=project&#038;p=1860"},"modified":"2018-12-18T22:24:24","modified_gmt":"2018-12-18T22:24:24","slug":"la-defensoria-publica-brinda-apoyo-a-los-familiares-de-las-personas-desaparecidas","status":"publish","type":"project","link":"https:\/\/www.defensoria.gob.ec\/?project=la-defensoria-publica-brinda-apoyo-a-los-familiares-de-las-personas-desaparecidas","title":{"rendered":"La Defensor\u00eda P\u00fablica brinda apoyo a los familiares de las personas desaparecidas"},"content":{"rendered":"\n[et_pb_section fb_built=\u00bb1&#8243; _builder_version=\u00bb3.18.7&#8243;][et_pb_row _builder_version=\u00bb3.18.7&#8243;][et_pb_column type=\u00bb3_4&#8243; _builder_version=\u00bb3.18.7&#8243; parallax=\u00bboff\u00bb parallax_method=\u00bbon\u00bb][et_pb_post_title meta=\u00bboff\u00bb featured_image=\u00bboff\u00bb _builder_version=\u00bb3.18.7&#8243;][\/et_pb_post_title][et_pb_text text_orientation=\u00bbjustified\u00bb _builder_version=\u00bb3.18.7&#8243; text_font=\u00bb||||||||\u00bb]<p><span style=\"font-size: 14px;\">El 18 de diciembre, el Defensor P\u00fablico General, Dr. \u00c1ngel Torres Machuca, recibi\u00f3 en su despacho a una comitiva de la organizaci\u00f3n Desendor, liderada por Mar\u00eda de Lourdes Mej\u00eda. Cerca de 30 familiares de personas desaparecidas plantearon sus situaciones y pidieron apoyo de la Defensor\u00eda P\u00fablica para aclarar sus casos.<\/span><\/p>\n<p>El Defensor P\u00fablico General atendi\u00f3 las inquietudes y propuestas. La mayor\u00eda de los casos de Desendor fueron derivados a la Defensor\u00eda P\u00fablica, en agosto 2018, por ello, la M\u00e1xima Autoridad, atendiendo la petici\u00f3n un\u00e1nime de las familias, se comprometi\u00f3 a hacer seguimiento y agilizar las causas. Deleg\u00f3 a Javier Villagr\u00e1n, jefe de la Unidad de V\u00edctimas, para monitorear los patrocinios y seguir avanzando. Adem\u00e1s, el Dr. Torres fue enf\u00e1tico al decir que la Instituci\u00f3n cuenta con protocolos de atenci\u00f3n especializada y que la defensa de los grupos vulnerables es la verdadera misi\u00f3n.<\/p>\n<p>Mar\u00eda de Lourdes Mej\u00eda reconoci\u00f3 la apertura de la Defensor\u00eda P\u00fablica, y expres\u00f3 el malestar que siente su organizaci\u00f3n, puesto que otras entidades gubernamentales han excluido a Desendor de eventos y reuniones importantes. \u201cMuchas veces solo se toman en cuenta los casos que tienen presencia medi\u00e1tica, cuando todos y cada uno son importantes\u201d, coment\u00f3. Los representantes denunciaron los cambios de fiscales, que embrutecen los procesos investigativos; as\u00ed tambi\u00e9n, la falta de una pol\u00edtica p\u00fablica que garantice el derecho a la vida. Aclararon que lo que buscan es el respeto del derecho a la vida, porque las desapariciones se han vuelto \u201cpan de cada d\u00eda\u201d en el pa\u00eds.<\/p>\n<p>Frente a esta situaci\u00f3n, el Dr. \u00c1ngel Torres Machuca, coment\u00f3 que uno de sus proyectos es trabajar en una normativa que establezca los par\u00e1metros de la defensa t\u00e9cnica. Siendo emp\u00e1tico con la lucha de los familiares de las personas desaparecidas, tambi\u00e9n se comprometi\u00f3 a llevar este tema a la Asamblea Nacional.<\/p>\n<p>Desendor es una organizaci\u00f3n independiente, sin fines de lucro, que re\u00fane a familiares de personas desaparecidas. Uno de sus objetivos es orientar a las familias sobre el proceso que deben seguir para hallar a sus familiares, con el soporte de las entidades gubernamentales.<\/p>\n<p>B408-2018<br \/>18-diciembre-2018<\/p>[\/et_pb_text][\/et_pb_column][et_pb_column type=\u00bb1_4&#8243; _builder_version=\u00bb3.18.7&#8243; parallax=\u00bboff\u00bb parallax_method=\u00bbon\u00bb][et_pb_sidebar _builder_version=\u00bb3.18.7&#8243;][\/et_pb_sidebar][\/et_pb_column][\/et_pb_row][\/et_pb_section]\n","protected":false},"excerpt":{"rendered":"<p>El 18 de diciembre, el Defensor P\u00fablico General, Dr. \u00c1ngel Torres Machuca, recibi\u00f3 en su despacho a una comitiva de la organizaci\u00f3n Desendor, liderada por Mar\u00eda de Lourdes Mej\u00eda. Cerca [&hellip;]<\/p>\n","protected":false},"author":1,"featured_media":1859,"comment_status":"open","ping_status":"closed","template":"","meta":{"_et_pb_use_builder":"on","_et_pb_old_content":"","_et_gb_content_width":"","footnotes":""},"project_category":[5],"project_tag":[],"class_list":["post-1860","project","type-project","status-publish","has-post-thumbnail","hentry","project_category-noticias"],"_links":{"self":[{"href":"https:\/\/www.defensoria.gob.ec\/index.php?rest_route=\/wp\/v2\/project\/1860","targetHints":{"allow":["GET"]}}],"collection":[{"href":"https:\/\/www.defensoria.gob.ec\/index.php?rest_route=\/wp\/v2\/project"}],"about":[{"href":"https:\/\/www.defensoria.gob.ec\/index.php?rest_route=\/wp\/v2\/types\/project"}],"author":[{"embeddable":true,"href":"https:\/\/www.defensoria.gob.ec\/index.php?rest_route=\/wp\/v2\/users\/1"}],"replies":[{"embeddable":true,"href":"https:\/\/www.defensoria.gob.ec\/index.php?rest_route=%2Fwp%2Fv2%2Fcomments&post=1860"}],"version-history":[{"count":0,"href":"https:\/\/www.defensoria.gob.ec\/index.php?rest_route=\/wp\/v2\/project\/1860\/revisions"}],"wp:featuredmedia":[{"embeddable":true,"href":"https:\/\/www.defensoria.gob.ec\/index.php?rest_route=\/wp\/v2\/media\/1859"}],"wp:attachment":[{"href":"https:\/\/www.defensoria.gob.ec\/index.php?rest_route=%2Fwp%2Fv2%2Fmedia&parent=1860"}],"wp:term":[{"taxonomy":"project_category","embeddable":true,"href":"https:\/\/www.defensoria.gob.ec\/index.php?rest_route=%2Fwp%2Fv2%2Fproject_category&post=1860"},{"taxonomy":"project_tag","embeddable":true,"href":"https:\/\/www.defensoria.gob.ec\/index.php?rest_route=%2Fwp%2Fv2%2Fproject_tag&post=1860"}],"curies":[{"name":"wp","href":"https:\/\/api.w.org\/{rel}","templated":true}]}}