{"id":1849,"date":"2018-12-18T21:25:45","date_gmt":"2018-12-18T21:25:45","guid":{"rendered":"https:\/\/www.defensoria.gob.ec\/?post_type=project&#038;p=1849"},"modified":"2018-12-18T21:25:47","modified_gmt":"2018-12-18T21:25:47","slug":"pichincha-la-defensoria-publica-se-une-a-la-mision-las-manuelas","status":"publish","type":"project","link":"https:\/\/www.defensoria.gob.ec\/?project=pichincha-la-defensoria-publica-se-une-a-la-mision-las-manuelas","title":{"rendered":"Pichincha: La Defensor\u00eda P\u00fablica se une a la Misi\u00f3n \u201cLas Manuelas\u201d"},"content":{"rendered":"\n[et_pb_section fb_built=\u00bb1&#8243; _builder_version=\u00bb3.18.7&#8243;][et_pb_row _builder_version=\u00bb3.18.7&#8243;][et_pb_column type=\u00bb3_4&#8243; _builder_version=\u00bb3.18.7&#8243; parallax=\u00bboff\u00bb parallax_method=\u00bbon\u00bb][et_pb_post_title meta=\u00bboff\u00bb featured_image=\u00bboff\u00bb _builder_version=\u00bb3.18.7&#8243;][\/et_pb_post_title][et_pb_text text_orientation=\u00bbjustified\u00bb _builder_version=\u00bb3.18.7&#8243; text_font=\u00bb||||||||\u00bb]<p>El 14 de diciembre, en el edificio matriz, Anah\u00ed Brice\u00f1o, defensora p\u00fablica provincial de Pichincha; y Danilo Sulca, defensor p\u00fablico Regional Centro Norte; recibieron a Mar\u00eda Amelia Espinosa, subsecretaria de la Misi\u00f3n \u201cLas Manuelas\u201d, de la Secretar\u00eda T\u00e9cnica del Plan Toda una Vida; y a dos funcionarias de comunicaci\u00f3n de esta entidad. El objetivo fue unir esfuerzos desde el \u00e1mbito jur\u00eddico y la atenci\u00f3n especializada en beneficio de los grupos de atenci\u00f3n prioritaria.<\/p>\n<p>Las partes prev\u00e9n empezar a trabajar en una hoja de ruta para que las personas no ceduladas accedan al derecho a la identidad. Existen casos de personas que a\u00fan no hamn sido registradas en el Registro Civil, por lo tanto, no poseen el documento b\u00e1sico y elemental. Anah\u00ed Brice\u00f1o record\u00f3 el caso de Juan Jos\u00e9 C., un joven con discapacidad que hace poco ni siquiera ten\u00eda registro de huellas digitales; pero que con el patrocinio de la Instituci\u00f3n, accedi\u00f3 al derecho a la identidad y obtuvo un trabajo estable en el sector p\u00fablico. \u201cRecuerdo este caso como lo m\u00e1s gratificante de mi vida profesional en la Defensor\u00eda P\u00fablica. La vida de Juan Jos\u00e9 cambi\u00f3 radicalmente\u201d, dijo la Defensor P\u00fablica Provincial de Pichincha.<\/p>\n<p>Por su parte, Amelia Espinosa, felicit\u00f3 el trabajo defensorial y propuso fijar un protocolo de acci\u00f3n entre la Defensor\u00eda P\u00fablica, la Secretar\u00eda T\u00e9cnica del Plan Toda una Vida y el Registro Civil. Coment\u00f3 que en las brigadas \u201cLas Manuelas\u201d se identifica una alta necesidad de asesor\u00eda jur\u00eddica gratuita.<\/p>\n<p>Frente a esto, Danilo Sulca puso a disposici\u00f3n los servicios misionales. As\u00ed tambi\u00e9n, el Defensor P\u00fablico Regional plante\u00f3 que la Defensor\u00eda P\u00fablica derive casos espec\u00edficos de personas con discapacidad, que han sido patrocinadas, para que sean atendidas y reciban seguimiento de la Secretar\u00eda T\u00e9cnica del Plan Toda una Vida.<\/p>\n<p>Esta reuni\u00f3n es un esfuerzo interinstitucional que permite plantear acciones para visibilizar realidades ignoradas. La Defensor\u00eda P\u00fablica se unir\u00e1 a esta Secretar\u00eda, parte del Ministerio de Inclusi\u00f3n Econ\u00f3mica y Social, MIES, en beneficio de los grupos vulnerables.<\/p>\n[\/et_pb_text][et_pb_video src=\u00bbhttps:\/\/www.defensoria.gob.ec\/wp-content\/uploads\/2018\/12\/manuelas.mp4&#8243; _builder_version=\u00bb3.18.7&#8243;][\/et_pb_video][\/et_pb_column][et_pb_column type=\u00bb1_4&#8243; _builder_version=\u00bb3.18.7&#8243; parallax=\u00bboff\u00bb parallax_method=\u00bbon\u00bb][et_pb_sidebar _builder_version=\u00bb3.18.7&#8243;][\/et_pb_sidebar][\/et_pb_column][\/et_pb_row][\/et_pb_section]\n","protected":false},"excerpt":{"rendered":"<p>El 14 de diciembre, en el edificio matriz, Anah\u00ed Brice\u00f1o, defensora p\u00fablica provincial de Pichincha; y Danilo Sulca, defensor p\u00fablico Regional Centro Norte; recibieron a Mar\u00eda Amelia Espinosa, subsecretaria de [&hellip;]<\/p>\n","protected":false},"author":1,"featured_media":1850,"comment_status":"open","ping_status":"closed","template":"","meta":{"_et_pb_use_builder":"on","_et_pb_old_content":"","_et_gb_content_width":"","footnotes":""},"project_category":[8],"project_tag":[],"class_list":["post-1849","project","type-project","status-publish","has-post-thumbnail","hentry","project_category-cerca-a-ti"],"_links":{"self":[{"href":"https:\/\/www.defensoria.gob.ec\/index.php?rest_route=\/wp\/v2\/project\/1849","targetHints":{"allow":["GET"]}}],"collection":[{"href":"https:\/\/www.defensoria.gob.ec\/index.php?rest_route=\/wp\/v2\/project"}],"about":[{"href":"https:\/\/www.defensoria.gob.ec\/index.php?rest_route=\/wp\/v2\/types\/project"}],"author":[{"embeddable":true,"href":"https:\/\/www.defensoria.gob.ec\/index.php?rest_route=\/wp\/v2\/users\/1"}],"replies":[{"embeddable":true,"href":"https:\/\/www.defensoria.gob.ec\/index.php?rest_route=%2Fwp%2Fv2%2Fcomments&post=1849"}],"version-history":[{"count":0,"href":"https:\/\/www.defensoria.gob.ec\/index.php?rest_route=\/wp\/v2\/project\/1849\/revisions"}],"wp:featuredmedia":[{"embeddable":true,"href":"https:\/\/www.defensoria.gob.ec\/index.php?rest_route=\/wp\/v2\/media\/1850"}],"wp:attachment":[{"href":"https:\/\/www.defensoria.gob.ec\/index.php?rest_route=%2Fwp%2Fv2%2Fmedia&parent=1849"}],"wp:term":[{"taxonomy":"project_category","embeddable":true,"href":"https:\/\/www.defensoria.gob.ec\/index.php?rest_route=%2Fwp%2Fv2%2Fproject_category&post=1849"},{"taxonomy":"project_tag","embeddable":true,"href":"https:\/\/www.defensoria.gob.ec\/index.php?rest_route=%2Fwp%2Fv2%2Fproject_tag&post=1849"}],"curies":[{"name":"wp","href":"https:\/\/api.w.org\/{rel}","templated":true}]}}