{"id":1811,"date":"2018-12-18T21:01:25","date_gmt":"2018-12-18T21:01:25","guid":{"rendered":"https:\/\/www.defensoria.gob.ec\/?post_type=project&#038;p=1811"},"modified":"2018-12-18T21:26:40","modified_gmt":"2018-12-18T21:26:40","slug":"guayas-conmemoracion-del-dia-internacional-de-los-derechos-humanos","status":"publish","type":"project","link":"https:\/\/www.defensoria.gob.ec\/?project=guayas-conmemoracion-del-dia-internacional-de-los-derechos-humanos","title":{"rendered":"Guayas: conmemoraci\u00f3n del D\u00eda Internacional de los Derechos Humanos"},"content":{"rendered":"<p>[et_pb_section fb_built=\u00bb1&#8243; _builder_version=\u00bb3.18.7&#8243;][et_pb_row _builder_version=\u00bb3.18.7&#8243;][et_pb_column type=\u00bb3_4&#8243; _builder_version=\u00bb3.18.7&#8243; parallax=\u00bboff\u00bb parallax_method=\u00bbon\u00bb][et_pb_post_title meta=\u00bboff\u00bb featured_image=\u00bboff\u00bb _builder_version=\u00bb3.18.7&#8243;][\/et_pb_post_title][et_pb_text _builder_version=\u00bb3.18.7&#8243; text_font=\u00bb||||||||\u00bb text_orientation=\u00bbjustified\u00bb]<\/p>\n<p>El 10 de diciembre, en la Plaza San Francisco, la Defensora P\u00fablica Regional del Litoral, Michel Portaluppi; junto a la defensora p\u00fablica provincial del Guayas, Cindy Cede\u00f1o; participaron del plant\u00f3n por el D\u00eda Internacional de los Derechos Humanos.<\/p>\n<p><span style=\"font-size: 14px;\">Durante la jornada personal misional dio a conocer los servicios que ofrece la Defensor\u00eda P\u00fablica, la misma que brinda asesor\u00eda legal t\u00e9cnica, oportuna, eficiente, eficaz y gratuita, en el patrocinio y asesor\u00eda jur\u00eddica de los derechos de las personas, en todas las materias e instancias.<\/span><\/p>\n<p><span style=\"font-size: 14px;\">Alrededor de 180 personas recibieron informaci\u00f3n en temas como: movilidad humana, demandas por alimentos, casos penales, droga, inquilinato, violencia intrafamiliar y temas laborales. Adem\u00e1s, los asistentes aprendieron sobre derechos, c\u00f3mo es el acceso a la justicia, principios de legalidad y c\u00f3mo se puede promover una cultura de paz libre de violencia.<\/span><\/p>\n<p><span style=\"font-size: 14px;\">Mientras tanto, el 6 de diciembre, Cindy Cede\u00f1o Defensora P\u00fablica provincial del Guayas; junto a Jhael Zambrano, coordinadora del \u00c0rea de V\u00edctimas; Janeth Posligua, coordinadora del \u00c0rea Social; y la defensora p\u00fablica, Mar\u00eda Auxiliadora Garc\u00eda; mantuvieron una reuni\u00f3n de trabajo con personal del Consulado Americano, ubicado en Guayaquil. Con la finalidad de conocer sobre los casos de \u00e9xito de la Instituci\u00f3n con base en convenios interinstitucionales y de restituci\u00f3n internacional de menores, seg\u00fan convenio de la Organizaci\u00f3n Hebrea para Ayuda a Inmigrantes y Refugiados (HIAS).<\/span><\/p>\n<p>Representantes del consulado americano, resaltaron la labor que realiza la Defensor\u00eda P\u00fablica, al ofrecer el acceso al pleno derecho a una defensa justa; se\u00f1alaron que no es f\u00e1cil atravesar fronteras de manera ilegal y encontrar a una Instituci\u00f3n que garantice sus derechos.<\/p>\n<p>[\/et_pb_text][et_pb_gallery gallery_ids=\u00bb1815,1812&#8243; _builder_version=\u00bb3.18.7&#8243;][\/et_pb_gallery][et_pb_video src=\u00bbhttps:\/\/www.defensoria.gob.ec\/wp-content\/uploads\/2018\/12\/guayas.mp4&#8243; _builder_version=\u00bb3.18.7&#8243;][\/et_pb_video][\/et_pb_column][et_pb_column type=\u00bb1_4&#8243; _builder_version=\u00bb3.18.7&#8243; parallax=\u00bboff\u00bb parallax_method=\u00bbon\u00bb][et_pb_sidebar _builder_version=\u00bb3.18.7&#8243;][\/et_pb_sidebar][\/et_pb_column][\/et_pb_row][\/et_pb_section]<\/p>\n","protected":false},"excerpt":{"rendered":"<p>El 10 de diciembre, en la Plaza San Francisco, la Defensora P\u00fablica Regional del Litoral, Michel Portaluppi; junto a la defensora p\u00fablica provincial del Guayas, Cindy Cede\u00f1o; participaron del plant\u00f3n [&hellip;]<\/p>\n","protected":false},"author":1,"featured_media":1812,"comment_status":"open","ping_status":"closed","template":"","meta":{"_et_pb_use_builder":"on","_et_pb_old_content":"","_et_gb_content_width":"","footnotes":""},"project_category":[8],"project_tag":[],"class_list":["post-1811","project","type-project","status-publish","has-post-thumbnail","hentry","project_category-cerca-a-ti"],"_links":{"self":[{"href":"https:\/\/www.defensoria.gob.ec\/index.php?rest_route=\/wp\/v2\/project\/1811","targetHints":{"allow":["GET"]}}],"collection":[{"href":"https:\/\/www.defensoria.gob.ec\/index.php?rest_route=\/wp\/v2\/project"}],"about":[{"href":"https:\/\/www.defensoria.gob.ec\/index.php?rest_route=\/wp\/v2\/types\/project"}],"author":[{"embeddable":true,"href":"https:\/\/www.defensoria.gob.ec\/index.php?rest_route=\/wp\/v2\/users\/1"}],"replies":[{"embeddable":true,"href":"https:\/\/www.defensoria.gob.ec\/index.php?rest_route=%2Fwp%2Fv2%2Fcomments&post=1811"}],"version-history":[{"count":0,"href":"https:\/\/www.defensoria.gob.ec\/index.php?rest_route=\/wp\/v2\/project\/1811\/revisions"}],"wp:featuredmedia":[{"embeddable":true,"href":"https:\/\/www.defensoria.gob.ec\/index.php?rest_route=\/wp\/v2\/media\/1812"}],"wp:attachment":[{"href":"https:\/\/www.defensoria.gob.ec\/index.php?rest_route=%2Fwp%2Fv2%2Fmedia&parent=1811"}],"wp:term":[{"taxonomy":"project_category","embeddable":true,"href":"https:\/\/www.defensoria.gob.ec\/index.php?rest_route=%2Fwp%2Fv2%2Fproject_category&post=1811"},{"taxonomy":"project_tag","embeddable":true,"href":"https:\/\/www.defensoria.gob.ec\/index.php?rest_route=%2Fwp%2Fv2%2Fproject_tag&post=1811"}],"curies":[{"name":"wp","href":"https:\/\/api.w.org\/{rel}","templated":true}]}}