{"id":1768,"date":"2018-12-13T21:57:09","date_gmt":"2018-12-13T21:57:09","guid":{"rendered":"https:\/\/www.defensoria.gob.ec\/?post_type=project&#038;p=1768"},"modified":"2018-12-13T21:57:09","modified_gmt":"2018-12-13T21:57:09","slug":"se-planifica-el-mejoramiento-en-la-infraestructura-de-la-defensoria-publica","status":"publish","type":"project","link":"https:\/\/www.defensoria.gob.ec\/?project=se-planifica-el-mejoramiento-en-la-infraestructura-de-la-defensoria-publica","title":{"rendered":"Se planifica el mejoramiento en la infraestructura de la Defensor\u00eda P\u00fablica"},"content":{"rendered":"<p>[et_pb_section bb_built=\u00bb1&#8243;][et_pb_row][et_pb_column type=\u00bb3_4&#8243;][et_pb_post_title _builder_version=\u00bb3.15&#8243; meta=\u00bboff\u00bb featured_image=\u00bboff\u00bb \/][et_pb_text _builder_version=\u00bb3.15&#8243; text_orientation=\u00bbjustified\u00bb]<\/p>\n<p>La Defensor\u00eda P\u00fablica y su m\u00e1ximo representante, el Dr. \u00c1ngel Torres Machuca, se han fijado como objetivo principal la mejorara sustancial de la atenci\u00f3n al usuario. En el marco del cumplimiento de este prop\u00f3sito se present\u00f3 el plan integral de remodelaci\u00f3n y adecuaci\u00f3n f\u00edsica, que asegura un adecuado acceso de la ciudadan\u00eda a los servicios jur\u00eddicos ofertados.<\/p>\n<p>El plan fue discutido, este 13 de diciembre, en el despacho del Defensor P\u00fablico General, con otras autoridades, como el Coordinador Nacional de Gesti\u00f3n de la Defensa P\u00fablica, Dr. Ricardo Morales. Entre las acciones que contempla el plan est\u00e1n las de realizar la construcci\u00f3n y\/o mejoramiento de la infraestructura a nivel nacional, as\u00ed como dotar de equipamiento y mobiliario a la Red Defensorial en todo el pa\u00eds. Todo esto dentro del proceso integral de cambio promovido en la administraci\u00f3n del Dr. Torres Machuca.<\/p>\n<p>B405-2018<br \/>\n13-diciembre-2018<\/p>\n<p>[\/et_pb_text][et_pb_gallery _builder_version=\u00bb3.15&#8243; gallery_ids=\u00bb1769&#8243; zoom_icon_color=\u00bb#00a3c1&#8243; hover_overlay_color=\u00bbrgba(255,255,255,0.9)\u00bb \/][\/et_pb_column][et_pb_column type=\u00bb1_4&#8243;][et_pb_sidebar _builder_version=\u00bb3.15&#8243; area=\u00bbsidebar-1&#8243; \/][\/et_pb_column][\/et_pb_row][\/et_pb_section]<\/p>\n","protected":false},"excerpt":{"rendered":"<p><div class=\"et_pb_row et_pb_row_0 et_pb_row_empty\">\n\t\t\t\t\n\t\t\t\t\n\t\t\t\t\n\t\t\t\t\n\t\t\t\t\n\t\t\t<\/div> La Defensor\u00eda P\u00fablica y su m\u00e1ximo representante, el Dr. \u00c1ngel Torres Machuca, se han fijado como objetivo principal la mejorara sustancial de la atenci\u00f3n al usuario. En el marco [&hellip;]<\/p>\n","protected":false},"author":1,"featured_media":1769,"comment_status":"open","ping_status":"closed","template":"","meta":{"_et_pb_use_builder":"on","_et_pb_old_content":"","_et_gb_content_width":"","footnotes":""},"project_category":[5],"project_tag":[],"class_list":["post-1768","project","type-project","status-publish","has-post-thumbnail","hentry","project_category-noticias"],"_links":{"self":[{"href":"https:\/\/www.defensoria.gob.ec\/index.php?rest_route=\/wp\/v2\/project\/1768","targetHints":{"allow":["GET"]}}],"collection":[{"href":"https:\/\/www.defensoria.gob.ec\/index.php?rest_route=\/wp\/v2\/project"}],"about":[{"href":"https:\/\/www.defensoria.gob.ec\/index.php?rest_route=\/wp\/v2\/types\/project"}],"author":[{"embeddable":true,"href":"https:\/\/www.defensoria.gob.ec\/index.php?rest_route=\/wp\/v2\/users\/1"}],"replies":[{"embeddable":true,"href":"https:\/\/www.defensoria.gob.ec\/index.php?rest_route=%2Fwp%2Fv2%2Fcomments&post=1768"}],"version-history":[{"count":0,"href":"https:\/\/www.defensoria.gob.ec\/index.php?rest_route=\/wp\/v2\/project\/1768\/revisions"}],"wp:featuredmedia":[{"embeddable":true,"href":"https:\/\/www.defensoria.gob.ec\/index.php?rest_route=\/wp\/v2\/media\/1769"}],"wp:attachment":[{"href":"https:\/\/www.defensoria.gob.ec\/index.php?rest_route=%2Fwp%2Fv2%2Fmedia&parent=1768"}],"wp:term":[{"taxonomy":"project_category","embeddable":true,"href":"https:\/\/www.defensoria.gob.ec\/index.php?rest_route=%2Fwp%2Fv2%2Fproject_category&post=1768"},{"taxonomy":"project_tag","embeddable":true,"href":"https:\/\/www.defensoria.gob.ec\/index.php?rest_route=%2Fwp%2Fv2%2Fproject_tag&post=1768"}],"curies":[{"name":"wp","href":"https:\/\/api.w.org\/{rel}","templated":true}]}}