{"id":1756,"date":"2018-12-13T21:32:06","date_gmt":"2018-12-13T21:32:06","guid":{"rendered":"https:\/\/www.defensoria.gob.ec\/?post_type=project&#038;p=1756"},"modified":"2018-12-13T21:32:06","modified_gmt":"2018-12-13T21:32:06","slug":"regional-del-austro-visitas-a-pastaza-y-morona-santiago","status":"publish","type":"project","link":"https:\/\/www.defensoria.gob.ec\/?project=regional-del-austro-visitas-a-pastaza-y-morona-santiago","title":{"rendered":"Regional del Austro: visitas a Pastaza y Morona Santiago"},"content":{"rendered":"<p>[et_pb_section bb_built=\u00bb1&#8243;][et_pb_row][et_pb_column type=\u00bb3_4&#8243;][et_pb_post_title _builder_version=\u00bb3.15&#8243; meta=\u00bboff\u00bb featured_image=\u00bboff\u00bb \/][et_pb_text _builder_version=\u00bb3.15&#8243; text_orientation=\u00bbjustified\u00bb]<\/p>\n<p>Entre el 3 y 5 de diciembre el Defensor P\u00fablico Regional del Austro, Juan Carlos Solano, visit\u00f3 las provincias de Pastaza y Morona Santiago.<\/p>\n<p>El 3 de diciembre, inici\u00f3 su agenda en Pastaza,\u00a0con una reuni\u00f3n con el\u00a0defensor provincial de Pastaza, Luis \u00c1lvarez, para analizar la situaci\u00f3n y el posicionamiento de la instituci\u00f3n, que cuenta con un espacio adecuado en el Complejo Judicial del Puyo, que permite coordinar audiencias y patrocinios.<\/p>\n<p>Adem\u00e1s, revis\u00f3 la aplicaci\u00f3n de est\u00e1ndares de calidad para medir de manera cuantitativa y cualitativa el trabajo de los defensores p\u00fablicos; las metas propuestas por la provincia, para el mejoramiento del servicio con una defensa de calidad; y, realiz\u00f3 la revisi\u00f3n de expedientes del archivo f\u00edsico de la Instituci\u00f3n.<\/p>\n<p>En la tarde, visit\u00f3 el Centro de Detenci\u00f3n Provisional del Puyo, donde constat\u00f3 la existencia de hacinamiento en esta c\u00e1rcel, en la que no solo se encuentran personas con prisi\u00f3n preventiva sino tambi\u00e9n aquellas que cumplen condena por violaci\u00f3n, homicidio y otros delitos. Adem\u00e1s, observ\u00f3 que hay mujeres cumpliendo penas privativas de libertad con sus hijos menores de edad.<\/p>\n<p>Durante el di\u00e1logo con las personas privadas de la libertad,\u00a0Juan Solano confirm\u00f3 la necesidad de que se implementen jueces de garant\u00edas penitenciarias en el Puyo, ya que el CDP del Puyo al no poseer la categor\u00eda de Centro de Rehabilitaci\u00f3n Social, los jueces no tramitan dichas garant\u00edas. El tema ser\u00e1 abordado en la mesa de justicia.<\/p>\n<p>Mientras tanto, el 4 de diciembre, Juan Carlos\u00a0Solano y el defensor provincial, Luis \u00c1lvarez; se reunieron con el Presidente de la Corte Provincial, donde abord\u00f3 la necesidad de que se incorpore a la Defensor\u00eda P\u00fablica en las mesas de justicia, ya que desde hace tres meses no se le ha invitado a la instituci\u00f3n. El objetivo es resolver la falta de atenci\u00f3n a las personas privadas de la libertad en el Centro de Rehabilitaci\u00f3n Social del Puyo.<\/p>\n<p>Por la tarde, las autoridades de la Defensor\u00eda P\u00fablica junto a los defensores p\u00fablicos de Pastaza analizaron la importancia\u00a0de la teor\u00eda del caso, aspectos dogm\u00e1ticos y de procedimiento de la flagrancia, formulaci\u00f3n de cargos y la prisi\u00f3n preventiva.<\/p>\n<p>Por otra parte, el 5\u00a0de diciembre, el\u00a0Defensor P\u00fablico\u00a0\u00a0Regional\u00a0del Austro, Juan Carlos Solano,\u00a0arrib\u00f3 a\u00a0Morona Santiago, su primera actividad fue una reuni\u00f3n con el defensor p\u00fablico provincial, Jos\u00e9 Sarmiento, para conocer el trabajo que se desarrolla en esta localidad.<\/p>\n<p>Por la tarde, ambas autoridades mantuvieron una reuni\u00f3n interinstitucional con la Presidenta de la Corte Provincial de Justicia de Morona Santiago, el Fiscal y el delegado del Director del Consejo de la Judicatura, con el fin de plantear la necesidad de ampliar los servicios de la Instituci\u00f3n.<\/p>\n<p>En la reuni\u00f3n, el representante del Consejo de la Judicatura dio una respuesta positiva para facilitar un espacio f\u00edsico a la Defensor\u00eda P\u00fablica en el\u00a0\u00a0Complejo Judicial de la ciudad de Macas, luego de las adecuaciones necesarias. Para efectivizar esta propuesta se prev\u00e9 suscribir\u00a0un convenio interinstitucional.<\/p>\n<p>En este espacio f\u00edsico, de aproximadamente 90 metros cuadrados, laborar\u00edan los defensores p\u00fablicos de Morona Santiago, de las \u00e1reaa de social y penal. Lo cual es necesario, ya que existe mucha distancia entre las actuales oficinas de la Instituci\u00f3n en la ciudad de Macas, se\u00f1al\u00f3 el Defensor P\u00fablico Regional del\u00a0Austro, Juan Carlos\u00a0Solano.<\/p>\n<p>As\u00ed mismo, se conoci\u00f3 que en la Unidad Judicial Multicompetente de Gualaquiza se entreg\u00f3 un espacio para la Defensor\u00eda P\u00fablica; adem\u00e1s, la Fiscal Provincial ofreci\u00f3 un lugar en el edificio de M\u00e9ndez para que el Defensor P\u00fablico pueda usarlo, luego de las adecuaciones correspondientes.<\/p>\n<p>Seguidamente, Juan Carlos Solano, Defensor P\u00fablico Regional del Austro, junto a Jos\u00e9 Sarmiento, defensor provincial, mantuvieron una reuni\u00f3n de trabajo con el director del Centro de Rehabilitaci\u00f3n Social de Macas, V\u00edctor Villareal, con quien abordaron los temas relacionados con el traslado de las personas privadas de libertad del Puyo al Centro de Rehabilitaci\u00f3n Social de Macas; y, la aplicaci\u00f3n de las garant\u00edas penitenciarias en la que cuenta con el apoyo de los defensores p\u00fablicos de Morona Santiago.<\/p>\n<p>Para concluir su agenda en Morona Santiago, Juan Carlos Solano se reuni\u00f3 con el personal\u00a0misional y administrativo de la Defensor\u00eda P\u00fablica de la provincia con quienes abord\u00f3 la necesidad de aplicar est\u00e1ndares de calidad, en los\u00a0\u00a0patrocinios en las materias penal y social; y particip\u00f3 del taller conversatorio sobre la importancia de la teor\u00eda del caso en materia penal, aspectos dogm\u00e1ticos y de procedimiento de la flagrancia, formulaci\u00f3n de cargos y la prisi\u00f3n preventiva.<\/p>\n<audio class=\"wp-audio-shortcode\" id=\"audio-1756-1\" preload=\"none\" style=\"width: 100%;\" controls=\"controls\"><source type=\"audio\/mpeg\" src=\"https:\/\/www.defensoria.gob.ec\/wp-content\/uploads\/2018\/12\/pastaza_austro.mp3?_=1\" \/><a href=\"https:\/\/www.defensoria.gob.ec\/wp-content\/uploads\/2018\/12\/pastaza_austro.mp3\">https:\/\/www.defensoria.gob.ec\/wp-content\/uploads\/2018\/12\/pastaza_austro.mp3<\/a><\/audio>\n<p>[\/et_pb_text][et_pb_gallery _builder_version=\u00bb3.15&#8243; gallery_ids=\u00bb1758,1759,1760,1761,1762,1763,1764,1765,1766&#8243; zoom_icon_color=\u00bb#00a3c1&#8243; hover_overlay_color=\u00bbrgba(255,255,255,0.9)\u00bb \/][\/et_pb_column][et_pb_column type=\u00bb1_4&#8243;][et_pb_sidebar _builder_version=\u00bb3.15&#8243; area=\u00bbsidebar-1&#8243; \/][\/et_pb_column][\/et_pb_row][\/et_pb_section]<\/p>\n","protected":false},"excerpt":{"rendered":"<p><div class=\"et_pb_row et_pb_row_0 et_pb_row_empty\">\n\t\t\t\t\n\t\t\t\t\n\t\t\t\t\n\t\t\t\t\n\t\t\t\t\n\t\t\t<\/div> Entre el 3 y 5 de diciembre el Defensor P\u00fablico Regional del Austro, Juan Carlos Solano, visit\u00f3 las provincias de Pastaza y Morona Santiago. El 3 de diciembre, inici\u00f3 [&hellip;]<\/p>\n","protected":false},"author":1,"featured_media":1758,"comment_status":"open","ping_status":"closed","template":"","meta":{"_et_pb_use_builder":"on","_et_pb_old_content":"","_et_gb_content_width":"","footnotes":""},"project_category":[8],"project_tag":[],"class_list":["post-1756","project","type-project","status-publish","has-post-thumbnail","hentry","project_category-cerca-a-ti"],"_links":{"self":[{"href":"https:\/\/www.defensoria.gob.ec\/index.php?rest_route=\/wp\/v2\/project\/1756","targetHints":{"allow":["GET"]}}],"collection":[{"href":"https:\/\/www.defensoria.gob.ec\/index.php?rest_route=\/wp\/v2\/project"}],"about":[{"href":"https:\/\/www.defensoria.gob.ec\/index.php?rest_route=\/wp\/v2\/types\/project"}],"author":[{"embeddable":true,"href":"https:\/\/www.defensoria.gob.ec\/index.php?rest_route=\/wp\/v2\/users\/1"}],"replies":[{"embeddable":true,"href":"https:\/\/www.defensoria.gob.ec\/index.php?rest_route=%2Fwp%2Fv2%2Fcomments&post=1756"}],"version-history":[{"count":0,"href":"https:\/\/www.defensoria.gob.ec\/index.php?rest_route=\/wp\/v2\/project\/1756\/revisions"}],"wp:featuredmedia":[{"embeddable":true,"href":"https:\/\/www.defensoria.gob.ec\/index.php?rest_route=\/wp\/v2\/media\/1758"}],"wp:attachment":[{"href":"https:\/\/www.defensoria.gob.ec\/index.php?rest_route=%2Fwp%2Fv2%2Fmedia&parent=1756"}],"wp:term":[{"taxonomy":"project_category","embeddable":true,"href":"https:\/\/www.defensoria.gob.ec\/index.php?rest_route=%2Fwp%2Fv2%2Fproject_category&post=1756"},{"taxonomy":"project_tag","embeddable":true,"href":"https:\/\/www.defensoria.gob.ec\/index.php?rest_route=%2Fwp%2Fv2%2Fproject_tag&post=1756"}],"curies":[{"name":"wp","href":"https:\/\/api.w.org\/{rel}","templated":true}]}}