{"id":1639,"date":"2018-12-06T17:35:47","date_gmt":"2018-12-06T17:35:47","guid":{"rendered":"https:\/\/www.defensoria.gob.ec\/?post_type=project&#038;p=1639"},"modified":"2018-12-06T17:36:00","modified_gmt":"2018-12-06T17:36:00","slug":"guayas-jovenes-reciben-informacion-de-violencia-y-acoso","status":"publish","type":"project","link":"https:\/\/www.defensoria.gob.ec\/?project=guayas-jovenes-reciben-informacion-de-violencia-y-acoso","title":{"rendered":"Guayas: j\u00f3venes reciben informaci\u00f3n de violencia y acoso"},"content":{"rendered":"<p>[et_pb_section bb_built=\u00bb1&#8243;][et_pb_row][et_pb_column type=\u00bb3_4&#8243;][et_pb_post_title _builder_version=\u00bb3.15&#8243; meta=\u00bboff\u00bb featured_image=\u00bboff\u00bb \/][et_pb_text _builder_version=\u00bb3.15&#8243; text_orientation=\u00bbjustified\u00bb]<\/p>\n<p>El 30 de noviembre, Jhael Zambrano, jefa del \u00e1rea de v\u00edctimas de la Defensor\u00eda P\u00fablica del Guayas, junto a Daniela Mantilla, defensora p\u00fablica, brindaron una charla sobre los servicios de la Instituci\u00f3n en el Colegio Mercantil de la ciudad de Guayaquil, 200 alumnos de segundo y tercero de bachillerato participaron de este encuentro. Este espacio permiti\u00f3 al equipo t\u00e9cnico hablar sobre violencia intrafamiliar, psicol\u00f3gica, acoso y abuso sexual.<\/p>\n<p>Durante la jornada se manifest\u00f3 la importancia del respeto en el \u00e1mbito familiar y escolar, enfatizando la necesidad de no callar ante un maltrato.<\/p>\n<p>Adem\u00e1s, el 21 de noviembre, el Ab. Roberto Gaibor, defensor p\u00fablico del cant\u00f3n Milagro, brind\u00f3 una charla a 180 estudiantes de la Unidad Educativa San Francisco de Milagro, conocieron los servicios de la Defensor\u00eda P\u00fablica, durante la jornada abordaron temas relacionados con demandas por alimentos, violencia, drogas, delitos sexuales y acoso. El defensor durante el encuentro enfatiz\u00f3 a los j\u00f3venes permanecer alertas con las redes sociales, detectar a tiempo mensajes ofensivos, as\u00ed como t\u00e9rminos en los que atenten contra la integridad; se\u00f1alando que deben denunciar.<\/p>\n<p>[\/et_pb_text][et_pb_gallery _builder_version=\u00bb3.15&#8243; gallery_ids=\u00bb1640,1641&#8243; posts_number=\u00bb3&#8243; zoom_icon_color=\u00bb#00a3c1&#8243; hover_overlay_color=\u00bbrgba(255,255,255,0.9)\u00bb \/][\/et_pb_column][et_pb_column type=\u00bb1_4&#8243;][et_pb_sidebar _builder_version=\u00bb3.15&#8243; area=\u00bbsidebar-1&#8243; \/][\/et_pb_column][\/et_pb_row][\/et_pb_section]<\/p>\n","protected":false},"excerpt":{"rendered":"<p><div class=\"et_pb_row et_pb_row_0 et_pb_row_empty\">\n\t\t\t\t\n\t\t\t\t\n\t\t\t\t\n\t\t\t\t\n\t\t\t\t\n\t\t\t<\/div> El 30 de noviembre, Jhael Zambrano, jefa del \u00e1rea de v\u00edctimas de la Defensor\u00eda P\u00fablica del Guayas, junto a Daniela Mantilla, defensora p\u00fablica, brindaron una charla sobre los servicios [&hellip;]<\/p>\n","protected":false},"author":1,"featured_media":1640,"comment_status":"open","ping_status":"closed","template":"","meta":{"_et_pb_use_builder":"on","_et_pb_old_content":"","_et_gb_content_width":"","footnotes":""},"project_category":[8],"project_tag":[],"class_list":["post-1639","project","type-project","status-publish","has-post-thumbnail","hentry","project_category-cerca-a-ti"],"_links":{"self":[{"href":"https:\/\/www.defensoria.gob.ec\/index.php?rest_route=\/wp\/v2\/project\/1639","targetHints":{"allow":["GET"]}}],"collection":[{"href":"https:\/\/www.defensoria.gob.ec\/index.php?rest_route=\/wp\/v2\/project"}],"about":[{"href":"https:\/\/www.defensoria.gob.ec\/index.php?rest_route=\/wp\/v2\/types\/project"}],"author":[{"embeddable":true,"href":"https:\/\/www.defensoria.gob.ec\/index.php?rest_route=\/wp\/v2\/users\/1"}],"replies":[{"embeddable":true,"href":"https:\/\/www.defensoria.gob.ec\/index.php?rest_route=%2Fwp%2Fv2%2Fcomments&post=1639"}],"version-history":[{"count":0,"href":"https:\/\/www.defensoria.gob.ec\/index.php?rest_route=\/wp\/v2\/project\/1639\/revisions"}],"wp:featuredmedia":[{"embeddable":true,"href":"https:\/\/www.defensoria.gob.ec\/index.php?rest_route=\/wp\/v2\/media\/1640"}],"wp:attachment":[{"href":"https:\/\/www.defensoria.gob.ec\/index.php?rest_route=%2Fwp%2Fv2%2Fmedia&parent=1639"}],"wp:term":[{"taxonomy":"project_category","embeddable":true,"href":"https:\/\/www.defensoria.gob.ec\/index.php?rest_route=%2Fwp%2Fv2%2Fproject_category&post=1639"},{"taxonomy":"project_tag","embeddable":true,"href":"https:\/\/www.defensoria.gob.ec\/index.php?rest_route=%2Fwp%2Fv2%2Fproject_tag&post=1639"}],"curies":[{"name":"wp","href":"https:\/\/api.w.org\/{rel}","templated":true}]}}