{"id":1547,"date":"2018-11-30T19:30:05","date_gmt":"2018-11-30T19:30:05","guid":{"rendered":"https:\/\/www.defensoria.gob.ec\/?post_type=project&#038;p=1547"},"modified":"2018-11-30T19:30:05","modified_gmt":"2018-11-30T19:30:05","slug":"las-defensorias-moviles-ofrecen-sus-servicios-en-ruminahui","status":"publish","type":"project","link":"https:\/\/www.defensoria.gob.ec\/?project=las-defensorias-moviles-ofrecen-sus-servicios-en-ruminahui","title":{"rendered":"Las Defensor\u00edas M\u00f3viles ofrecen sus servicios en Rumi\u00f1ahui"},"content":{"rendered":"<p>[et_pb_section bb_built=\u00bb1&#8243;][et_pb_row][et_pb_column type=\u00bb3_4&#8243;][et_pb_post_title _builder_version=\u00bb3.15&#8243; meta=\u00bboff\u00bb featured_image=\u00bboff\u00bb \/][et_pb_text _builder_version=\u00bb3.15&#8243; text_orientation=\u00bbjustified\u00bb]<\/p>\n<p>El trabajo de las Defensor\u00edas M\u00f3viles se intensifica, en esta ocasi\u00f3n las unidades se trasladaron al cant\u00f3n Rumi\u00f1ahui, provincia de Pichincha, donde las asistentes legales Priscila Aguilar y Solanda Balcazar atender\u00e1n las inquietudes de los usuarios, desde el 28 de noviembre hasta el 2 de diciembre, de 08:00 a 16:00.<\/p>\n<p>En los primeros d\u00edas de estad\u00eda en esta localidad, las materias, frecuentemente, m\u00e1s consultadas fueron: inquilinato, tierras, alimentos, tr\u00e1nsito y divorcios, explic\u00f3 la abogada Aguilar.<\/p>\n<p>Las dos unidades de las Defensor\u00edas M\u00f3viles atender\u00e1n a los usuarios de Rumi\u00f1ahui de acuerdo con el siguiente cronograma:<\/p>\n<table style=\"height: 250px;\" width=\"100%\">\n<tbody>\n<tr>\n<td width=\"146\">\n<p style=\"text-align: center;\"><strong>FECHA<\/strong><\/p>\n<\/td>\n<td width=\"259\">\n<p style=\"text-align: center;\"><strong>LUGAR<\/strong><\/p>\n<\/td>\n<\/tr>\n<tr>\n<td width=\"146\">Jueves\u00a029 de noviembre<\/td>\n<td width=\"259\">San Pedro de Taboada y\u00a0Plazoleta Municipal de Sangolqu\u00ed<\/td>\n<\/tr>\n<tr>\n<td width=\"146\">Viernes\u00a030 de noviembre<\/td>\n<td width=\"259\">Selva Alegre y\u00a0Barrio Ter\u00e1n<\/td>\n<\/tr>\n<tr>\n<td width=\"146\">S\u00e1bado\u00a001 de diciembre<\/td>\n<td width=\"259\">Fajardo y\u00a0Rumipamba<\/td>\n<\/tr>\n<tr>\n<td width=\"146\">Domingo\u00a002 de diciembre<\/td>\n<td width=\"259\">Plazoleta Municipal de Sangolqu\u00ed y\u00a0\u00a0Cotogchoa\/Parque Central<\/td>\n<\/tr>\n<\/tbody>\n<\/table>\n<p>El trabajo que est\u00e1n realizando las Defensor\u00edas M\u00f3viles es el resultado de una coordinaci\u00f3n con el Gobierno Aut\u00f3nomo Descentralizado del cant\u00f3n Rumi\u00f1ahui, con el fin de acercar los servicios de la Defensor\u00eda P\u00fablica a la ciudadan\u00eda, para garantizar el acceso a la justicia.<\/p>\n<p>[\/et_pb_text][\/et_pb_column][et_pb_column type=\u00bb1_4&#8243;][et_pb_sidebar _builder_version=\u00bb3.15&#8243; area=\u00bbsidebar-1&#8243; \/][\/et_pb_column][\/et_pb_row][\/et_pb_section]<\/p>\n","protected":false},"excerpt":{"rendered":"<p><div class=\"et_pb_row et_pb_row_0 et_pb_row_empty\">\n\t\t\t\t\n\t\t\t\t\n\t\t\t\t\n\t\t\t\t\n\t\t\t\t\n\t\t\t<\/div> El trabajo de las Defensor\u00edas M\u00f3viles se intensifica, en esta ocasi\u00f3n las unidades se trasladaron al cant\u00f3n Rumi\u00f1ahui, provincia de Pichincha, donde las asistentes legales Priscila Aguilar y Solanda [&hellip;]<\/p>\n","protected":false},"author":1,"featured_media":1548,"comment_status":"open","ping_status":"closed","template":"","meta":{"_et_pb_use_builder":"on","_et_pb_old_content":"","_et_gb_content_width":"","footnotes":""},"project_category":[12],"project_tag":[],"class_list":["post-1547","project","type-project","status-publish","has-post-thumbnail","hentry","project_category-defensorias-moviles"],"_links":{"self":[{"href":"https:\/\/www.defensoria.gob.ec\/index.php?rest_route=\/wp\/v2\/project\/1547","targetHints":{"allow":["GET"]}}],"collection":[{"href":"https:\/\/www.defensoria.gob.ec\/index.php?rest_route=\/wp\/v2\/project"}],"about":[{"href":"https:\/\/www.defensoria.gob.ec\/index.php?rest_route=\/wp\/v2\/types\/project"}],"author":[{"embeddable":true,"href":"https:\/\/www.defensoria.gob.ec\/index.php?rest_route=\/wp\/v2\/users\/1"}],"replies":[{"embeddable":true,"href":"https:\/\/www.defensoria.gob.ec\/index.php?rest_route=%2Fwp%2Fv2%2Fcomments&post=1547"}],"version-history":[{"count":0,"href":"https:\/\/www.defensoria.gob.ec\/index.php?rest_route=\/wp\/v2\/project\/1547\/revisions"}],"wp:featuredmedia":[{"embeddable":true,"href":"https:\/\/www.defensoria.gob.ec\/index.php?rest_route=\/wp\/v2\/media\/1548"}],"wp:attachment":[{"href":"https:\/\/www.defensoria.gob.ec\/index.php?rest_route=%2Fwp%2Fv2%2Fmedia&parent=1547"}],"wp:term":[{"taxonomy":"project_category","embeddable":true,"href":"https:\/\/www.defensoria.gob.ec\/index.php?rest_route=%2Fwp%2Fv2%2Fproject_category&post=1547"},{"taxonomy":"project_tag","embeddable":true,"href":"https:\/\/www.defensoria.gob.ec\/index.php?rest_route=%2Fwp%2Fv2%2Fproject_tag&post=1547"}],"curies":[{"name":"wp","href":"https:\/\/api.w.org\/{rel}","templated":true}]}}